{"id":27,"date":"2024-02-21T21:35:43","date_gmt":"2024-02-21T20:35:43","guid":{"rendered":"https:\/\/concept-tree.com\/chaumiere\/?page_id=27"},"modified":"2024-03-28T14:35:26","modified_gmt":"2024-03-28T13:35:26","slug":"agenda","status":"publish","type":"page","link":"https:\/\/concept-tree.com\/chaumiere\/agenda\/","title":{"rendered":"L&rsquo;agenda de la Chaumi\u00e8re"},"content":{"rendered":"<div class=\"wpb-content-wrapper\"><p>[vc_row][vc_column][vc_column_text]C&rsquo;est ici que tout se passe ! Vous trouverez ci-dessous toutes les activit\u00e9s d\u00e9j\u00e0 planifi\u00e9es \u00e0 notre belle Chaumi\u00e8re! Les diff\u00e9rentes activit\u00e9s sont r\u00e9parties selon 3 cat\u00e9gories:<\/p>\n<ul>\n<li><span class=\"simcal-event-title\" style=\"color: #000000;\">En noir :<\/span> les heures d&rsquo;ouverture du bar de la Chaumi\u00e8re.<\/li>\n<li><span class=\"simcal-event-title\" style=\"color: #e0b066;\">En jaune:<\/span> les activit\u00e9s organis\u00e9es par la Chaumi\u00e8re. Ces activit\u00e9s ont lieu pendant les heures d&rsquo;ouverture du bar (qui reste ouvert \u00e0 tous), et sont \u00e0 entr\u00e9e libre. Ces activit\u00e9s seront toujours en lien direct avec <a href=\"https:\/\/concept-tree.com\/chaumiere\/projet\/\">les valeurs de la Chaumi\u00e8re<\/a>.<\/li>\n<li><span class=\"simcal-event-title\" style=\"color: #448fb7;\">En bleu:<\/span> les activit\u00e9s organis\u00e9s au sein de la Chaumi\u00e8re par d&rsquo;autres associations ou personnes. V\u00e9rifiez la fiche de l&rsquo;activitit\u00e9 pour tous les d\u00e9tails<\/li>\n<\/ul>\n<p>Contactez-nous pour toute question ou pour organiser votre propre \u00e9v\u00e9nement!<\/p>\n<div class=\"simcal-calendar simcal-default-calendar simcal-default-calendar-grid simcal-default-calendar-light\" data-calendar-id=\"2585\" data-timezone=\"Europe\/Brussels\" data-offset=\"7200\" data-week-start=\"1\" data-calendar-start=\"1788213600\" data-calendar-end=\"1818702000\" data-events-first=\"1785934800\" data-events-last=\"1818702000\">\n\t\t\t\n            <table class=\"simcal-calendar-grid\"\n                   data-event-bubble-trigger=\"hover\">\n                <thead class=\"simcal-calendar-head\">\n                <tr>\n\t\t\t\t\t                        <th class=\"simcal-nav simcal-prev-wrapper\" colspan=\"1\">\n                            <button class=\"simcal-nav-button simcal-month-nav simcal-prev\" title=\"Previous Month\"><i class=\"simcal-icon-left\"><\/i><\/button>\n                        <\/th>\n\t\t\t\t\t                    <th colspan=\"5\"\n                        class=\"simcal-nav simcal-current\"\n                        data-calendar-current=\"1788213600\">\n\t\t\t\t\t\t<h3> <span class=\"simcal-current-month\">ao\u00fbt<\/span>  <span class=\"simcal-current-year\">2026<\/span> <\/h3>                    <\/th>\n\t\t\t\t\t                        <th class=\"simcal-nav simcal-next-wrapper\" colspan=\"1\">\n                            <button class=\"simcal-nav-button simcal-month-nav simcal-next\" title=\"Next Month\"><i class=\"simcal-icon-right\"><\/i><\/button>\n                        <\/th>\n\t\t\t\t\t                <\/tr>\n                <tr>\n\t\t\t\t\t                        <th class=\"simcal-week-day simcal-week-day-1\"\n                            data-screen-small=\"l\"\n                            data-screen-medium=\"lun\"\n                            data-screen-large=\"lundi\">lun<\/th>\n\t\t\t\t\t\t                        <th class=\"simcal-week-day simcal-week-day-2\"\n                            data-screen-small=\"m\"\n                            data-screen-medium=\"mar\"\n                            data-screen-large=\"mardi\">mar<\/th>\n\t\t\t\t\t\t                        <th class=\"simcal-week-day simcal-week-day-3\"\n                            data-screen-small=\"m\"\n                            data-screen-medium=\"mer\"\n                            data-screen-large=\"mercredi\">mer<\/th>\n\t\t\t\t\t\t                        <th class=\"simcal-week-day simcal-week-day-4\"\n                            data-screen-small=\"j\"\n                            data-screen-medium=\"jeu\"\n                            data-screen-large=\"jeudi\">jeu<\/th>\n\t\t\t\t\t\t                        <th class=\"simcal-week-day simcal-week-day-5\"\n                            data-screen-small=\"v\"\n                            data-screen-medium=\"ven\"\n                            data-screen-large=\"vendredi\">ven<\/th>\n\t\t\t\t\t\t                        <th class=\"simcal-week-day simcal-week-day-6\"\n                            data-screen-small=\"s\"\n                            data-screen-medium=\"sam\"\n                            data-screen-large=\"samedi\">sam<\/th>\n\t\t\t\t\t\t                            <th class=\"simcal-week-day simcal-week-day-0\"\n                                data-screen-small=\"d\"\n                                data-screen-medium=\"dim\"\n                                data-screen-large=\"dimanche\">dim<\/th>\n\t\t\t\t\t\t\t                <\/tr>\n                <\/thead>\n\n\t\t\t\t<tbody class=\"simcal-month simcal-month-8\">\n\t<tr class=\"simcal-week simcal-week-31\"><td class=\"simcal-day simcal-day-void \"><\/td>\n<td class=\"simcal-day simcal-day-void \"><\/td>\n<td class=\"simcal-day simcal-day-void \"><\/td>\n<td class=\"simcal-day simcal-day-void \"><\/td>\n<td class=\"simcal-day simcal-day-void simcal-day-void-last\"><\/td>\n<td class=\"simcal-day-1 simcal-weekday-6 simcal-past simcal-day\" data-events-count=\"0\">\n\t<div>\n\t\t<span class=\"simcal-day-label simcal-day-number\">1<\/span>\n\t\t<span class=\"simcal-no-events\"><\/span>\n\t\t<span class=\"simcal-events-dots\" style=\"display: none;\"><\/span>\n\t<\/div>\n<\/td>\n<td class=\"simcal-day-2 simcal-weekday-0 simcal-past simcal-day\" data-events-count=\"0\">\n\t<div>\n\t\t<span class=\"simcal-day-label simcal-day-number\">2<\/span>\n\t\t<span class=\"simcal-no-events\"><\/span>\n\t\t<span class=\"simcal-events-dots\" style=\"display: none;\"><\/span>\n\t<\/div>\n<\/td>\n<\/tr><tr class=\"simcal-week simcal-week-31\">\n<td class=\"simcal-day-3 simcal-weekday-1 simcal-past simcal-day\" data-events-count=\"0\">\n\t<div>\n\t\t<span class=\"simcal-day-label simcal-day-number\">3<\/span>\n\t\t<span class=\"simcal-no-events\"><\/span>\n\t\t<span class=\"simcal-events-dots\" style=\"display: none;\"><\/span>\n\t<\/div>\n<\/td>\n<td class=\"simcal-day-4 simcal-weekday-2 simcal-past simcal-day\" data-events-count=\"0\">\n\t<div>\n\t\t<span class=\"simcal-day-label simcal-day-number\">4<\/span>\n\t\t<span class=\"simcal-no-events\"><\/span>\n\t\t<span class=\"simcal-events-dots\" style=\"display: none;\"><\/span>\n\t<\/div>\n<\/td>\n<td class=\"simcal-day-5 simcal-weekday-3 simcal-past simcal-day simcal-day-has-events simcal-day-has-1-events simcal-events-calendar-25\" data-events-count=\"1\">\n\t<div>\n\t\t<span class=\"simcal-day-label simcal-day-number\" style=\"background-color: #fdca2b; color: #000000\">5<\/span>\n\t\t<ul class=\"simcal-events\">\t<li class=\"simcal-event simcal-event-recurring simcal-events-calendar-25 simcal-tooltip\" itemscope itemtype=\"http:\/\/schema.org\/Event\">\n\t\t<span class=\"simcal-event-title\" style=\"color:#e0b066\">FERME - Pause estivale<br\/> 15:00- 17:30<\/span>\n\t\t<div class=\"simcal-event-details simcal-tooltip-content\" style=\"display: none;\"><p><strong><span class=\"simcal-event-title\" itemprop=\"name\">FERME - Pause estivale<\/span><\/strong><\/p>\n<p><span class=\"simcal-event-start simcal-event-start-date\" data-event-start=\"1785934800\" data-event-format=\"j F Y\" itemprop=\"startDate\" content=\"2026-08-05T15:00:00+02:00\">5 ao\u00fbt 2026<\/span>&nbsp;&nbsp;<span class=\"simcal-event-start simcal-event-start-time\" data-event-start=\"1785934800\" data-event-format=\"H:i\" itemprop=\"startDate\" content=\"2026-08-05T15:00:00+02:00\">15:00<\/span> - <span class=\"simcal-event-end simcal-event-end-time\" data-event-end=\"1785943800\" data-event-format=\"H:i\" itemprop=\"endDate\" content=\"2026-08-05T17:30:00+02:00\">17:30<\/span><br \/>\n <span class=\"simcal-event-address simcal-event-start-location\" itemprop=\"location\" itemscope itemtype=\"http:\/\/schema.org\/Place\"><meta itemprop=\"name\" content=\"FERME - Pause estivale\" \/><meta itemprop=\"address\" content=\"FERME - Pause estivale\" \/><\/span><\/p>\n<div><div class=\"simcal-event-description\" itemprop=\"description\"><b>Pause estivale<\/b> pour les b\u00e9n\u00e9voles et la coordination <b>entre le 18 juillet et le 19 ao\u00fbt <\/b>!\u00a0<br><br>Le bar sera <b>ferm\u00e9 les mercredis et les vendredis. Nous maintenons les ouvertures du jeudi de 16h30 \u00e0 19h pour les mini-march\u00e9s<\/b>, en prolongeant le plaisir en fonction des d\u00e9sirs \ud83d\ude42<br><br>Certaines activit\u00e9s seront \u00e0 l&#039;arr\u00eat, d&#039;autres planifi\u00e9es \u00e0 l&#039;agenda auront bien lieu durant cette p\u00e9riode.<\/div><\/div><\/div>\n\t<\/li>\n<\/ul>\n\n\t\t<span class=\"simcal-events-dots\" style=\"display: none;\"><b style=\"color: #000;\"> &bull; <\/b><\/span>\n\t<\/div>\n<\/td>\n<td class=\"simcal-day-6 simcal-weekday-4 simcal-past simcal-day simcal-day-has-events simcal-day-has-3-events simcal-events-calendar-2587 simcal-events-calendar-25\" data-events-count=\"3\">\n\t<div>\n\t\t<span class=\"simcal-day-label simcal-day-number\" style=\"background-color: #fdca2b; color: #000000\">6<\/span>\n\t\t<ul class=\"simcal-events\">\t<li class=\"simcal-event simcal-events-calendar-2587 simcal-tooltip\" itemscope itemtype=\"http:\/\/schema.org\/Event\">\n\t\t<span class=\"simcal-event-title\" style=\"color:#448fb7\">Stage - Application des techniques de musicoth\u00e9rapie<br\/> 09:30- 18:00<\/span>\n\t\t<div class=\"simcal-event-details simcal-tooltip-content\" style=\"display: none;\"><p><strong><span class=\"simcal-event-title\" itemprop=\"name\">Stage - Application des techniques de musicoth\u00e9rapie<\/span><\/strong><\/p>\n<p><span class=\"simcal-event-start simcal-event-start-date\" data-event-start=\"1786001400\" data-event-format=\"j F Y\" itemprop=\"startDate\" content=\"2026-08-06T09:30:00+02:00\">6 ao\u00fbt 2026<\/span>&nbsp;&nbsp;<span class=\"simcal-event-start simcal-event-start-time\" data-event-start=\"1786001400\" data-event-format=\"H:i\" itemprop=\"startDate\" content=\"2026-08-06T09:30:00+02:00\">09:30<\/span> - <span class=\"simcal-event-end simcal-event-end-time\" data-event-end=\"1786032000\" data-event-format=\"H:i\" itemprop=\"endDate\" content=\"2026-08-06T18:00:00+02:00\">18:00<\/span><br \/>\n <span class=\"simcal-event-address simcal-event-start-location\" itemprop=\"location\" itemscope itemtype=\"http:\/\/schema.org\/Place\"><meta itemprop=\"name\" content=\"Stage - Application des techniques de musicoth\u00e9rapie\" \/><meta itemprop=\"address\" content=\"Stage - Application des techniques de musicoth\u00e9rapie\" \/><\/span><\/p>\n<div><div class=\"simcal-event-description\" itemprop=\"description\"><p><b>Avec Sophie d'Udekem, infirmi\u00e8re et musicoth\u00e9rapeute.\u00a0<\/b><\/p>\n<p>La musicoth\u00e9rapie s'appuie sur le concept d'isolement et a pour objectif premier l'ouverture des canaux de communications, elle s'adresse \u00e0 des personnes en souffrance extr\u00eame car communiquant de fa\u00e7on peu compr\u00e9hensible. Cet objectif est \u00e9largi \u00e0 la recherche d'un mieux-\u00eatre, l'am\u00e9lioration d'une situation d'handicap, nous parlerons alors d'applications des techniques de musicoth\u00e9rapie. Ces applications qui s'adressent \u00e0 divers cat\u00e9gories de personnes ont diff\u00e9rents objectifs :<\/p>\n<\/p>\n<ul>\n<li>favoriser l'attention<\/li>\n<li>l'\u00e9coute, la m\u00e9morisation, la conscience de soi, l'\u00e9change, l'occupation de l'espace<\/li>\n<li>mise en mouvement, l'imagination, l'expression instrumentale, gestuelle et vocale, aller vers la d\u00e9tente.<\/li>\n<\/ul>\n<p>Ce stage met en acte ces diff\u00e9rents objectifs \u00e0 travers diverses situations, dans divers contextes avec comme outil le son, le rythme, le geste, la voix, le mouvement, la m\u00e9lodie, les vibrations, l'harmonie et la musique elle-m\u00eame.<\/p>\n<p>Il touche donc des professionnels dans un domaine assez vaste : action sociale, musique, sant\u00e9, enseignement, et ouvre pour ceux-ci la possibilit\u00e9 d'approfondir leur recherche, d'\u00e9laborer des projets et peut-\u00eatre d'\u00e9largir leur action.<\/p>\n<p><b>Horaire :<\/b> 9h30-12h30, 13h30-18h<\/p>\n<p><b>Places limit\u00e9es<\/b><\/p>\n<p><b>Prix\u00a0: Personne Physique\u00a0:<\/b> <span>1<\/span><span>50<\/span><span>\u20ac ;\u00a0<\/span><b>Entreprise\u00a0:<\/b> <span>2<\/span><span>70<\/span><span>\u20ac<\/span><\/p>\n<p><span><b>Inscription n\u00e9cessaire:\u00a0<\/b><\/span><a href=\"https:\/\/amgx.be\/formations\/26\" target=\"_blank\">https:\/\/amgx.be\/formations\/26<\/a><\/p>\n<\/div><\/div>\n<p> <a href=\"https:\/\/www.google.com\/calendar\/event?eid=NjBzbWNlOW9jOWk2OGI5aGNnczNpYjlrY2dzM2liOW83NHM2Y2I5aWNncTY4b2hqNzBxMzJwMW1jNCBmMzE3ZDkzYjQwMTcwMTlhMmIzOGY1NmJkYjA1NGVkZWNkMWZiZmQxMWM4N2U2MzhmOWFmNWRlNzgyMjY4NjM1QGc&#038;ctz=Europe\/Brussels\" target=\"_blank\" >See more details<\/a><\/p><\/div>\n\t<\/li>\n\t<li class=\"simcal-event simcal-event-recurring simcal-events-calendar-25 simcal-tooltip\" itemscope itemtype=\"http:\/\/schema.org\/Event\">\n\t\t<span class=\"simcal-event-title\" style=\"color:#e0b066\">Mini March\u00e9<br\/> 16:30- 19:00<\/span>\n\t\t<div class=\"simcal-event-details simcal-tooltip-content\" style=\"display: none;\"><p><strong><span class=\"simcal-event-title\" itemprop=\"name\">Mini March\u00e9<\/span><\/strong><\/p>\n<p><span class=\"simcal-event-start simcal-event-start-date\" data-event-start=\"1786026600\" data-event-format=\"j F Y\" itemprop=\"startDate\" content=\"2026-08-06T16:30:00+02:00\">6 ao\u00fbt 2026<\/span>&nbsp;&nbsp;<span class=\"simcal-event-start simcal-event-start-time\" data-event-start=\"1786026600\" data-event-format=\"H:i\" itemprop=\"startDate\" content=\"2026-08-06T16:30:00+02:00\">16:30<\/span> - <span class=\"simcal-event-end simcal-event-end-time\" data-event-end=\"1786035600\" data-event-format=\"H:i\" itemprop=\"endDate\" content=\"2026-08-06T19:00:00+02:00\">19:00<\/span><br \/>\n <span class=\"simcal-event-address simcal-event-start-location\" itemprop=\"location\" itemscope itemtype=\"http:\/\/schema.org\/Place\"><meta itemprop=\"name\" content=\"Mini March\u00e9\" \/><meta itemprop=\"address\" content=\"Mini March\u00e9\" \/><\/span><\/p>\n<div><div class=\"simcal-event-description\" itemprop=\"description\"><span><br><span>\ud83e\udd6c<\/span><span>\ud83c\udf4e<\/span><span>\ud83c\udf5e<\/span> Pains, fruits, l\u00e9gumes, \u0153ufs, beurre, fromages... rejoignez-nous tous les jeudis pour faire vos courses, boire un verre et rencontrer les producteurs ! <br>Retrouvez des produits frais chaque semaine, et d\u00e9couvrez-en d'autres occasionnellement pour vous fournir en miel, artisanat et autres produits locaux.<a href=\"https:\/\/link.deezer.com\/s\/33nTG98Xc7FaRgkGViQtO?fbclid=IwZXh0bgNhZW0CMTAAYnJpZBEwTW9Oc1hKR3BkYmVCWE1kMHNydGMGYXBwX2lkEDIyMjAzOTE3ODgyMDA4OTIAAR7X5BuyTLQICj9lmqf6W1etMB3LBQD_YJi98sOC4yKTR8c8QhwyAQ4Dn6m6Ow_aem_Wt7TBruTOdCRqtEX47E1pA\" target=\"_blank\"><br><\/a><br>Producteur, vous souhaitez y participer ? Nous vous invitons \u00e0 remplir ce court formulaire et nous vous recontacterons: <a href=\"https:\/\/framaforms.org\/participation-au-mini-marche-de-la-chaumiere-1778504180?fbclid=IwZXh0bgNhZW0CMTAAYnJpZBEwTW9Oc1hKR3BkYmVCWE1kMHNydGMGYXBwX2lkEDIyMjAzOTE3ODgyMDA4OTIAAR6bMlQKgCIjgQXid3v415mF-XD61X8_uFkz5s1LjrOtOiJFoX5FQa9bR2tYpg_aem_pzBdrVmFdYcIiw5-4vT1bg\" target=\"_blank\">https:\/\/framaforms.org\/participation-au-mini-marche-de-la...<br><br><\/a><br>\ud835\udc0f\ud835\udc2b\ud835\udc1e\ud835\udc27\ud835\udc1e\ud835\udc33 \ud835\udc2f\ud835\udc28\ud835\udc2c \ud835\udc29\ud835\udc1a\ud835\udc27\ud835\udc22\ud835\udc1e\ud835\udc2b\ud835\udc2c, \ud835\udc28\ud835\udc27 \ud835\udc2c\ud835\udc1e \ud835\udc2b\ud835\udc1e\u0301\ud835\udc23\ud835\udc28\ud835\udc2e\ud835\udc22\ud835\udc2d \ud835\udc1d\ud835\udc1e \ud835\udc2f\ud835\udc28\ud835\udc2e\ud835\udc2c \ud835\udc32 \ud835\udc2b\ud835\udc1e\ud835\udc27\ud835\udc1c\ud835\udc28\ud835\udc27\ud835\udc2d\ud835\udc2b\ud835\udc1e\ud835\udc2b ! <br>----------<\/span><\/div><\/div><\/div>\n\t<\/li>\n\t<li class=\"simcal-event simcal-event-recurring simcal-events-calendar-25 simcal-tooltip\" itemscope itemtype=\"http:\/\/schema.org\/Event\">\n\t\t<span class=\"simcal-event-title\" style=\"color:#e0b066\">Whist<br\/> 18:00- 19:00<\/span>\n\t\t<div class=\"simcal-event-details simcal-tooltip-content\" style=\"display: none;\"><p><strong><span class=\"simcal-event-title\" itemprop=\"name\">Whist<\/span><\/strong><\/p>\n<p><span class=\"simcal-event-start simcal-event-start-date\" data-event-start=\"1786032000\" data-event-format=\"j F Y\" itemprop=\"startDate\" content=\"2026-08-06T18:00:00+02:00\">6 ao\u00fbt 2026<\/span>&nbsp;&nbsp;<span class=\"simcal-event-start simcal-event-start-time\" data-event-start=\"1786032000\" data-event-format=\"H:i\" itemprop=\"startDate\" content=\"2026-08-06T18:00:00+02:00\">18:00<\/span> - <span class=\"simcal-event-end simcal-event-end-time\" data-event-end=\"1786035600\" data-event-format=\"H:i\" itemprop=\"endDate\" content=\"2026-08-06T19:00:00+02:00\">19:00<\/span><br \/>\n <span class=\"simcal-event-address simcal-event-start-location\" itemprop=\"location\" itemscope itemtype=\"http:\/\/schema.org\/Place\"><meta itemprop=\"name\" content=\"Whist\" \/><meta itemprop=\"address\" content=\"Whist\" \/><\/span><\/p>\n<div><div class=\"simcal-event-description\" itemprop=\"description\"><span><span>Joueurs exp\u00e9riment\u00e9s ou novices, rejoignez la table d&#039;amateurs de Whist chaque jeudi d\u00e8s 18h !<\/span><\/span><\/div><\/div><\/div>\n\t<\/li>\n<\/ul>\n\n\t\t<span class=\"simcal-events-dots\" style=\"display: none;\"><b style=\"color: #000;\"> &bull; <\/b><b style=\"color: #000;\"> &bull; <\/b><b style=\"color: #000;\"> &bull; <\/b><\/span>\n\t<\/div>\n<\/td>\n<td class=\"simcal-day-7 simcal-weekday-5 simcal-past simcal-day simcal-day-has-events simcal-day-has-2-events simcal-events-calendar-2587 simcal-events-calendar-25\" data-events-count=\"2\">\n\t<div>\n\t\t<span class=\"simcal-day-label simcal-day-number\" style=\"background-color: #fdca2b; color: #000000\">7<\/span>\n\t\t<ul class=\"simcal-events\">\t<li class=\"simcal-event simcal-events-calendar-2587 simcal-tooltip\" itemscope itemtype=\"http:\/\/schema.org\/Event\">\n\t\t<span class=\"simcal-event-title\" style=\"color:#448fb7\">Stage - Application des techniques de musicoth\u00e9rapie<br\/> 09:30- 18:00<\/span>\n\t\t<div class=\"simcal-event-details simcal-tooltip-content\" style=\"display: none;\"><p><strong><span class=\"simcal-event-title\" itemprop=\"name\">Stage - Application des techniques de musicoth\u00e9rapie<\/span><\/strong><\/p>\n<p><span class=\"simcal-event-start simcal-event-start-date\" data-event-start=\"1786087800\" data-event-format=\"j F Y\" itemprop=\"startDate\" content=\"2026-08-07T09:30:00+02:00\">7 ao\u00fbt 2026<\/span>&nbsp;&nbsp;<span class=\"simcal-event-start simcal-event-start-time\" data-event-start=\"1786087800\" data-event-format=\"H:i\" itemprop=\"startDate\" content=\"2026-08-07T09:30:00+02:00\">09:30<\/span> - <span class=\"simcal-event-end simcal-event-end-time\" data-event-end=\"1786118400\" data-event-format=\"H:i\" itemprop=\"endDate\" content=\"2026-08-07T18:00:00+02:00\">18:00<\/span><br \/>\n <span class=\"simcal-event-address simcal-event-start-location\" itemprop=\"location\" itemscope itemtype=\"http:\/\/schema.org\/Place\"><meta itemprop=\"name\" content=\"Stage - Application des techniques de musicoth\u00e9rapie\" \/><meta itemprop=\"address\" content=\"Stage - Application des techniques de musicoth\u00e9rapie\" \/><\/span><\/p>\n<div><div class=\"simcal-event-description\" itemprop=\"description\"><p><b>Avec Sophie d&#039;Udekem, infirmi\u00e8re et musicoth\u00e9rapeute.\u00a0<\/b><\/p>\n<p>La musicoth\u00e9rapie s&#039;appuie sur le concept d&#039;isolement et a pour objectif premier l&#039;ouverture des canaux de communications, elle s&#039;adresse \u00e0 des personnes en souffrance extr\u00eame car communiquant de fa\u00e7on peu compr\u00e9hensible. Cet objectif est \u00e9largi \u00e0 la recherche d&#039;un mieux-\u00eatre, l&#039;am\u00e9lioration d&#039;une situation d&#039;handicap, nous parlerons alors d&#039;applications des techniques de musicoth\u00e9rapie. Ces applications qui s&#039;adressent \u00e0 divers cat\u00e9gories de personnes ont diff\u00e9rents objectifs :<\/p>\n<\/p>\n<p> <\/p>\n<ul>\n<li>favoriser l&#039;attention<\/li>\n<li>l&#039;\u00e9coute, la m\u00e9morisation, la conscience de soi, l&#039;\u00e9change, l&#039;occupation de l&#039;espace<\/li>\n<li>mise en mouvement, l&#039;imagination, l&#039;expression instrumentale, gestuelle et vocale, aller vers la d\u00e9tente.<\/li>\n<\/ul>\n<p>Ce stage met en acte ces diff\u00e9rents objectifs \u00e0 travers diverses situations, dans divers contextes avec comme outil le son, le rythme, le geste, la voix, le mouvement, la m\u00e9lodie, les vibrations, l&#039;harmonie et la musique elle-m\u00eame.<\/p>\n<p>Il touche donc des professionnels dans un domaine assez vaste : action sociale, musique, sant\u00e9, enseignement, et ouvre pour ceux-ci la possibilit\u00e9 d&#039;approfondir leur recherche, d&#039;\u00e9laborer des projets et peut-\u00eatre d&#039;\u00e9largir leur action.<\/p>\n<p><b>Horaire :<\/b> 9h30-12h30, 13h30-18h<\/p>\n<p><b>Places limit\u00e9es<\/b><\/p>\n<p><b>Prix\u00a0: Personne Physique\u00a0:<\/b> <span>1<\/span><span>50<\/span><span>\u20ac ;\u00a0<\/span><b>Entreprise\u00a0:<\/b> <span>2<\/span><span>70<\/span><span>\u20ac<\/span><\/p>\n<p><span><b>Inscription n\u00e9cessaire:\u00a0<\/b><\/span><a href=\"https:\/\/www.google.com\/url?q=https:\/\/amgx.be\/formations\/26&amp;sa=D&amp;source=calendar&amp;usd=2&amp;usg=AOvVaw25wp4U8loXzpJixhAky3mt\" target=\"_blank\">https:\/\/amgx.be\/formations\/26<\/a><\/p>\n<\/div><\/div>\n<p> <a href=\"https:\/\/www.google.com\/calendar\/event?eid=MXYyMjEwaGF2b2x0YzNqbmNuOTdnZThmZmUgZjMxN2Q5M2I0MDE3MDE5YTJiMzhmNTZiZGIwNTRlZGVjZDFmYmZkMTFjODdlNjM4ZjlhZjVkZTc4MjI2ODYzNUBn&#038;ctz=Europe\/Brussels\" target=\"_blank\" >See more details<\/a><\/p><\/div>\n\t<\/li>\n\t<li class=\"simcal-event simcal-event-recurring simcal-events-calendar-25 simcal-tooltip\" itemscope itemtype=\"http:\/\/schema.org\/Event\">\n\t\t<span class=\"simcal-event-title\" style=\"color:#e0b066\">FERME - Pause estivale<br\/> 18:00- 22:00<\/span>\n\t\t<div class=\"simcal-event-details simcal-tooltip-content\" style=\"display: none;\"><p><strong><span class=\"simcal-event-title\" itemprop=\"name\">FERME - Pause estivale<\/span><\/strong><\/p>\n<p><span class=\"simcal-event-start simcal-event-start-date\" data-event-start=\"1786118400\" data-event-format=\"j F Y\" itemprop=\"startDate\" content=\"2026-08-07T18:00:00+02:00\">7 ao\u00fbt 2026<\/span>&nbsp;&nbsp;<span class=\"simcal-event-start simcal-event-start-time\" data-event-start=\"1786118400\" data-event-format=\"H:i\" itemprop=\"startDate\" content=\"2026-08-07T18:00:00+02:00\">18:00<\/span> - <span class=\"simcal-event-end simcal-event-end-time\" data-event-end=\"1786132800\" data-event-format=\"H:i\" itemprop=\"endDate\" content=\"2026-08-07T22:00:00+02:00\">22:00<\/span><br \/>\n <span class=\"simcal-event-address simcal-event-start-location\" itemprop=\"location\" itemscope itemtype=\"http:\/\/schema.org\/Place\"><meta itemprop=\"name\" content=\"FERME - Pause estivale\" \/><meta itemprop=\"address\" content=\"FERME - Pause estivale\" \/><\/span><\/p>\n<div><div class=\"simcal-event-description\" itemprop=\"description\"><b>Pause estivale<\/b> pour les b\u00e9n\u00e9voles et la coordination <b>entre le 18 juillet et le 19 ao\u00fbt <\/b>!\u00a0<br><br>Le bar sera <b>ferm\u00e9 les mercredis et les vendredis. Nous maintenons les ouvertures du jeudi de 16h30 \u00e0 19h pour les mini-march\u00e9s<\/b>, en prolongeant le plaisir en fonction des d\u00e9sirs \ud83d\ude42<br><br>Certaines activit\u00e9s seront \u00e0 l&#039;arr\u00eat, d&#039;autres planifi\u00e9es \u00e0 l&#039;agenda auront bien lieu durant cette p\u00e9riode.<\/div><\/div><\/div>\n\t<\/li>\n<\/ul>\n\n\t\t<span class=\"simcal-events-dots\" style=\"display: none;\"><b style=\"color: #000;\"> &bull; <\/b><b style=\"color: #000;\"> &bull; <\/b><\/span>\n\t<\/div>\n<\/td>\n<td class=\"simcal-day-8 simcal-weekday-6 simcal-past simcal-day simcal-day-has-events simcal-day-has-1-events simcal-events-calendar-2587\" data-events-count=\"1\">\n\t<div>\n\t\t<span class=\"simcal-day-label simcal-day-number\" style=\"background-color: #fdca2b; color: #000000\">8<\/span>\n\t\t<ul class=\"simcal-events\">\t<li class=\"simcal-event simcal-events-calendar-2587 simcal-tooltip\" itemscope itemtype=\"http:\/\/schema.org\/Event\">\n\t\t<span class=\"simcal-event-title\" style=\"color:#448fb7\">Stage - Application des techniques de musicoth\u00e9rapie<br\/> 09:30- 18:00<\/span>\n\t\t<div class=\"simcal-event-details simcal-tooltip-content\" style=\"display: none;\"><p><strong><span class=\"simcal-event-title\" itemprop=\"name\">Stage - Application des techniques de musicoth\u00e9rapie<\/span><\/strong><\/p>\n<p><span class=\"simcal-event-start simcal-event-start-date\" data-event-start=\"1786174200\" data-event-format=\"j F Y\" itemprop=\"startDate\" content=\"2026-08-08T09:30:00+02:00\">8 ao\u00fbt 2026<\/span>&nbsp;&nbsp;<span class=\"simcal-event-start simcal-event-start-time\" data-event-start=\"1786174200\" data-event-format=\"H:i\" itemprop=\"startDate\" content=\"2026-08-08T09:30:00+02:00\">09:30<\/span> - <span class=\"simcal-event-end simcal-event-end-time\" data-event-end=\"1786204800\" data-event-format=\"H:i\" itemprop=\"endDate\" content=\"2026-08-08T18:00:00+02:00\">18:00<\/span><br \/>\n <span class=\"simcal-event-address simcal-event-start-location\" itemprop=\"location\" itemscope itemtype=\"http:\/\/schema.org\/Place\"><meta itemprop=\"name\" content=\"Stage - Application des techniques de musicoth\u00e9rapie\" \/><meta itemprop=\"address\" content=\"Stage - Application des techniques de musicoth\u00e9rapie\" \/><\/span><\/p>\n<div><div class=\"simcal-event-description\" itemprop=\"description\"><p><b>Avec Sophie d&#039;Udekem, infirmi\u00e8re et musicoth\u00e9rapeute.\u00a0<\/b><\/p>\n<p>La musicoth\u00e9rapie s&#039;appuie sur le concept d&#039;isolement et a pour objectif premier l&#039;ouverture des canaux de communications, elle s&#039;adresse \u00e0 des personnes en souffrance extr\u00eame car communiquant de fa\u00e7on peu compr\u00e9hensible. Cet objectif est \u00e9largi \u00e0 la recherche d&#039;un mieux-\u00eatre, l&#039;am\u00e9lioration d&#039;une situation d&#039;handicap, nous parlerons alors d&#039;applications des techniques de musicoth\u00e9rapie. Ces applications qui s&#039;adressent \u00e0 divers cat\u00e9gories de personnes ont diff\u00e9rents objectifs :<\/p>\n<\/p>\n<p> <\/p>\n<ul>\n<li>favoriser l&#039;attention<\/li>\n<li>l&#039;\u00e9coute, la m\u00e9morisation, la conscience de soi, l&#039;\u00e9change, l&#039;occupation de l&#039;espace<\/li>\n<li>mise en mouvement, l&#039;imagination, l&#039;expression instrumentale, gestuelle et vocale, aller vers la d\u00e9tente.<\/li>\n<\/ul>\n<p>Ce stage met en acte ces diff\u00e9rents objectifs \u00e0 travers diverses situations, dans divers contextes avec comme outil le son, le rythme, le geste, la voix, le mouvement, la m\u00e9lodie, les vibrations, l&#039;harmonie et la musique elle-m\u00eame.<\/p>\n<p>Il touche donc des professionnels dans un domaine assez vaste : action sociale, musique, sant\u00e9, enseignement, et ouvre pour ceux-ci la possibilit\u00e9 d&#039;approfondir leur recherche, d&#039;\u00e9laborer des projets et peut-\u00eatre d&#039;\u00e9largir leur action.<\/p>\n<p><b>Horaire :<\/b> 9h30-12h30, 13h30-18h<\/p>\n<p><b>Places limit\u00e9es<\/b><\/p>\n<p><b>Prix\u00a0: Personne Physique\u00a0:<\/b> <span>1<\/span><span>50<\/span><span>\u20ac ;\u00a0<\/span><b>Entreprise\u00a0:<\/b> <span>2<\/span><span>70<\/span><span>\u20ac<\/span><\/p>\n<p><span><b>Inscription n\u00e9cessaire:\u00a0<\/b><\/span><a href=\"https:\/\/www.google.com\/url?q=https:\/\/amgx.be\/formations\/26&amp;sa=D&amp;source=calendar&amp;usd=2&amp;usg=AOvVaw25wp4U8loXzpJixhAky3mt\" target=\"_blank\">https:\/\/amgx.be\/formations\/26<\/a><\/p>\n<\/div><\/div>\n<p> <a href=\"https:\/\/www.google.com\/calendar\/event?eid=NTYzc3F1YTBncWZ1N2NrczVlbG1nb2NpZWogZjMxN2Q5M2I0MDE3MDE5YTJiMzhmNTZiZGIwNTRlZGVjZDFmYmZkMTFjODdlNjM4ZjlhZjVkZTc4MjI2ODYzNUBn&#038;ctz=Europe\/Brussels\" target=\"_blank\" >See more details<\/a><\/p><\/div>\n\t<\/li>\n<\/ul>\n\n\t\t<span class=\"simcal-events-dots\" style=\"display: none;\"><b style=\"color: #000;\"> &bull; <\/b><\/span>\n\t<\/div>\n<\/td>\n<td class=\"simcal-day-9 simcal-weekday-0 simcal-past simcal-day simcal-day-has-events simcal-day-has-1-events simcal-events-calendar-2587\" data-events-count=\"1\">\n\t<div>\n\t\t<span class=\"simcal-day-label simcal-day-number\" style=\"background-color: #fdca2b; color: #000000\">9<\/span>\n\t\t<ul class=\"simcal-events\">\t<li class=\"simcal-event simcal-events-calendar-2587 simcal-tooltip\" itemscope itemtype=\"http:\/\/schema.org\/Event\">\n\t\t<span class=\"simcal-event-title\" style=\"color:#448fb7\">Stage - Application des techniques de musicoth\u00e9rapie<br\/> 09:30- 18:00<\/span>\n\t\t<div class=\"simcal-event-details simcal-tooltip-content\" style=\"display: none;\"><p><strong><span class=\"simcal-event-title\" itemprop=\"name\">Stage - Application des techniques de musicoth\u00e9rapie<\/span><\/strong><\/p>\n<p><span class=\"simcal-event-start simcal-event-start-date\" data-event-start=\"1786260600\" data-event-format=\"j F Y\" itemprop=\"startDate\" content=\"2026-08-09T09:30:00+02:00\">9 ao\u00fbt 2026<\/span>&nbsp;&nbsp;<span class=\"simcal-event-start simcal-event-start-time\" data-event-start=\"1786260600\" data-event-format=\"H:i\" itemprop=\"startDate\" content=\"2026-08-09T09:30:00+02:00\">09:30<\/span> - <span class=\"simcal-event-end simcal-event-end-time\" data-event-end=\"1786291200\" data-event-format=\"H:i\" itemprop=\"endDate\" content=\"2026-08-09T18:00:00+02:00\">18:00<\/span><br \/>\n <span class=\"simcal-event-address simcal-event-start-location\" itemprop=\"location\" itemscope itemtype=\"http:\/\/schema.org\/Place\"><meta itemprop=\"name\" content=\"Stage - Application des techniques de musicoth\u00e9rapie\" \/><meta itemprop=\"address\" content=\"Stage - Application des techniques de musicoth\u00e9rapie\" \/><\/span><\/p>\n<div><div class=\"simcal-event-description\" itemprop=\"description\"><p><b>Avec Sophie d&#039;Udekem, infirmi\u00e8re et musicoth\u00e9rapeute.\u00a0<\/b><\/p>\n<p>La musicoth\u00e9rapie s&#039;appuie sur le concept d&#039;isolement et a pour objectif premier l&#039;ouverture des canaux de communications, elle s&#039;adresse \u00e0 des personnes en souffrance extr\u00eame car communiquant de fa\u00e7on peu compr\u00e9hensible. Cet objectif est \u00e9largi \u00e0 la recherche d&#039;un mieux-\u00eatre, l&#039;am\u00e9lioration d&#039;une situation d&#039;handicap, nous parlerons alors d&#039;applications des techniques de musicoth\u00e9rapie. Ces applications qui s&#039;adressent \u00e0 divers cat\u00e9gories de personnes ont diff\u00e9rents objectifs :<\/p>\n<\/p>\n<p> <\/p>\n<ul>\n<li>favoriser l&#039;attention<\/li>\n<li>l&#039;\u00e9coute, la m\u00e9morisation, la conscience de soi, l&#039;\u00e9change, l&#039;occupation de l&#039;espace<\/li>\n<li>mise en mouvement, l&#039;imagination, l&#039;expression instrumentale, gestuelle et vocale, aller vers la d\u00e9tente.<\/li>\n<\/ul>\n<p>Ce stage met en acte ces diff\u00e9rents objectifs \u00e0 travers diverses situations, dans divers contextes avec comme outil le son, le rythme, le geste, la voix, le mouvement, la m\u00e9lodie, les vibrations, l&#039;harmonie et la musique elle-m\u00eame.<\/p>\n<p>Il touche donc des professionnels dans un domaine assez vaste : action sociale, musique, sant\u00e9, enseignement, et ouvre pour ceux-ci la possibilit\u00e9 d&#039;approfondir leur recherche, d&#039;\u00e9laborer des projets et peut-\u00eatre d&#039;\u00e9largir leur action.<\/p>\n<p><b>Horaire :<\/b> 9h30-12h30, 13h30-18h<\/p>\n<p><b>Places limit\u00e9es<\/b><\/p>\n<p><b>Prix\u00a0: Personne Physique\u00a0:<\/b> <span>1<\/span><span>50<\/span><span>\u20ac ;\u00a0<\/span><b>Entreprise\u00a0:<\/b> <span>2<\/span><span>70<\/span><span>\u20ac<\/span><\/p>\n<p><span><b>Inscription n\u00e9cessaire:\u00a0<\/b><\/span><a href=\"https:\/\/www.google.com\/url?q=https:\/\/amgx.be\/formations\/26&amp;sa=D&amp;source=calendar&amp;usd=2&amp;usg=AOvVaw25wp4U8loXzpJixhAky3mt\" target=\"_blank\">https:\/\/amgx.be\/formations\/26<\/a><\/p>\n<\/div><\/div>\n<p> <a href=\"https:\/\/www.google.com\/calendar\/event?eid=M3JlamxpNTVuZTBwc2hwaXJoazRsMzhxbDggZjMxN2Q5M2I0MDE3MDE5YTJiMzhmNTZiZGIwNTRlZGVjZDFmYmZkMTFjODdlNjM4ZjlhZjVkZTc4MjI2ODYzNUBn&#038;ctz=Europe\/Brussels\" target=\"_blank\" >See more details<\/a><\/p><\/div>\n\t<\/li>\n<\/ul>\n\n\t\t<span class=\"simcal-events-dots\" style=\"display: none;\"><b style=\"color: #000;\"> &bull; <\/b><\/span>\n\t<\/div>\n<\/td>\n<\/tr><tr class=\"simcal-week simcal-week-32\">\n<td class=\"simcal-day-10 simcal-weekday-1 simcal-past simcal-day\" data-events-count=\"0\">\n\t<div>\n\t\t<span class=\"simcal-day-label simcal-day-number\">10<\/span>\n\t\t<span class=\"simcal-no-events\"><\/span>\n\t\t<span class=\"simcal-events-dots\" style=\"display: none;\"><\/span>\n\t<\/div>\n<\/td>\n<td class=\"simcal-day-11 simcal-weekday-2 simcal-past simcal-day\" data-events-count=\"0\">\n\t<div>\n\t\t<span class=\"simcal-day-label simcal-day-number\">11<\/span>\n\t\t<span class=\"simcal-no-events\"><\/span>\n\t\t<span class=\"simcal-events-dots\" style=\"display: none;\"><\/span>\n\t<\/div>\n<\/td>\n<td class=\"simcal-day-12 simcal-weekday-3 simcal-past simcal-day simcal-day-has-events simcal-day-has-1-events simcal-events-calendar-25\" data-events-count=\"1\">\n\t<div>\n\t\t<span class=\"simcal-day-label simcal-day-number\" style=\"background-color: #fdca2b; color: #000000\">12<\/span>\n\t\t<ul class=\"simcal-events\">\t<li class=\"simcal-event simcal-event-recurring simcal-events-calendar-25 simcal-tooltip\" itemscope itemtype=\"http:\/\/schema.org\/Event\">\n\t\t<span class=\"simcal-event-title\" style=\"color:#e0b066\">FERME - Pause estivale<br\/> 15:00- 17:30<\/span>\n\t\t<div class=\"simcal-event-details simcal-tooltip-content\" style=\"display: none;\"><p><strong><span class=\"simcal-event-title\" itemprop=\"name\">FERME - Pause estivale<\/span><\/strong><\/p>\n<p><span class=\"simcal-event-start simcal-event-start-date\" data-event-start=\"1786539600\" data-event-format=\"j F Y\" itemprop=\"startDate\" content=\"2026-08-12T15:00:00+02:00\">12 ao\u00fbt 2026<\/span>&nbsp;&nbsp;<span class=\"simcal-event-start simcal-event-start-time\" data-event-start=\"1786539600\" data-event-format=\"H:i\" itemprop=\"startDate\" content=\"2026-08-12T15:00:00+02:00\">15:00<\/span> - <span class=\"simcal-event-end simcal-event-end-time\" data-event-end=\"1786548600\" data-event-format=\"H:i\" itemprop=\"endDate\" content=\"2026-08-12T17:30:00+02:00\">17:30<\/span><br \/>\n <span class=\"simcal-event-address simcal-event-start-location\" itemprop=\"location\" itemscope itemtype=\"http:\/\/schema.org\/Place\"><meta itemprop=\"name\" content=\"FERME - Pause estivale\" \/><meta itemprop=\"address\" content=\"FERME - Pause estivale\" \/><\/span><\/p>\n<div><div class=\"simcal-event-description\" itemprop=\"description\"><b>Pause estivale<\/b> pour les b\u00e9n\u00e9voles et la coordination <b>entre le 18 juillet et le 19 ao\u00fbt <\/b>!\u00a0<br><br>Le bar sera <b>ferm\u00e9 les mercredis et les vendredis. Nous maintenons les ouvertures du jeudi de 16h30 \u00e0 19h pour les mini-march\u00e9s<\/b>, en prolongeant le plaisir en fonction des d\u00e9sirs \ud83d\ude42<br><br>Certaines activit\u00e9s seront \u00e0 l&#039;arr\u00eat, d&#039;autres planifi\u00e9es \u00e0 l&#039;agenda auront bien lieu durant cette p\u00e9riode.<\/div><\/div><\/div>\n\t<\/li>\n<\/ul>\n\n\t\t<span class=\"simcal-events-dots\" style=\"display: none;\"><b style=\"color: #000;\"> &bull; <\/b><\/span>\n\t<\/div>\n<\/td>\n<td class=\"simcal-day-13 simcal-weekday-4 simcal-past simcal-day simcal-day-has-events simcal-day-has-3-events simcal-events-calendar-25 simcal-events-calendar-2587\" data-events-count=\"3\">\n\t<div>\n\t\t<span class=\"simcal-day-label simcal-day-number\" style=\"background-color: #fdca2b; color: #000000\">13<\/span>\n\t\t<ul class=\"simcal-events\">\t<li class=\"simcal-event simcal-event-recurring simcal-events-calendar-25 simcal-tooltip\" itemscope itemtype=\"http:\/\/schema.org\/Event\">\n\t\t<span class=\"simcal-event-title\" style=\"color:#e0b066\">Mini March\u00e9<br\/> 16:30- 19:00<\/span>\n\t\t<div class=\"simcal-event-details simcal-tooltip-content\" style=\"display: none;\"><p><strong><span class=\"simcal-event-title\" itemprop=\"name\">Mini March\u00e9<\/span><\/strong><\/p>\n<p><span class=\"simcal-event-start simcal-event-start-date\" data-event-start=\"1786631400\" data-event-format=\"j F Y\" itemprop=\"startDate\" content=\"2026-08-13T16:30:00+02:00\">13 ao\u00fbt 2026<\/span>&nbsp;&nbsp;<span class=\"simcal-event-start simcal-event-start-time\" data-event-start=\"1786631400\" data-event-format=\"H:i\" itemprop=\"startDate\" content=\"2026-08-13T16:30:00+02:00\">16:30<\/span> - <span class=\"simcal-event-end simcal-event-end-time\" data-event-end=\"1786640400\" data-event-format=\"H:i\" itemprop=\"endDate\" content=\"2026-08-13T19:00:00+02:00\">19:00<\/span><br \/>\n <span class=\"simcal-event-address simcal-event-start-location\" itemprop=\"location\" itemscope itemtype=\"http:\/\/schema.org\/Place\"><meta itemprop=\"name\" content=\"Mini March\u00e9\" \/><meta itemprop=\"address\" content=\"Mini March\u00e9\" \/><\/span><\/p>\n<div><div class=\"simcal-event-description\" itemprop=\"description\"><span><br><span>\ud83e\udd6c<\/span><span>\ud83c\udf4e<\/span><span>\ud83c\udf5e<\/span> Pains, fruits, l\u00e9gumes, \u0153ufs, beurre, fromages... rejoignez-nous tous les jeudis pour faire vos courses, boire un verre et rencontrer les producteurs ! <br>Retrouvez des produits frais chaque semaine, et d\u00e9couvrez-en d'autres occasionnellement pour vous fournir en miel, artisanat et autres produits locaux.<a href=\"https:\/\/link.deezer.com\/s\/33nTG98Xc7FaRgkGViQtO?fbclid=IwZXh0bgNhZW0CMTAAYnJpZBEwTW9Oc1hKR3BkYmVCWE1kMHNydGMGYXBwX2lkEDIyMjAzOTE3ODgyMDA4OTIAAR7X5BuyTLQICj9lmqf6W1etMB3LBQD_YJi98sOC4yKTR8c8QhwyAQ4Dn6m6Ow_aem_Wt7TBruTOdCRqtEX47E1pA\" target=\"_blank\"><br><\/a><br>Producteur, vous souhaitez y participer ? Nous vous invitons \u00e0 remplir ce court formulaire et nous vous recontacterons: <a href=\"https:\/\/framaforms.org\/participation-au-mini-marche-de-la-chaumiere-1778504180?fbclid=IwZXh0bgNhZW0CMTAAYnJpZBEwTW9Oc1hKR3BkYmVCWE1kMHNydGMGYXBwX2lkEDIyMjAzOTE3ODgyMDA4OTIAAR6bMlQKgCIjgQXid3v415mF-XD61X8_uFkz5s1LjrOtOiJFoX5FQa9bR2tYpg_aem_pzBdrVmFdYcIiw5-4vT1bg\" target=\"_blank\">https:\/\/framaforms.org\/participation-au-mini-marche-de-la...<br><br><\/a><br>\ud835\udc0f\ud835\udc2b\ud835\udc1e\ud835\udc27\ud835\udc1e\ud835\udc33 \ud835\udc2f\ud835\udc28\ud835\udc2c \ud835\udc29\ud835\udc1a\ud835\udc27\ud835\udc22\ud835\udc1e\ud835\udc2b\ud835\udc2c, \ud835\udc28\ud835\udc27 \ud835\udc2c\ud835\udc1e \ud835\udc2b\ud835\udc1e\u0301\ud835\udc23\ud835\udc28\ud835\udc2e\ud835\udc22\ud835\udc2d \ud835\udc1d\ud835\udc1e \ud835\udc2f\ud835\udc28\ud835\udc2e\ud835\udc2c \ud835\udc32 \ud835\udc2b\ud835\udc1e\ud835\udc27\ud835\udc1c\ud835\udc28\ud835\udc27\ud835\udc2d\ud835\udc2b\ud835\udc1e\ud835\udc2b ! <br>----------<\/span><\/div><\/div><\/div>\n\t<\/li>\n\t<li class=\"simcal-event simcal-event-recurring simcal-events-calendar-25 simcal-tooltip\" itemscope itemtype=\"http:\/\/schema.org\/Event\">\n\t\t<span class=\"simcal-event-title\" style=\"color:#e0b066\">Whist<br\/> 18:00- 19:00<\/span>\n\t\t<div class=\"simcal-event-details simcal-tooltip-content\" style=\"display: none;\"><p><strong><span class=\"simcal-event-title\" itemprop=\"name\">Whist<\/span><\/strong><\/p>\n<p><span class=\"simcal-event-start simcal-event-start-date\" data-event-start=\"1786636800\" data-event-format=\"j F Y\" itemprop=\"startDate\" content=\"2026-08-13T18:00:00+02:00\">13 ao\u00fbt 2026<\/span>&nbsp;&nbsp;<span class=\"simcal-event-start simcal-event-start-time\" data-event-start=\"1786636800\" data-event-format=\"H:i\" itemprop=\"startDate\" content=\"2026-08-13T18:00:00+02:00\">18:00<\/span> - <span class=\"simcal-event-end simcal-event-end-time\" data-event-end=\"1786640400\" data-event-format=\"H:i\" itemprop=\"endDate\" content=\"2026-08-13T19:00:00+02:00\">19:00<\/span><br \/>\n <span class=\"simcal-event-address simcal-event-start-location\" itemprop=\"location\" itemscope itemtype=\"http:\/\/schema.org\/Place\"><meta itemprop=\"name\" content=\"Whist\" \/><meta itemprop=\"address\" content=\"Whist\" \/><\/span><\/p>\n<div><div class=\"simcal-event-description\" itemprop=\"description\"><span><span>Joueurs exp\u00e9riment\u00e9s ou novices, rejoignez la table d&#039;amateurs de Whist chaque jeudi d\u00e8s 18h !<\/span><\/span><\/div><\/div><\/div>\n\t<\/li>\n\t<li class=\"simcal-event simcal-event-recurring simcal-events-calendar-2587 simcal-tooltip\" itemscope itemtype=\"http:\/\/schema.org\/Event\">\n\t\t<span class=\"simcal-event-title\" style=\"color:#448fb7\">Chorale<br\/> 18:45- 20:00<\/span>\n\t\t<div class=\"simcal-event-details simcal-tooltip-content\" style=\"display: none;\"><p><strong><span class=\"simcal-event-title\" itemprop=\"name\">Chorale<\/span><\/strong><\/p>\n<p><span class=\"simcal-event-start simcal-event-start-date\" data-event-start=\"1786639500\" data-event-format=\"j F Y\" itemprop=\"startDate\" content=\"2026-08-13T18:45:00+02:00\">13 ao\u00fbt 2026<\/span>&nbsp;&nbsp;<span class=\"simcal-event-start simcal-event-start-time\" data-event-start=\"1786639500\" data-event-format=\"H:i\" itemprop=\"startDate\" content=\"2026-08-13T18:45:00+02:00\">18:45<\/span> - <span class=\"simcal-event-end simcal-event-end-time\" data-event-end=\"1786644000\" data-event-format=\"H:i\" itemprop=\"endDate\" content=\"2026-08-13T20:00:00+02:00\">20:00<\/span><br \/>\n <span class=\"simcal-event-address simcal-event-start-location\" itemprop=\"location\" itemscope itemtype=\"http:\/\/schema.org\/Place\"><meta itemprop=\"name\" content=\"Chorale\" \/><meta itemprop=\"address\" content=\"Chorale\" \/><\/span><\/p>\n<div><div class=\"simcal-event-description\" itemprop=\"description\"><p>Aux voix de nos contr\u00e9es Chaumontoises qui ont l\u2019envie de se r\u00e9unir pour vibrer ensemble en chansons sur un r\u00e9pertoire \u00ab militant et engag\u00e9\u00bb de musique du monde\u00a0<span>\ud83c\udfb6<\/span>\u00a0<span>\ud83c\udf0d<\/span><br \/>Les 2\u00e8 et 4\u00e8 jeudis du mois de 18h45 \u00e0 20h dans la salle \u00ab C\u00f4t\u00e9 Rue\u00bb au 1er\u00e9tage.<\/p>\n<p>Avec la volont\u00e9 d\u2019une certaine implication par ses membres notamment pour proposer des chants pour la chorale suivante (et viser ainsi l\u2019auto-gestion).<\/p>\n<p>Pas d\u2019inscription: entr\u00e9e libre et une participation d\u20191 euro par chorale pour l&#039;occupation de l&#039;espace (\u00e0 apporter le jour m\u00eame en esp\u00e8ces).<\/p>\n<p>Envie de nous rejoindre?<\/p>\n<p>Au plaisir de se retrouver pour chanter ensemble,<\/p>\n<p>Laura et Chlo\u00e9<\/p>\n<\/div><\/div>\n<p> <a href=\"https:\/\/www.google.com\/calendar\/event?eid=cDA5ZHFrYW1iaml2aDUybDVoZ3RoZHBnZnVfMjAyNjA4MTNUMTY0NTAwWiBmMzE3ZDkzYjQwMTcwMTlhMmIzOGY1NmJkYjA1NGVkZWNkMWZiZmQxMWM4N2U2MzhmOWFmNWRlNzgyMjY4NjM1QGc&#038;ctz=Europe\/Brussels\" target=\"_blank\" >See more details<\/a><\/p><\/div>\n\t<\/li>\n<\/ul>\n\n\t\t<span class=\"simcal-events-dots\" style=\"display: none;\"><b style=\"color: #000;\"> &bull; <\/b><b style=\"color: #000;\"> &bull; <\/b><b style=\"color: #000;\"> &bull; <\/b><\/span>\n\t<\/div>\n<\/td>\n<td class=\"simcal-day-14 simcal-weekday-5 simcal-past simcal-day simcal-day-has-events simcal-day-has-1-events simcal-events-calendar-25\" data-events-count=\"1\">\n\t<div>\n\t\t<span class=\"simcal-day-label simcal-day-number\" style=\"background-color: #fdca2b; color: #000000\">14<\/span>\n\t\t<ul class=\"simcal-events\">\t<li class=\"simcal-event simcal-event-recurring simcal-events-calendar-25 simcal-tooltip\" itemscope itemtype=\"http:\/\/schema.org\/Event\">\n\t\t<span class=\"simcal-event-title\" style=\"color:#e0b066\">FERME - Pause estivale<br\/> 18:00- 22:00<\/span>\n\t\t<div class=\"simcal-event-details simcal-tooltip-content\" style=\"display: none;\"><p><strong><span class=\"simcal-event-title\" itemprop=\"name\">FERME - Pause estivale<\/span><\/strong><\/p>\n<p><span class=\"simcal-event-start simcal-event-start-date\" data-event-start=\"1786723200\" data-event-format=\"j F Y\" itemprop=\"startDate\" content=\"2026-08-14T18:00:00+02:00\">14 ao\u00fbt 2026<\/span>&nbsp;&nbsp;<span class=\"simcal-event-start simcal-event-start-time\" data-event-start=\"1786723200\" data-event-format=\"H:i\" itemprop=\"startDate\" content=\"2026-08-14T18:00:00+02:00\">18:00<\/span> - <span class=\"simcal-event-end simcal-event-end-time\" data-event-end=\"1786737600\" data-event-format=\"H:i\" itemprop=\"endDate\" content=\"2026-08-14T22:00:00+02:00\">22:00<\/span><br \/>\n <span class=\"simcal-event-address simcal-event-start-location\" itemprop=\"location\" itemscope itemtype=\"http:\/\/schema.org\/Place\"><meta itemprop=\"name\" content=\"FERME - Pause estivale\" \/><meta itemprop=\"address\" content=\"FERME - Pause estivale\" \/><\/span><\/p>\n<div><div class=\"simcal-event-description\" itemprop=\"description\"><b>Pause estivale<\/b> pour les b\u00e9n\u00e9voles et la coordination <b>entre le 18 juillet et le 19 ao\u00fbt <\/b>!\u00a0<br><br>Le bar sera <b>ferm\u00e9 les mercredis et les vendredis. Nous maintenons les ouvertures du jeudi de 16h30 \u00e0 19h pour les mini-march\u00e9s<\/b>, en prolongeant le plaisir en fonction des d\u00e9sirs \ud83d\ude42<br><br>Certaines activit\u00e9s seront \u00e0 l&#039;arr\u00eat, d&#039;autres planifi\u00e9es \u00e0 l&#039;agenda auront bien lieu durant cette p\u00e9riode.<\/div><\/div><\/div>\n\t<\/li>\n<\/ul>\n\n\t\t<span class=\"simcal-events-dots\" style=\"display: none;\"><b style=\"color: #000;\"> &bull; <\/b><\/span>\n\t<\/div>\n<\/td>\n<td class=\"simcal-day-15 simcal-weekday-6 simcal-past simcal-day\" data-events-count=\"0\">\n\t<div>\n\t\t<span class=\"simcal-day-label simcal-day-number\">15<\/span>\n\t\t<span class=\"simcal-no-events\"><\/span>\n\t\t<span class=\"simcal-events-dots\" style=\"display: none;\"><\/span>\n\t<\/div>\n<\/td>\n<td class=\"simcal-day-16 simcal-weekday-0 simcal-past simcal-day simcal-day-has-events simcal-day-has-1-events simcal-events-calendar-2587\" data-events-count=\"1\">\n\t<div>\n\t\t<span class=\"simcal-day-label simcal-day-number\" style=\"background-color: #fdca2b; color: #000000\">16<\/span>\n\t\t<ul class=\"simcal-events\">\t<li class=\"simcal-event simcal-events-calendar-2587 simcal-tooltip\" itemscope itemtype=\"http:\/\/schema.org\/Event\">\n\t\t<span class=\"simcal-event-title\" style=\"color:#448fb7\">\u2728 Soir\u00e9e Mantras \u2728<br\/> 20:00- 21:00<\/span>\n\t\t<div class=\"simcal-event-details simcal-tooltip-content\" style=\"display: none;\"><p><strong><span class=\"simcal-event-title\" itemprop=\"name\">\u2728 Soir\u00e9e Mantras \u2728<\/span><\/strong><\/p>\n<p><span class=\"simcal-event-start simcal-event-start-date\" data-event-start=\"1786903200\" data-event-format=\"j F Y\" itemprop=\"startDate\" content=\"2026-08-16T20:00:00+02:00\">16 ao\u00fbt 2026<\/span>&nbsp;&nbsp;<span class=\"simcal-event-start simcal-event-start-time\" data-event-start=\"1786903200\" data-event-format=\"H:i\" itemprop=\"startDate\" content=\"2026-08-16T20:00:00+02:00\">20:00<\/span> - <span class=\"simcal-event-end simcal-event-end-time\" data-event-end=\"1786906800\" data-event-format=\"H:i\" itemprop=\"endDate\" content=\"2026-08-16T21:00:00+02:00\">21:00<\/span><br \/>\n <span class=\"simcal-event-address simcal-event-start-location\" itemprop=\"location\" itemscope itemtype=\"http:\/\/schema.org\/Place\"><meta itemprop=\"name\" content=\"\u2728 Soir\u00e9e Mantras \u2728\" \/><meta itemprop=\"address\" content=\"\u2728 Soir\u00e9e Mantras \u2728\" \/><\/span><\/p>\n<div><div class=\"simcal-event-description\" itemprop=\"description\"><p>Une soir\u00e9e de mantras ouverte \u00e0 toutes et tous, sans pr\u00e9requis musical.<br \/>\nUn moment de chant m\u00e9ditatif, de pr\u00e9sence et de partage dans une ambiance bienveillante.<br \/>\nLes mantras sont r\u00e9p\u00e9t\u00e9s simplement, soutenus par des instruments doux.<br \/>\nL\u2019intention est le ressenti, la d\u00e9tente et la connexion int\u00e9rieure.<\/p>\n<p>\ud83d\udccd \u00c0 la Chaumi\u00e8re \u2013 2 rue Corroy, 1325 Chaumont-Gistoux<br \/>\n\ud83c\udf3f Accueil d\u00e8s 19h45<br \/>\n\ud83c\udfb6 1 heure de chants de mantras, dans une ambiance douce, simple et m\u00e9ditative<br \/>\n\ud83e\uddd8\u200d\u2640\ufe0f Aucune exp\u00e9rience musicale n\u00e9cessaire<br \/>\n\ud83d\udc9b Prix libre<\/p>\n<p>\u270d\ufe0f Inscription par mail <a href=\"mailto:pitsaer.philippine@gmail.com\" target=\"_blank\">pitsaer.philippine@gmail.com<\/a> ou par SMS au +32 474 28 05 63<\/p>\n<p>Un moment de pr\u00e9sence, de chant et de partage\u2026<br \/>\nAu plaisir de vous y retrouver \u2728<\/p>\n<p>Philyou<\/p>\n<\/div><\/div>\n<p> <a href=\"https:\/\/www.google.com\/calendar\/event?eid=NjE4aTY1ZzQ2c29mZjdrdW9hcnJha2FtbTEgZjMxN2Q5M2I0MDE3MDE5YTJiMzhmNTZiZGIwNTRlZGVjZDFmYmZkMTFjODdlNjM4ZjlhZjVkZTc4MjI2ODYzNUBn&#038;ctz=Europe\/Brussels\" target=\"_blank\" >See more details<\/a><\/p><\/div>\n\t<\/li>\n<\/ul>\n\n\t\t<span class=\"simcal-events-dots\" style=\"display: none;\"><b style=\"color: #000;\"> &bull; <\/b><\/span>\n\t<\/div>\n<\/td>\n<\/tr><tr class=\"simcal-week simcal-week-33\">\n<td class=\"simcal-day-17 simcal-weekday-1 simcal-past simcal-day\" data-events-count=\"0\">\n\t<div>\n\t\t<span class=\"simcal-day-label simcal-day-number\">17<\/span>\n\t\t<span class=\"simcal-no-events\"><\/span>\n\t\t<span class=\"simcal-events-dots\" style=\"display: none;\"><\/span>\n\t<\/div>\n<\/td>\n<td class=\"simcal-day-18 simcal-weekday-2 simcal-past simcal-day\" data-events-count=\"0\">\n\t<div>\n\t\t<span class=\"simcal-day-label simcal-day-number\">18<\/span>\n\t\t<span class=\"simcal-no-events\"><\/span>\n\t\t<span class=\"simcal-events-dots\" style=\"display: none;\"><\/span>\n\t<\/div>\n<\/td>\n<td class=\"simcal-day-19 simcal-weekday-3 simcal-past simcal-day simcal-day-has-events simcal-day-has-1-events simcal-events-calendar-25\" data-events-count=\"1\">\n\t<div>\n\t\t<span class=\"simcal-day-label simcal-day-number\" style=\"background-color: #fdca2b; color: #000000\">19<\/span>\n\t\t<ul class=\"simcal-events\">\t<li class=\"simcal-event simcal-event-recurring simcal-events-calendar-25 simcal-tooltip\" itemscope itemtype=\"http:\/\/schema.org\/Event\">\n\t\t<span class=\"simcal-event-title\" style=\"color:#e0b066\">FERME - Pause estivale<br\/> 15:00- 17:30<\/span>\n\t\t<div class=\"simcal-event-details simcal-tooltip-content\" style=\"display: none;\"><p><strong><span class=\"simcal-event-title\" itemprop=\"name\">FERME - Pause estivale<\/span><\/strong><\/p>\n<p><span class=\"simcal-event-start simcal-event-start-date\" data-event-start=\"1787144400\" data-event-format=\"j F Y\" itemprop=\"startDate\" content=\"2026-08-19T15:00:00+02:00\">19 ao\u00fbt 2026<\/span>&nbsp;&nbsp;<span class=\"simcal-event-start simcal-event-start-time\" data-event-start=\"1787144400\" data-event-format=\"H:i\" itemprop=\"startDate\" content=\"2026-08-19T15:00:00+02:00\">15:00<\/span> - <span class=\"simcal-event-end simcal-event-end-time\" data-event-end=\"1787153400\" data-event-format=\"H:i\" itemprop=\"endDate\" content=\"2026-08-19T17:30:00+02:00\">17:30<\/span><br \/>\n <span class=\"simcal-event-address simcal-event-start-location\" itemprop=\"location\" itemscope itemtype=\"http:\/\/schema.org\/Place\"><meta itemprop=\"name\" content=\"FERME - Pause estivale\" \/><meta itemprop=\"address\" content=\"FERME - Pause estivale\" \/><\/span><\/p>\n<div><div class=\"simcal-event-description\" itemprop=\"description\"><b>Pause estivale<\/b> pour les b\u00e9n\u00e9voles et la coordination <b>entre le 18 juillet et le 19 ao\u00fbt <\/b>!\u00a0<br><br>Le bar sera <b>ferm\u00e9 les mercredis et les vendredis. Nous maintenons les ouvertures du jeudi de 16h30 \u00e0 19h pour les mini-march\u00e9s<\/b>, en prolongeant le plaisir en fonction des d\u00e9sirs \ud83d\ude42<br><br>Certaines activit\u00e9s seront \u00e0 l&#039;arr\u00eat, d&#039;autres planifi\u00e9es \u00e0 l&#039;agenda auront bien lieu durant cette p\u00e9riode.<\/div><\/div><\/div>\n\t<\/li>\n<\/ul>\n\n\t\t<span class=\"simcal-events-dots\" style=\"display: none;\"><b style=\"color: #000;\"> &bull; <\/b><\/span>\n\t<\/div>\n<\/td>\n<td class=\"simcal-day-20 simcal-weekday-4 simcal-past simcal-day simcal-day-has-events simcal-day-has-2-events simcal-events-calendar-25\" data-events-count=\"2\">\n\t<div>\n\t\t<span class=\"simcal-day-label simcal-day-number\" style=\"background-color: #fdca2b; color: #000000\">20<\/span>\n\t\t<ul class=\"simcal-events\">\t<li class=\"simcal-event simcal-event-recurring simcal-events-calendar-25 simcal-tooltip\" itemscope itemtype=\"http:\/\/schema.org\/Event\">\n\t\t<span class=\"simcal-event-title\" style=\"color:#e0b066\">Mini March\u00e9<br\/> 16:30- 19:00<\/span>\n\t\t<div class=\"simcal-event-details simcal-tooltip-content\" style=\"display: none;\"><p><strong><span class=\"simcal-event-title\" itemprop=\"name\">Mini March\u00e9<\/span><\/strong><\/p>\n<p><span class=\"simcal-event-start simcal-event-start-date\" data-event-start=\"1787236200\" data-event-format=\"j F Y\" itemprop=\"startDate\" content=\"2026-08-20T16:30:00+02:00\">20 ao\u00fbt 2026<\/span>&nbsp;&nbsp;<span class=\"simcal-event-start simcal-event-start-time\" data-event-start=\"1787236200\" data-event-format=\"H:i\" itemprop=\"startDate\" content=\"2026-08-20T16:30:00+02:00\">16:30<\/span> - <span class=\"simcal-event-end simcal-event-end-time\" data-event-end=\"1787245200\" data-event-format=\"H:i\" itemprop=\"endDate\" content=\"2026-08-20T19:00:00+02:00\">19:00<\/span><br \/>\n <span class=\"simcal-event-address simcal-event-start-location\" itemprop=\"location\" itemscope itemtype=\"http:\/\/schema.org\/Place\"><meta itemprop=\"name\" content=\"Mini March\u00e9\" \/><meta itemprop=\"address\" content=\"Mini March\u00e9\" \/><\/span><\/p>\n<div><div class=\"simcal-event-description\" itemprop=\"description\"><span><br><span>\ud83e\udd6c<\/span><span>\ud83c\udf4e<\/span><span>\ud83c\udf5e<\/span> Pains, fruits, l\u00e9gumes, \u0153ufs, beurre, fromages... rejoignez-nous tous les jeudis pour faire vos courses, boire un verre et rencontrer les producteurs ! <br>Retrouvez des produits frais chaque semaine, et d\u00e9couvrez-en d'autres occasionnellement pour vous fournir en miel, artisanat et autres produits locaux.<a href=\"https:\/\/link.deezer.com\/s\/33nTG98Xc7FaRgkGViQtO?fbclid=IwZXh0bgNhZW0CMTAAYnJpZBEwTW9Oc1hKR3BkYmVCWE1kMHNydGMGYXBwX2lkEDIyMjAzOTE3ODgyMDA4OTIAAR7X5BuyTLQICj9lmqf6W1etMB3LBQD_YJi98sOC4yKTR8c8QhwyAQ4Dn6m6Ow_aem_Wt7TBruTOdCRqtEX47E1pA\" target=\"_blank\"><br><\/a><br>Producteur, vous souhaitez y participer ? Nous vous invitons \u00e0 remplir ce court formulaire et nous vous recontacterons: <a href=\"https:\/\/framaforms.org\/participation-au-mini-marche-de-la-chaumiere-1778504180?fbclid=IwZXh0bgNhZW0CMTAAYnJpZBEwTW9Oc1hKR3BkYmVCWE1kMHNydGMGYXBwX2lkEDIyMjAzOTE3ODgyMDA4OTIAAR6bMlQKgCIjgQXid3v415mF-XD61X8_uFkz5s1LjrOtOiJFoX5FQa9bR2tYpg_aem_pzBdrVmFdYcIiw5-4vT1bg\" target=\"_blank\">https:\/\/framaforms.org\/participation-au-mini-marche-de-la...<br><br><\/a><br>\ud835\udc0f\ud835\udc2b\ud835\udc1e\ud835\udc27\ud835\udc1e\ud835\udc33 \ud835\udc2f\ud835\udc28\ud835\udc2c \ud835\udc29\ud835\udc1a\ud835\udc27\ud835\udc22\ud835\udc1e\ud835\udc2b\ud835\udc2c, \ud835\udc28\ud835\udc27 \ud835\udc2c\ud835\udc1e \ud835\udc2b\ud835\udc1e\u0301\ud835\udc23\ud835\udc28\ud835\udc2e\ud835\udc22\ud835\udc2d \ud835\udc1d\ud835\udc1e \ud835\udc2f\ud835\udc28\ud835\udc2e\ud835\udc2c \ud835\udc32 \ud835\udc2b\ud835\udc1e\ud835\udc27\ud835\udc1c\ud835\udc28\ud835\udc27\ud835\udc2d\ud835\udc2b\ud835\udc1e\ud835\udc2b ! <br>----------<\/span><\/div><\/div><\/div>\n\t<\/li>\n\t<li class=\"simcal-event simcal-event-recurring simcal-events-calendar-25 simcal-tooltip\" itemscope itemtype=\"http:\/\/schema.org\/Event\">\n\t\t<span class=\"simcal-event-title\" style=\"color:#e0b066\">Whist<br\/> 18:00- 19:00<\/span>\n\t\t<div class=\"simcal-event-details simcal-tooltip-content\" style=\"display: none;\"><p><strong><span class=\"simcal-event-title\" itemprop=\"name\">Whist<\/span><\/strong><\/p>\n<p><span class=\"simcal-event-start simcal-event-start-date\" data-event-start=\"1787241600\" data-event-format=\"j F Y\" itemprop=\"startDate\" content=\"2026-08-20T18:00:00+02:00\">20 ao\u00fbt 2026<\/span>&nbsp;&nbsp;<span class=\"simcal-event-start simcal-event-start-time\" data-event-start=\"1787241600\" data-event-format=\"H:i\" itemprop=\"startDate\" content=\"2026-08-20T18:00:00+02:00\">18:00<\/span> - <span class=\"simcal-event-end simcal-event-end-time\" data-event-end=\"1787245200\" data-event-format=\"H:i\" itemprop=\"endDate\" content=\"2026-08-20T19:00:00+02:00\">19:00<\/span><br \/>\n <span class=\"simcal-event-address simcal-event-start-location\" itemprop=\"location\" itemscope itemtype=\"http:\/\/schema.org\/Place\"><meta itemprop=\"name\" content=\"Whist\" \/><meta itemprop=\"address\" content=\"Whist\" \/><\/span><\/p>\n<div><div class=\"simcal-event-description\" itemprop=\"description\"><span><span>Joueurs exp\u00e9riment\u00e9s ou novices, rejoignez la table d&#039;amateurs de Whist chaque jeudi d\u00e8s 18h !<\/span><\/span><\/div><\/div><\/div>\n\t<\/li>\n<\/ul>\n\n\t\t<span class=\"simcal-events-dots\" style=\"display: none;\"><b style=\"color: #000;\"> &bull; <\/b><b style=\"color: #000;\"> &bull; <\/b><\/span>\n\t<\/div>\n<\/td>\n<td class=\"simcal-day-21 simcal-weekday-5 simcal-past simcal-day simcal-day-has-events simcal-day-has-2-events simcal-events-calendar-2587 simcal-events-calendar-25\" data-events-count=\"2\">\n\t<div>\n\t\t<span class=\"simcal-day-label simcal-day-number\" style=\"background-color: #fdca2b; color: #000000\">21<\/span>\n\t\t<ul class=\"simcal-events\">\t<li class=\"simcal-event simcal-event-recurring simcal-events-calendar-2587 simcal-tooltip\" itemscope itemtype=\"http:\/\/schema.org\/Event\">\n\t\t<span class=\"simcal-event-title\" style=\"color:#448fb7\">P\u00e9tanque<br\/> 18:30- 19:30<\/span>\n\t\t<div class=\"simcal-event-details simcal-tooltip-content\" style=\"display: none;\"><p><strong><span class=\"simcal-event-title\" itemprop=\"name\">P\u00e9tanque<\/span><\/strong><\/p>\n<p><span class=\"simcal-event-start simcal-event-start-date\" data-event-start=\"1787329800\" data-event-format=\"j F Y\" itemprop=\"startDate\" content=\"2026-08-21T18:30:00+02:00\">21 ao\u00fbt 2026<\/span>&nbsp;&nbsp;<span class=\"simcal-event-start simcal-event-start-time\" data-event-start=\"1787329800\" data-event-format=\"H:i\" itemprop=\"startDate\" content=\"2026-08-21T18:30:00+02:00\">18:30<\/span> - <span class=\"simcal-event-end simcal-event-end-time\" data-event-end=\"1787333400\" data-event-format=\"H:i\" itemprop=\"endDate\" content=\"2026-08-21T19:30:00+02:00\">19:30<\/span><br \/>\n <span class=\"simcal-event-address simcal-event-start-location\" itemprop=\"location\" itemscope itemtype=\"http:\/\/schema.org\/Place\"><meta itemprop=\"name\" content=\"P\u00e9tanque\" \/><meta itemprop=\"address\" content=\"P\u00e9tanque\" \/><\/span><\/p>\n<div><div class=\"simcal-event-description\" itemprop=\"description\"><p>Tu tires ou tu pointes ?\u00a0<\/p>\n<p>Un boulodrome et des passionn\u00e9s t&#039;attendent, bienvenue quel que soit ton niveau.\u00a0<\/p>\n<p>Boules et cochonnet sur place.<\/p>\n<p>Participation libre (minimum conseill\u00e9: 2\u20ac\/joueur)<\/p>\n<\/div><\/div>\n<p> <a href=\"https:\/\/www.google.com\/calendar\/event?eid=cjE4c2RsYm04b3BwMHBlZmlianFnOW9scWZfMjAyNjA4MjFUMTYzMDAwWiBmMzE3ZDkzYjQwMTcwMTlhMmIzOGY1NmJkYjA1NGVkZWNkMWZiZmQxMWM4N2U2MzhmOWFmNWRlNzgyMjY4NjM1QGc&#038;ctz=Europe\/Brussels\" target=\"_blank\" >See more details<\/a><\/p><\/div>\n\t<\/li>\n\t<li class=\"simcal-event simcal-events-calendar-25 simcal-tooltip\" itemscope itemtype=\"http:\/\/schema.org\/Event\">\n\t\t<span class=\"simcal-event-title\" style=\"color:#e0b066\">CONCERT - Amande<br\/> 20:00- 22:00<\/span>\n\t\t<div class=\"simcal-event-details simcal-tooltip-content\" style=\"display: none;\"><p><strong><span class=\"simcal-event-title\" itemprop=\"name\">CONCERT - Amande<\/span><\/strong><\/p>\n<p><span class=\"simcal-event-start simcal-event-start-date\" data-event-start=\"1787335200\" data-event-format=\"j F Y\" itemprop=\"startDate\" content=\"2026-08-21T20:00:00+02:00\">21 ao\u00fbt 2026<\/span>&nbsp;&nbsp;<span class=\"simcal-event-start simcal-event-start-time\" data-event-start=\"1787335200\" data-event-format=\"H:i\" itemprop=\"startDate\" content=\"2026-08-21T20:00:00+02:00\">20:00<\/span> - <span class=\"simcal-event-end simcal-event-end-time\" data-event-end=\"1787342400\" data-event-format=\"H:i\" itemprop=\"endDate\" content=\"2026-08-21T22:00:00+02:00\">22:00<\/span><br \/>\n <span class=\"simcal-event-address simcal-event-start-location\" itemprop=\"location\" itemscope itemtype=\"http:\/\/schema.org\/Place\"><meta itemprop=\"name\" content=\"CONCERT - Amande\" \/><meta itemprop=\"address\" content=\"CONCERT - Amande\" \/><\/span><\/p>\n<div><div class=\"simcal-event-description\" itemprop=\"description\"><p>Amande r\u00e9unit l\u2019autrice compositrice et interpr\u00e8te Amandine Chevigny et le guitariste compositeur Robin Rees.<\/p><p>Leur univers na\u00eet du dialogue entre une voix expressive et une guitare aux textures fines, nourrie d\u2019influences folk et jazz.<\/p><p>\u00c0 travers des textes d\u00e9licats et une pr\u00e9sence sc\u00e9nique incarn\u00e9e, Amande explore les th\u00e8mes du passage, de la transformation et de l\u2019intime, cr\u00e9ant un lien direct avec le public dans une \u00e9coute sensible.<\/p><p>Leur premier titre, La Mammif\u00e8re, est en ligne :\u00a0<a href=\"https:\/\/link.deezer.com\/s\/33I6c6ULx0VJmyeTsLn0J\" target=\"_blank\">https:\/\/link.deezer.com\/s\/33I6c6ULx0VJmyeTsLn0J\u00a0<br><br><\/a><\/p><p>Concert ext\u00e9rieur sous le kiosque, prenez vos pulls \ud83d\ude42<\/p><p>Au chapeau, bar ouvert d\u00e8s 18h<\/p><\/div><\/div><\/div>\n\t<\/li>\n<\/ul>\n\n\t\t<span class=\"simcal-events-dots\" style=\"display: none;\"><b style=\"color: #000;\"> &bull; <\/b><b style=\"color: #000;\"> &bull; <\/b><\/span>\n\t<\/div>\n<\/td>\n<td class=\"simcal-day-22 simcal-weekday-6 simcal-past simcal-day\" data-events-count=\"0\">\n\t<div>\n\t\t<span class=\"simcal-day-label simcal-day-number\">22<\/span>\n\t\t<span class=\"simcal-no-events\"><\/span>\n\t\t<span class=\"simcal-events-dots\" style=\"display: none;\"><\/span>\n\t<\/div>\n<\/td>\n<td class=\"simcal-day-23 simcal-weekday-0 simcal-past simcal-day\" data-events-count=\"0\">\n\t<div>\n\t\t<span class=\"simcal-day-label simcal-day-number\">23<\/span>\n\t\t<span class=\"simcal-no-events\"><\/span>\n\t\t<span class=\"simcal-events-dots\" style=\"display: none;\"><\/span>\n\t<\/div>\n<\/td>\n<\/tr><tr class=\"simcal-week simcal-week-34\">\n<td class=\"simcal-day-24 simcal-weekday-1 simcal-past simcal-day\" data-events-count=\"0\">\n\t<div>\n\t\t<span class=\"simcal-day-label simcal-day-number\">24<\/span>\n\t\t<span class=\"simcal-no-events\"><\/span>\n\t\t<span class=\"simcal-events-dots\" style=\"display: none;\"><\/span>\n\t<\/div>\n<\/td>\n<td class=\"simcal-day-25 simcal-weekday-2 simcal-past simcal-day simcal-day-has-events simcal-day-has-1-events simcal-events-calendar-2587\" data-events-count=\"1\">\n\t<div>\n\t\t<span class=\"simcal-day-label simcal-day-number\" style=\"background-color: #fdca2b; color: #000000\">25<\/span>\n\t\t<ul class=\"simcal-events\">\t<li class=\"simcal-event simcal-event-recurring simcal-events-calendar-2587 simcal-tooltip\" itemscope itemtype=\"http:\/\/schema.org\/Event\">\n\t\t<span class=\"simcal-event-title\" style=\"color:#448fb7\">Bridge<br\/> 14:00- 16:30<\/span>\n\t\t<div class=\"simcal-event-details simcal-tooltip-content\" style=\"display: none;\"><p><strong><span class=\"simcal-event-title\" itemprop=\"name\">Bridge<\/span><\/strong><\/p>\n<p><span class=\"simcal-event-start simcal-event-start-date\" data-event-start=\"1787659200\" data-event-format=\"j F Y\" itemprop=\"startDate\" content=\"2026-08-25T14:00:00+02:00\">25 ao\u00fbt 2026<\/span>&nbsp;&nbsp;<span class=\"simcal-event-start simcal-event-start-time\" data-event-start=\"1787659200\" data-event-format=\"H:i\" itemprop=\"startDate\" content=\"2026-08-25T14:00:00+02:00\">14:00<\/span> - <span class=\"simcal-event-end simcal-event-end-time\" data-event-end=\"1787668200\" data-event-format=\"H:i\" itemprop=\"endDate\" content=\"2026-08-25T16:30:00+02:00\">16:30<\/span><br \/>\n <span class=\"simcal-event-address simcal-event-start-location\" itemprop=\"location\" itemscope itemtype=\"http:\/\/schema.org\/Place\"><meta itemprop=\"name\" content=\"Bridge\" \/><meta itemprop=\"address\" content=\"Bridge\" \/><\/span><\/p>\n<div><div class=\"simcal-event-description\" itemprop=\"description\"><p><span><b>Qu\u2019il est agr\u00e9able de jouer aux cartes !<\/b> Cela fait travailler nos m\u00e9ninges et nous rapproche tous \ud83d\ude0a<\/p>\n<p><\/span><span>Un mini-tournoi de bridge ouvert \u00e0 tous: d\u00e9butants ou exp\u00e9riment\u00e9s, deux tables diff\u00e9rentes seront cr\u00e9es. Pierre sera l\u00e0 pour accompagner les d\u00e9butants.<\/span><br \/><span>\u00a0<\/span><br \/><span><b>Prix libre<\/b> pour couvrir les charges de La Chaumi\u00e8re. Merci de pr\u00e9voir du cash.<\/span><br \/><span>\u00a0<\/span><span><br \/><\/span><span><b>Inscription souhait\u00e9e:<\/b> <a href=\"mailto:pierre.semal@uclouvain.be\" target=\"_blank\">pierre.semal@uclouvain.be<\/a><\/span><\/p>\n<\/div><\/div>\n<p> <a href=\"https:\/\/www.google.com\/calendar\/event?eid=NXYwNzEwMWxlYmdkbDk2bDRjcW8xcjNydmVfMjAyNjA4MjVUMTIwMDAwWiBmMzE3ZDkzYjQwMTcwMTlhMmIzOGY1NmJkYjA1NGVkZWNkMWZiZmQxMWM4N2U2MzhmOWFmNWRlNzgyMjY4NjM1QGc&#038;ctz=Europe\/Brussels\" target=\"_blank\" >See more details<\/a><\/p><\/div>\n\t<\/li>\n<\/ul>\n\n\t\t<span class=\"simcal-events-dots\" style=\"display: none;\"><b style=\"color: #000;\"> &bull; <\/b><\/span>\n\t<\/div>\n<\/td>\n<td class=\"simcal-day-26 simcal-weekday-3 simcal-past simcal-day\" data-events-count=\"0\">\n\t<div>\n\t\t<span class=\"simcal-day-label simcal-day-number\">26<\/span>\n\t\t<span class=\"simcal-no-events\"><\/span>\n\t\t<span class=\"simcal-events-dots\" style=\"display: none;\"><\/span>\n\t<\/div>\n<\/td>\n<td class=\"simcal-day-27 simcal-weekday-4 simcal-past simcal-day simcal-day-has-events simcal-day-has-3-events simcal-events-calendar-25 simcal-events-calendar-2587\" data-events-count=\"3\">\n\t<div>\n\t\t<span class=\"simcal-day-label simcal-day-number\" style=\"background-color: #fdca2b; color: #000000\">27<\/span>\n\t\t<ul class=\"simcal-events\">\t<li class=\"simcal-event simcal-event-recurring simcal-events-calendar-25 simcal-tooltip\" itemscope itemtype=\"http:\/\/schema.org\/Event\">\n\t\t<span class=\"simcal-event-title\" style=\"color:#e0b066\">Mini March\u00e9<br\/> 16:30- 19:00<\/span>\n\t\t<div class=\"simcal-event-details simcal-tooltip-content\" style=\"display: none;\"><p><strong><span class=\"simcal-event-title\" itemprop=\"name\">Mini March\u00e9<\/span><\/strong><\/p>\n<p><span class=\"simcal-event-start simcal-event-start-date\" data-event-start=\"1787841000\" data-event-format=\"j F Y\" itemprop=\"startDate\" content=\"2026-08-27T16:30:00+02:00\">27 ao\u00fbt 2026<\/span>&nbsp;&nbsp;<span class=\"simcal-event-start simcal-event-start-time\" data-event-start=\"1787841000\" data-event-format=\"H:i\" itemprop=\"startDate\" content=\"2026-08-27T16:30:00+02:00\">16:30<\/span> - <span class=\"simcal-event-end simcal-event-end-time\" data-event-end=\"1787850000\" data-event-format=\"H:i\" itemprop=\"endDate\" content=\"2026-08-27T19:00:00+02:00\">19:00<\/span><br \/>\n <span class=\"simcal-event-address simcal-event-start-location\" itemprop=\"location\" itemscope itemtype=\"http:\/\/schema.org\/Place\"><meta itemprop=\"name\" content=\"Mini March\u00e9\" \/><meta itemprop=\"address\" content=\"Mini March\u00e9\" \/><\/span><\/p>\n<div><div class=\"simcal-event-description\" itemprop=\"description\"><span><br><span>\ud83e\udd6c<\/span><span>\ud83c\udf4e<\/span><span>\ud83c\udf5e<\/span> Pains, l\u00e9gumes, \u0153ufs, miel, fromages... rejoignez-nous tous les jeudis pour faire vos courses, boire un verre et rencontrer les producteurs ! <br>Retrouvez des produits frais chaque semaine, et d\u00e9couvrez-en d'autres occasionnellement pour vous fournir en artisanat et autres produits locaux.<a href=\"https:\/\/link.deezer.com\/s\/33nTG98Xc7FaRgkGViQtO?fbclid=IwZXh0bgNhZW0CMTAAYnJpZBEwTW9Oc1hKR3BkYmVCWE1kMHNydGMGYXBwX2lkEDIyMjAzOTE3ODgyMDA4OTIAAR7X5BuyTLQICj9lmqf6W1etMB3LBQD_YJi98sOC4yKTR8c8QhwyAQ4Dn6m6Ow_aem_Wt7TBruTOdCRqtEX47E1pA\" target=\"_blank\"><br><\/a><br>Producteur, vous souhaitez y participer ? Nous vous invitons \u00e0 remplir ce court formulaire et nous vous recontacterons: <a href=\"https:\/\/framaforms.org\/participation-au-mini-marche-de-la-chaumiere-1778504180?fbclid=IwZXh0bgNhZW0CMTAAYnJpZBEwTW9Oc1hKR3BkYmVCWE1kMHNydGMGYXBwX2lkEDIyMjAzOTE3ODgyMDA4OTIAAR6bMlQKgCIjgQXid3v415mF-XD61X8_uFkz5s1LjrOtOiJFoX5FQa9bR2tYpg_aem_pzBdrVmFdYcIiw5-4vT1bg\" target=\"_blank\">https:\/\/framaforms.org\/participation-au-mini-marche-de-la...<br><br><\/a><br>\ud835\udc0f\ud835\udc2b\ud835\udc1e\ud835\udc27\ud835\udc1e\ud835\udc33 \ud835\udc2f\ud835\udc28\ud835\udc2c \ud835\udc29\ud835\udc1a\ud835\udc27\ud835\udc22\ud835\udc1e\ud835\udc2b\ud835\udc2c, \ud835\udc28\ud835\udc27 \ud835\udc2c\ud835\udc1e \ud835\udc2b\ud835\udc1e\u0301\ud835\udc23\ud835\udc28\ud835\udc2e\ud835\udc22\ud835\udc2d \ud835\udc1d\ud835\udc1e \ud835\udc2f\ud835\udc28\ud835\udc2e\ud835\udc2c \ud835\udc32 \ud835\udc2b\ud835\udc1e\ud835\udc27\ud835\udc1c\ud835\udc28\ud835\udc27\ud835\udc2d\ud835\udc2b\ud835\udc1e\ud835\udc2b ! <br>----------<\/span><\/div><\/div><\/div>\n\t<\/li>\n\t<li class=\"simcal-event simcal-event-recurring simcal-events-calendar-25 simcal-tooltip\" itemscope itemtype=\"http:\/\/schema.org\/Event\">\n\t\t<span class=\"simcal-event-title\" style=\"color:#e0b066\">Whist<br\/> 18:00- 19:00<\/span>\n\t\t<div class=\"simcal-event-details simcal-tooltip-content\" style=\"display: none;\"><p><strong><span class=\"simcal-event-title\" itemprop=\"name\">Whist<\/span><\/strong><\/p>\n<p><span class=\"simcal-event-start simcal-event-start-date\" data-event-start=\"1787846400\" data-event-format=\"j F Y\" itemprop=\"startDate\" content=\"2026-08-27T18:00:00+02:00\">27 ao\u00fbt 2026<\/span>&nbsp;&nbsp;<span class=\"simcal-event-start simcal-event-start-time\" data-event-start=\"1787846400\" data-event-format=\"H:i\" itemprop=\"startDate\" content=\"2026-08-27T18:00:00+02:00\">18:00<\/span> - <span class=\"simcal-event-end simcal-event-end-time\" data-event-end=\"1787850000\" data-event-format=\"H:i\" itemprop=\"endDate\" content=\"2026-08-27T19:00:00+02:00\">19:00<\/span><br \/>\n <span class=\"simcal-event-address simcal-event-start-location\" itemprop=\"location\" itemscope itemtype=\"http:\/\/schema.org\/Place\"><meta itemprop=\"name\" content=\"Whist\" \/><meta itemprop=\"address\" content=\"Whist\" \/><\/span><\/p>\n<div><div class=\"simcal-event-description\" itemprop=\"description\"><span><span>Joueurs exp\u00e9riment\u00e9s ou novices, rejoignez la table d&#039;amateurs de Whist chaque jeudi d\u00e8s 18h !<\/span><\/span><\/div><\/div><\/div>\n\t<\/li>\n\t<li class=\"simcal-event simcal-event-recurring simcal-events-calendar-2587 simcal-tooltip\" itemscope itemtype=\"http:\/\/schema.org\/Event\">\n\t\t<span class=\"simcal-event-title\" style=\"color:#448fb7\">Chorale<br\/> 18:45- 20:00<\/span>\n\t\t<div class=\"simcal-event-details simcal-tooltip-content\" style=\"display: none;\"><p><strong><span class=\"simcal-event-title\" itemprop=\"name\">Chorale<\/span><\/strong><\/p>\n<p><span class=\"simcal-event-start simcal-event-start-date\" data-event-start=\"1787849100\" data-event-format=\"j F Y\" itemprop=\"startDate\" content=\"2026-08-27T18:45:00+02:00\">27 ao\u00fbt 2026<\/span>&nbsp;&nbsp;<span class=\"simcal-event-start simcal-event-start-time\" data-event-start=\"1787849100\" data-event-format=\"H:i\" itemprop=\"startDate\" content=\"2026-08-27T18:45:00+02:00\">18:45<\/span> - <span class=\"simcal-event-end simcal-event-end-time\" data-event-end=\"1787853600\" data-event-format=\"H:i\" itemprop=\"endDate\" content=\"2026-08-27T20:00:00+02:00\">20:00<\/span><br \/>\n <span class=\"simcal-event-address simcal-event-start-location\" itemprop=\"location\" itemscope itemtype=\"http:\/\/schema.org\/Place\"><meta itemprop=\"name\" content=\"Chorale\" \/><meta itemprop=\"address\" content=\"Chorale\" \/><\/span><\/p>\n<div><div class=\"simcal-event-description\" itemprop=\"description\"><p>Aux voix de nos contr\u00e9es Chaumontoises qui ont l\u2019envie de se r\u00e9unir pour vibrer ensemble en chansons sur un r\u00e9pertoire \u00ab militant et engag\u00e9\u00bb de musique du monde\u00a0<span>\ud83c\udfb6<\/span>\u00a0<span>\ud83c\udf0d<\/span><br \/>Les 2\u00e8 et 4\u00e8 jeudis du mois de 18h45 \u00e0 20h dans la salle \u00ab C\u00f4t\u00e9 Rue\u00bb au 1er\u00e9tage.<\/p>\n<p>Avec la volont\u00e9 d\u2019une certaine implication par ses membres notamment pour proposer des chants pour la chorale suivante (et viser ainsi l\u2019auto-gestion).<\/p>\n<p>Pas d\u2019inscription: entr\u00e9e libre et une participation d\u20191 euro par chorale pour l&#039;occupation de l&#039;espace (\u00e0 apporter le jour m\u00eame en esp\u00e8ces).<\/p>\n<p>Envie de nous rejoindre?<\/p>\n<p>Au plaisir de se retrouver pour chanter ensemble,<\/p>\n<p>Laura et Chlo\u00e9<\/p>\n<\/div><\/div>\n<p> <a href=\"https:\/\/www.google.com\/calendar\/event?eid=YXZzYWowMjRsZDlqbGhtMDh2MnRjdWp0MTdfMjAyNjA4MjdUMTY0NTAwWiBmMzE3ZDkzYjQwMTcwMTlhMmIzOGY1NmJkYjA1NGVkZWNkMWZiZmQxMWM4N2U2MzhmOWFmNWRlNzgyMjY4NjM1QGc&#038;ctz=Europe\/Brussels\" target=\"_blank\" >See more details<\/a><\/p><\/div>\n\t<\/li>\n<\/ul>\n\n\t\t<span class=\"simcal-events-dots\" style=\"display: none;\"><b style=\"color: #000;\"> &bull; <\/b><b style=\"color: #000;\"> &bull; <\/b><b style=\"color: #000;\"> &bull; <\/b><\/span>\n\t<\/div>\n<\/td>\n<td class=\"simcal-day-28 simcal-weekday-5 simcal-past simcal-day simcal-day-has-events simcal-day-has-2-events simcal-events-calendar-2587 simcal-events-calendar-25\" data-events-count=\"2\">\n\t<div>\n\t\t<span class=\"simcal-day-label simcal-day-number\" style=\"background-color: #fdca2b; color: #000000\">28<\/span>\n\t\t<ul class=\"simcal-events\">\t<li class=\"simcal-event simcal-event-recurring simcal-events-calendar-2587 simcal-tooltip\" itemscope itemtype=\"http:\/\/schema.org\/Event\">\n\t\t<span class=\"simcal-event-title\" style=\"color:#448fb7\">P\u00e9tanque<br\/> 18:30- 19:30<\/span>\n\t\t<div class=\"simcal-event-details simcal-tooltip-content\" style=\"display: none;\"><p><strong><span class=\"simcal-event-title\" itemprop=\"name\">P\u00e9tanque<\/span><\/strong><\/p>\n<p><span class=\"simcal-event-start simcal-event-start-date\" data-event-start=\"1787934600\" data-event-format=\"j F Y\" itemprop=\"startDate\" content=\"2026-08-28T18:30:00+02:00\">28 ao\u00fbt 2026<\/span>&nbsp;&nbsp;<span class=\"simcal-event-start simcal-event-start-time\" data-event-start=\"1787934600\" data-event-format=\"H:i\" itemprop=\"startDate\" content=\"2026-08-28T18:30:00+02:00\">18:30<\/span> - <span class=\"simcal-event-end simcal-event-end-time\" data-event-end=\"1787938200\" data-event-format=\"H:i\" itemprop=\"endDate\" content=\"2026-08-28T19:30:00+02:00\">19:30<\/span><br \/>\n <span class=\"simcal-event-address simcal-event-start-location\" itemprop=\"location\" itemscope itemtype=\"http:\/\/schema.org\/Place\"><meta itemprop=\"name\" content=\"P\u00e9tanque\" \/><meta itemprop=\"address\" content=\"P\u00e9tanque\" \/><\/span><\/p>\n<div><div class=\"simcal-event-description\" itemprop=\"description\"><p>Tu tires ou tu pointes ?\u00a0<\/p>\n<p>Un boulodrome et des passionn\u00e9s t&#039;attendent, bienvenue quel que soit ton niveau.\u00a0<\/p>\n<p>Boules et cochonnet sur place.<\/p>\n<p>Participation libre (minimum conseill\u00e9: 2\u20ac\/joueur)<\/p>\n<\/div><\/div>\n<p> <a href=\"https:\/\/www.google.com\/calendar\/event?eid=cjE4c2RsYm04b3BwMHBlZmlianFnOW9scWZfMjAyNjA4MjhUMTYzMDAwWiBmMzE3ZDkzYjQwMTcwMTlhMmIzOGY1NmJkYjA1NGVkZWNkMWZiZmQxMWM4N2U2MzhmOWFmNWRlNzgyMjY4NjM1QGc&#038;ctz=Europe\/Brussels\" target=\"_blank\" >See more details<\/a><\/p><\/div>\n\t<\/li>\n\t<li class=\"simcal-event simcal-event-recurring simcal-events-calendar-25 simcal-tooltip\" itemscope itemtype=\"http:\/\/schema.org\/Event\">\n\t\t<span class=\"simcal-event-title\" style=\"color:#e0b066\">Jeu-D\u00e9couvre : 7 Wonders Architects<br\/> 19:30- 21:30<\/span>\n\t\t<div class=\"simcal-event-details simcal-tooltip-content\" style=\"display: none;\"><p><strong><span class=\"simcal-event-title\" itemprop=\"name\">Jeu-D\u00e9couvre : 7 Wonders Architects<\/span><\/strong><\/p>\n<p><span class=\"simcal-event-start simcal-event-start-date\" data-event-start=\"1787938200\" data-event-format=\"j F Y\" itemprop=\"startDate\" content=\"2026-08-28T19:30:00+02:00\">28 ao\u00fbt 2026<\/span>&nbsp;&nbsp;<span class=\"simcal-event-start simcal-event-start-time\" data-event-start=\"1787938200\" data-event-format=\"H:i\" itemprop=\"startDate\" content=\"2026-08-28T19:30:00+02:00\">19:30<\/span> - <span class=\"simcal-event-end simcal-event-end-time\" data-event-end=\"1787945400\" data-event-format=\"H:i\" itemprop=\"endDate\" content=\"2026-08-28T21:30:00+02:00\">21:30<\/span><br \/>\n <span class=\"simcal-event-address simcal-event-start-location\" itemprop=\"location\" itemscope itemtype=\"http:\/\/schema.org\/Place\"><meta itemprop=\"name\" content=\"Jeu-D\u00e9couvre : 7 Wonders Architects\" \/><meta itemprop=\"address\" content=\"Jeu-D\u00e9couvre : 7 Wonders Architects\" \/><\/span><\/p>\n<div><div class=\"simcal-event-description\" itemprop=\"description\"><span><span>Un vendredi par mois venez (re)d\u00e9couvrir un jeu avec Gilles.<\/span><\/span><b><\/b><br><b><br><\/b>7 Wonders Architects est un nouveau jeu familial inspir\u00e9 de l'univers 7 Wonders. Avec une m\u00e9canique rendue plus accessible et intuitive, il vous propose le m\u00eame objectif que son grand fr\u00e8re: construire une merveille si grandiose qu'elle laissera sa marque dans l'Histoire! Et vous, quelle merveille aimeriez-vous construire en premier?<br><br>Pour tout le monde \u00e0 partir de 8 ans<br><b><br>Inscription souhait\u00e9e:\u00a0\u00a0<a href=\"mailto:gillespetein@gmail.com\" target=\"_blank\">gillespetein@gmail.com<\/a><\/b><\/div><\/div><\/div>\n\t<\/li>\n<\/ul>\n\n\t\t<span class=\"simcal-events-dots\" style=\"display: none;\"><b style=\"color: #000;\"> &bull; <\/b><b style=\"color: #000;\"> &bull; <\/b><\/span>\n\t<\/div>\n<\/td>\n<td class=\"simcal-day-29 simcal-weekday-6 simcal-past simcal-day simcal-day-has-events simcal-day-has-1-events simcal-events-calendar-2587\" data-events-count=\"1\">\n\t<div>\n\t\t<span class=\"simcal-day-label simcal-day-number\" style=\"background-color: #fdca2b; color: #000000\">29<\/span>\n\t\t<ul class=\"simcal-events\">\t<li class=\"simcal-event simcal-events-calendar-2587 simcal-tooltip\" itemscope itemtype=\"http:\/\/schema.org\/Event\">\n\t\t<span class=\"simcal-event-title\" style=\"color:#448fb7\">Cultural Cocktail Dinner<br\/> 18:30- 22:30<\/span>\n\t\t<div class=\"simcal-event-details simcal-tooltip-content\" style=\"display: none;\"><p><strong><span class=\"simcal-event-title\" itemprop=\"name\">Cultural Cocktail Dinner<\/span><\/strong><\/p>\n<p><span class=\"simcal-event-start simcal-event-start-date\" data-event-start=\"1788021000\" data-event-format=\"j F Y\" itemprop=\"startDate\" content=\"2026-08-29T18:30:00+02:00\">29 ao\u00fbt 2026<\/span>&nbsp;&nbsp;<span class=\"simcal-event-start simcal-event-start-time\" data-event-start=\"1788021000\" data-event-format=\"H:i\" itemprop=\"startDate\" content=\"2026-08-29T18:30:00+02:00\">18:30<\/span> - <span class=\"simcal-event-end simcal-event-end-time\" data-event-end=\"1788035400\" data-event-format=\"H:i\" itemprop=\"endDate\" content=\"2026-08-29T22:30:00+02:00\">22:30<\/span><br \/>\n <span class=\"simcal-event-address simcal-event-start-location\" itemprop=\"location\" itemscope itemtype=\"http:\/\/schema.org\/Place\"><meta itemprop=\"name\" content=\"Cultural Cocktail Dinner\" \/><meta itemprop=\"address\" content=\"Cultural Cocktail Dinner\" \/><\/span><\/p>\n<div><div class=\"simcal-event-description\" itemprop=\"description\"><p><span><br \/><span><span><span><span><span><span><span>Get together in a friendly and open environment to connect, share experiences and enjoy cultural exchange !<br \/><\/span><br \/><span><span><span><span>Whether you\u2019re an English-speaking newbie in 1325, a seasoned expat navigating life in this town, or a mixed couple debating which language is best for arguing, this meet up is for you!\u00a0<\/span><\/span><\/span><\/span>\u00a0<br \/>\u00a0<br \/>Please bring something delicious to be shared with the group. Hot and cold beverages will be available from the bar - but home-made specialities are very welcome, as well.<span><span><\/p>\n<p><span><i>\u00a0<\/i><\/span><span><span><span><a href=\"mailto:johanna.griem@gmx.de\" target=\"_blank\"><span><span><span><i>Let\u2019s raise a glass to the beautiful chaos of expat and multicultural life!<\/i><\/span><\/span><\/span><\/a><\/span><\/span><\/span><\/p>\n<p><\/span><\/span><br \/><span>RSVP with Divina <\/span><\/span><\/span><\/span><\/span><\/span><\/span><\/span>+32 477 18 56 04<\/p>\n<\/div><\/div>\n<p> <a href=\"https:\/\/www.google.com\/calendar\/event?eid=M291bWtiNzk2bDNwcHZpcjdjdTk4bDY5NTAgZjMxN2Q5M2I0MDE3MDE5YTJiMzhmNTZiZGIwNTRlZGVjZDFmYmZkMTFjODdlNjM4ZjlhZjVkZTc4MjI2ODYzNUBn&#038;ctz=Europe\/Brussels\" target=\"_blank\" >See more details<\/a><\/p><\/div>\n\t<\/li>\n<\/ul>\n\n\t\t<span class=\"simcal-events-dots\" style=\"display: none;\"><b style=\"color: #000;\"> &bull; <\/b><\/span>\n\t<\/div>\n<\/td>\n<td class=\"simcal-day-30 simcal-weekday-0 simcal-past simcal-day\" data-events-count=\"0\">\n\t<div>\n\t\t<span class=\"simcal-day-label simcal-day-number\">30<\/span>\n\t\t<span class=\"simcal-no-events\"><\/span>\n\t\t<span class=\"simcal-events-dots\" style=\"display: none;\"><\/span>\n\t<\/div>\n<\/td>\n<\/tr><tr class=\"simcal-week simcal-week-35\">\n<td class=\"simcal-day-31 simcal-weekday-1 simcal-past simcal-day\" data-events-count=\"0\">\n\t<div>\n\t\t<span class=\"simcal-day-label simcal-day-number\">31<\/span>\n\t\t<span class=\"simcal-no-events\"><\/span>\n\t\t<span class=\"simcal-events-dots\" style=\"display: none;\"><\/span>\n\t<\/div>\n<\/td>\n<td class=\"simcal-day simcal-day-void \"><\/td>\n<td class=\"simcal-day simcal-day-void \"><\/td>\n<td class=\"simcal-day simcal-day-void \"><\/td>\n<td class=\"simcal-day simcal-day-void \"><\/td>\n<td class=\"simcal-day simcal-day-void \"><\/td>\n<td class=\"simcal-day simcal-day-void simcal-day-void-last\"><\/td>\n\t<\/tr>\n<\/tbody>\n\n            <\/table>\n\n\t\t\t<div class=\"simcal-ajax-loader simcal-spinner-top\" style=\"display: none;\"><i class=\"simcal-icon-spinner simcal-icon-spin\"><\/i><\/div><\/div>[\/vc_column_text][\/vc_column][\/vc_row]<\/p>\n<\/div>","protected":false},"excerpt":{"rendered":"<p>[vc_row][vc_column][vc_column_text]C&rsquo;est ici que tout se passe ! Vous trouverez ci-dessous toutes les activit\u00e9s d\u00e9j\u00e0 planifi\u00e9es \u00e0 notre belle Chaumi\u00e8re! Les diff\u00e9rentes activit\u00e9s sont r\u00e9parties selon 3 cat\u00e9gories: En noir :&#8230;<\/p>\n","protected":false},"author":1,"featured_media":0,"parent":0,"menu_order":0,"comment_status":"closed","ping_status":"closed","template":"","meta":{"_monsterinsights_skip_tracking":false,"footnotes":""},"class_list":["post-27","page","type-page","status-publish","hentry"],"aioseo_notices":[],"_links":{"self":[{"href":"https:\/\/concept-tree.com\/chaumiere\/wp-json\/wp\/v2\/pages\/27","targetHints":{"allow":["GET"]}}],"collection":[{"href":"https:\/\/concept-tree.com\/chaumiere\/wp-json\/wp\/v2\/pages"}],"about":[{"href":"https:\/\/concept-tree.com\/chaumiere\/wp-json\/wp\/v2\/types\/page"}],"author":[{"embeddable":true,"href":"https:\/\/concept-tree.com\/chaumiere\/wp-json\/wp\/v2\/users\/1"}],"replies":[{"embeddable":true,"href":"https:\/\/concept-tree.com\/chaumiere\/wp-json\/wp\/v2\/comments?post=27"}],"version-history":[{"count":16,"href":"https:\/\/concept-tree.com\/chaumiere\/wp-json\/wp\/v2\/pages\/27\/revisions"}],"predecessor-version":[{"id":2641,"href":"https:\/\/concept-tree.com\/chaumiere\/wp-json\/wp\/v2\/pages\/27\/revisions\/2641"}],"wp:attachment":[{"href":"https:\/\/concept-tree.com\/chaumiere\/wp-json\/wp\/v2\/media?parent=27"}],"curies":[{"name":"wp","href":"https:\/\/api.w.org\/{rel}","templated":true}]}}