{"id":27,"date":"2024-02-21T21:35:43","date_gmt":"2024-02-21T20:35:43","guid":{"rendered":"https:\/\/concept-tree.com\/chaumiere\/?page_id=27"},"modified":"2024-03-28T14:35:26","modified_gmt":"2024-03-28T13:35:26","slug":"agenda","status":"publish","type":"page","link":"https:\/\/concept-tree.com\/chaumiere\/agenda\/","title":{"rendered":"L&rsquo;agenda de la Chaumi\u00e8re"},"content":{"rendered":"<div class=\"wpb-content-wrapper\"><p>[vc_row][vc_column][vc_column_text]C&rsquo;est ici que tout se passe ! Vous trouverez ci-dessous toutes les activit\u00e9s d\u00e9j\u00e0 planifi\u00e9es \u00e0 notre belle Chaumi\u00e8re! Les diff\u00e9rentes activit\u00e9s sont r\u00e9parties selon 3 cat\u00e9gories:<\/p>\n<ul>\n<li><span class=\"simcal-event-title\" style=\"color: #000000;\">En noir :<\/span> les heures d&rsquo;ouverture du bar de la Chaumi\u00e8re.<\/li>\n<li><span class=\"simcal-event-title\" style=\"color: #e0b066;\">En jaune:<\/span> les activit\u00e9s organis\u00e9es par la Chaumi\u00e8re. Ces activit\u00e9s ont lieu pendant les heures d&rsquo;ouverture du bar (qui reste ouvert \u00e0 tous), et sont \u00e0 entr\u00e9e libre. Ces activit\u00e9s seront toujours en lien direct avec <a href=\"https:\/\/concept-tree.com\/chaumiere\/projet\/\">les valeurs de la Chaumi\u00e8re<\/a>.<\/li>\n<li><span class=\"simcal-event-title\" style=\"color: #448fb7;\">En bleu:<\/span> les activit\u00e9s organis\u00e9s au sein de la Chaumi\u00e8re par d&rsquo;autres associations ou personnes. V\u00e9rifiez la fiche de l&rsquo;activitit\u00e9 pour tous les d\u00e9tails<\/li>\n<\/ul>\n<p>Contactez-nous pour toute question ou pour organiser votre propre \u00e9v\u00e9nement!<\/p>\n<div class=\"simcal-calendar simcal-default-calendar simcal-default-calendar-grid simcal-default-calendar-light\" data-calendar-id=\"2585\" data-timezone=\"Europe\/Brussels\" data-offset=\"7200\" data-week-start=\"1\" data-calendar-start=\"1777500000\" data-calendar-end=\"1808496000\" data-events-first=\"1774958400\" data-events-last=\"1808496000\">\n\t\t\t\n            <table class=\"simcal-calendar-grid\"\n                   data-event-bubble-trigger=\"hover\">\n                <thead class=\"simcal-calendar-head\">\n                <tr>\n\t\t\t\t\t                        <th class=\"simcal-nav simcal-prev-wrapper\" colspan=\"1\">\n                            <button class=\"simcal-nav-button simcal-month-nav simcal-prev\" title=\"Previous Month\"><i class=\"simcal-icon-left\"><\/i><\/button>\n                        <\/th>\n\t\t\t\t\t                    <th colspan=\"5\"\n                        class=\"simcal-nav simcal-current\"\n                        data-calendar-current=\"1777500000\">\n\t\t\t\t\t\t<h3> <span class=\"simcal-current-month\">avril<\/span>  <span class=\"simcal-current-year\">2026<\/span> <\/h3>                    <\/th>\n\t\t\t\t\t                        <th class=\"simcal-nav simcal-next-wrapper\" colspan=\"1\">\n                            <button class=\"simcal-nav-button simcal-month-nav simcal-next\" title=\"Next Month\"><i class=\"simcal-icon-right\"><\/i><\/button>\n                        <\/th>\n\t\t\t\t\t                <\/tr>\n                <tr>\n\t\t\t\t\t                        <th class=\"simcal-week-day simcal-week-day-1\"\n                            data-screen-small=\"l\"\n                            data-screen-medium=\"lun\"\n                            data-screen-large=\"lundi\">lun<\/th>\n\t\t\t\t\t\t                        <th class=\"simcal-week-day simcal-week-day-2\"\n                            data-screen-small=\"m\"\n                            data-screen-medium=\"mar\"\n                            data-screen-large=\"mardi\">mar<\/th>\n\t\t\t\t\t\t                        <th class=\"simcal-week-day simcal-week-day-3\"\n                            data-screen-small=\"m\"\n                            data-screen-medium=\"mer\"\n                            data-screen-large=\"mercredi\">mer<\/th>\n\t\t\t\t\t\t                        <th class=\"simcal-week-day simcal-week-day-4\"\n                            data-screen-small=\"j\"\n                            data-screen-medium=\"jeu\"\n                            data-screen-large=\"jeudi\">jeu<\/th>\n\t\t\t\t\t\t                        <th class=\"simcal-week-day simcal-week-day-5\"\n                            data-screen-small=\"v\"\n                            data-screen-medium=\"ven\"\n                            data-screen-large=\"vendredi\">ven<\/th>\n\t\t\t\t\t\t                        <th class=\"simcal-week-day simcal-week-day-6\"\n                            data-screen-small=\"s\"\n                            data-screen-medium=\"sam\"\n                            data-screen-large=\"samedi\">sam<\/th>\n\t\t\t\t\t\t                            <th class=\"simcal-week-day simcal-week-day-0\"\n                                data-screen-small=\"d\"\n                                data-screen-medium=\"dim\"\n                                data-screen-large=\"dimanche\">dim<\/th>\n\t\t\t\t\t\t\t                <\/tr>\n                <\/thead>\n\n\t\t\t\t<tbody class=\"simcal-month simcal-month-4\">\n\t<tr class=\"simcal-week simcal-week-14\"><td class=\"simcal-day simcal-day-void \"><\/td>\n<td class=\"simcal-day simcal-day-void simcal-day-void-last\"><\/td>\n<td class=\"simcal-day-1 simcal-weekday-3 simcal-past simcal-day simcal-day-has-events simcal-day-has-2-events simcal-events-calendar-2587 simcal-events-calendar-25\" data-events-count=\"2\">\n\t<div>\n\t\t<span class=\"simcal-day-label simcal-day-number\" style=\"background-color: #fdca2b; color: #000000\">1<\/span>\n\t\t<ul class=\"simcal-events\">\t<li class=\"simcal-event simcal-event-recurring simcal-events-calendar-2587 simcal-tooltip\" itemscope itemtype=\"http:\/\/schema.org\/Event\">\n\t\t<span class=\"simcal-event-title\" style=\"color:#448fb7\">Yin Yoga avec Anne<br\/> 09:30- 10:45<\/span>\n\t\t<div class=\"simcal-event-details simcal-tooltip-content\" style=\"display: none;\"><p><strong><span class=\"simcal-event-title\" itemprop=\"name\">Yin Yoga avec Anne<\/span><\/strong><\/p>\n<p><span class=\"simcal-event-start simcal-event-start-date\" data-event-start=\"1775028600\" data-event-format=\"j F Y\" itemprop=\"startDate\" content=\"2026-04-01T09:30:00+02:00\">1 avril 2026<\/span>&nbsp;&nbsp;<span class=\"simcal-event-start simcal-event-start-time\" data-event-start=\"1775028600\" data-event-format=\"H:i\" itemprop=\"startDate\" content=\"2026-04-01T09:30:00+02:00\">09:30<\/span> - <span class=\"simcal-event-end simcal-event-end-time\" data-event-end=\"1775033100\" data-event-format=\"H:i\" itemprop=\"endDate\" content=\"2026-04-01T10:45:00+02:00\">10:45<\/span><br \/>\n <span class=\"simcal-event-address simcal-event-start-location\" itemprop=\"location\" itemscope itemtype=\"http:\/\/schema.org\/Place\"><meta itemprop=\"name\" content=\"Yin Yoga avec Anne\" \/><meta itemprop=\"address\" content=\"Yin Yoga avec Anne\" \/><\/span><\/p>\n<div><div class=\"simcal-event-description\" itemprop=\"description\"><p><span>Anne vous invite \u00e0 d\u00e9couvrir le Yin Yoga et vous guide \u00e0 chaque s\u00e9ance avec expertise et bienveillance. Le Yin Yoga apaise en profondeur par des poses prolong\u00e9es, lib\u00e9rant les tensions, le stress par une relaxation totale. Au plaisir de partager cette exp\u00e9rience avec vous.<\/span><\/p>\n<p><span>Quand: Le mercredi matin de 9h30 \u00e0 10h45 sur inscription. N\u2019h\u00e9sitez pas \u00e0 me contacter pour toutes demandes d\u2019informations au 0485 47 51 45 ou par mail <a href=\"mailto:anne@akashanyoga.be\" target=\"_blank\">anne@akashanyoga.be<\/a><\/span><\/p>\n<p><span>Pour en savoir plus visitez mon site <a href=\"https:\/\/www.google.com\/url?q=http:\/\/www.akashanyoga.be&amp;sa=D&amp;source=calendar&amp;usd=2&amp;usg=AOvVaw2W-WrwapDJcohjL2Rfdp7c\" target=\"_blank\">www.akashanyoga.be<\/a><\/span><\/p>\n<\/div><\/div>\n<p> <a href=\"https:\/\/www.google.com\/calendar\/event?eid=NDRlcDF0cjM5Y3UyY3VncDQ1bmRlZW1nY3NfMjAyNjA0MDFUMDczMDAwWiBmMzE3ZDkzYjQwMTcwMTlhMmIzOGY1NmJkYjA1NGVkZWNkMWZiZmQxMWM4N2U2MzhmOWFmNWRlNzgyMjY4NjM1QGc&#038;ctz=Europe\/Brussels\" target=\"_blank\" >See more details<\/a><\/p><\/div>\n\t<\/li>\n\t<li class=\"simcal-event simcal-event-recurring simcal-events-calendar-25 simcal-tooltip\" itemscope itemtype=\"http:\/\/schema.org\/Event\">\n\t\t<span class=\"simcal-event-title\" style=\"color:#e0b066\">Caf\u00e9 Poussette<br\/> 10:00- 12:00<\/span>\n\t\t<div class=\"simcal-event-details simcal-tooltip-content\" style=\"display: none;\"><p><strong><span class=\"simcal-event-title\" itemprop=\"name\">Caf\u00e9 Poussette<\/span><\/strong><\/p>\n<p><span class=\"simcal-event-start simcal-event-start-date\" data-event-start=\"1775030400\" data-event-format=\"j F Y\" itemprop=\"startDate\" content=\"2026-04-01T10:00:00+02:00\">1 avril 2026<\/span>&nbsp;&nbsp;<span class=\"simcal-event-start simcal-event-start-time\" data-event-start=\"1775030400\" data-event-format=\"H:i\" itemprop=\"startDate\" content=\"2026-04-01T10:00:00+02:00\">10:00<\/span> - <span class=\"simcal-event-end simcal-event-end-time\" data-event-end=\"1775037600\" data-event-format=\"H:i\" itemprop=\"endDate\" content=\"2026-04-01T12:00:00+02:00\">12:00<\/span><br \/>\n <span class=\"simcal-event-address simcal-event-start-location\" itemprop=\"location\" itemscope itemtype=\"http:\/\/schema.org\/Place\"><meta itemprop=\"name\" content=\"Caf\u00e9 Poussette\" \/><meta itemprop=\"address\" content=\"Caf\u00e9 Poussette\" \/><\/span><\/p>\n<div><div class=\"simcal-event-description\" itemprop=\"description\"><span><span><br>Bienvenue aux parents et tout petits !<br><br>Au programme : Moment de partage et d'\u00e9changes pour changer d'air, se poser ailleurs, dans un lieu adapt\u00e9 aux tout petits (tapis de jeux, table \u00e0 langer...), avec boissons \u00e0 la carte de La Chaumi\u00e8re.<br><br>Si vous avez l'occasion d'annoncer votre venue, tout en sachant qu'on vit parfois au jour-le-jour les premiers mois...0484 12 70 31<br><br>Au plaisir de vous rencontrer ou de vous retrouver!<br><br>Priscilla Milis (La Chaumi\u00e8re) et Virginie Linder (ONE)<br><\/span><br><a href=\"https:\/\/fb.me\/e\/87NsMWyEr\" target=\"_blank\">Lien vers l'\u00e9v\u00e9nement<\/a><\/span><\/div><\/div><\/div>\n\t<\/li>\n<\/ul>\n\n\t\t<span class=\"simcal-events-dots\" style=\"display: none;\"><b style=\"color: #000;\"> &bull; <\/b><b style=\"color: #000;\"> &bull; <\/b><\/span>\n\t<\/div>\n<\/td>\n<td class=\"simcal-day-2 simcal-weekday-4 simcal-past simcal-day simcal-day-has-events simcal-day-has-2-events simcal-events-calendar-25\" data-events-count=\"2\">\n\t<div>\n\t\t<span class=\"simcal-day-label simcal-day-number\" style=\"background-color: #fdca2b; color: #000000\">2<\/span>\n\t\t<ul class=\"simcal-events\">\t<li class=\"simcal-event simcal-event-recurring simcal-events-calendar-25 simcal-tooltip\" itemscope itemtype=\"http:\/\/schema.org\/Event\">\n\t\t<span class=\"simcal-event-title\" style=\"color:#e0b066\">Math et sciences<br\/> 17:30- 18:30<\/span>\n\t\t<div class=\"simcal-event-details simcal-tooltip-content\" style=\"display: none;\"><p><strong><span class=\"simcal-event-title\" itemprop=\"name\">Math et sciences<\/span><\/strong><\/p>\n<p><span class=\"simcal-event-start simcal-event-start-date\" data-event-start=\"1775143800\" data-event-format=\"j F Y\" itemprop=\"startDate\" content=\"2026-04-02T17:30:00+02:00\">2 avril 2026<\/span>&nbsp;&nbsp;<span class=\"simcal-event-start simcal-event-start-time\" data-event-start=\"1775143800\" data-event-format=\"H:i\" itemprop=\"startDate\" content=\"2026-04-02T17:30:00+02:00\">17:30<\/span> - <span class=\"simcal-event-end simcal-event-end-time\" data-event-end=\"1775147400\" data-event-format=\"H:i\" itemprop=\"endDate\" content=\"2026-04-02T18:30:00+02:00\">18:30<\/span><br \/>\n <span class=\"simcal-event-address simcal-event-start-location\" itemprop=\"location\" itemscope itemtype=\"http:\/\/schema.org\/Place\"><meta itemprop=\"name\" content=\"Math et sciences\" \/><meta itemprop=\"address\" content=\"Math et sciences\" \/><\/span><\/p>\n<div><div class=\"simcal-event-description\" itemprop=\"description\"><span><br>Tu es en secondaire et as des soucis en math, chimie ou physique ? Ou un d\u00e9bordement de curiosit\u00e9 ?<br><br>Viens poser toutes tes questions ! <br><br>Tous les jeudis \u00e0 La Chaumi\u00e8re, Geoffroy ou Daniel seront pr\u00e9sents dans la &quot;P&#039;tite&quot; (pi\u00e8ce au 1er \u00e9tage de La Chaumi\u00e8re) pour r\u00e9pondre \u00e0 vos questions et vous aider.<br><\/span><br>Pour une meilleure organisation, prenez rendez-vous par SMS: Geoffroy 0477 98 07 50 ou Daniel 0486 69 24 25<br><span><br>N&#039;h\u00e9sitez pas \u00e0 relayer ! <\/span><\/div><\/div><\/div>\n\t<\/li>\n\t<li class=\"simcal-event simcal-event-recurring simcal-events-calendar-25 simcal-tooltip\" itemscope itemtype=\"http:\/\/schema.org\/Event\">\n\t\t<span class=\"simcal-event-title\" style=\"color:#e0b066\">Whist<br\/> 18:00- 19:00<\/span>\n\t\t<div class=\"simcal-event-details simcal-tooltip-content\" style=\"display: none;\"><p><strong><span class=\"simcal-event-title\" itemprop=\"name\">Whist<\/span><\/strong><\/p>\n<p><span class=\"simcal-event-start simcal-event-start-date\" data-event-start=\"1775145600\" data-event-format=\"j F Y\" itemprop=\"startDate\" content=\"2026-04-02T18:00:00+02:00\">2 avril 2026<\/span>&nbsp;&nbsp;<span class=\"simcal-event-start simcal-event-start-time\" data-event-start=\"1775145600\" data-event-format=\"H:i\" itemprop=\"startDate\" content=\"2026-04-02T18:00:00+02:00\">18:00<\/span> - <span class=\"simcal-event-end simcal-event-end-time\" data-event-end=\"1775149200\" data-event-format=\"H:i\" itemprop=\"endDate\" content=\"2026-04-02T19:00:00+02:00\">19:00<\/span><br \/>\n <span class=\"simcal-event-address simcal-event-start-location\" itemprop=\"location\" itemscope itemtype=\"http:\/\/schema.org\/Place\"><meta itemprop=\"name\" content=\"Whist\" \/><meta itemprop=\"address\" content=\"Whist\" \/><\/span><\/p>\n<div><div class=\"simcal-event-description\" itemprop=\"description\"><span><span>Joueurs exp\u00e9riment\u00e9s ou novices, rejoignez la table d&#039;amateurs de Whist chaque jeudi d\u00e8s 18h !<\/span><\/span><\/div><\/div><\/div>\n\t<\/li>\n<\/ul>\n\n\t\t<span class=\"simcal-events-dots\" style=\"display: none;\"><b style=\"color: #000;\"> &bull; <\/b><b style=\"color: #000;\"> &bull; <\/b><\/span>\n\t<\/div>\n<\/td>\n<td class=\"simcal-day-3 simcal-weekday-5 simcal-past simcal-day\" data-events-count=\"0\">\n\t<div>\n\t\t<span class=\"simcal-day-label simcal-day-number\">3<\/span>\n\t\t<span class=\"simcal-no-events\"><\/span>\n\t\t<span class=\"simcal-events-dots\" style=\"display: none;\"><\/span>\n\t<\/div>\n<\/td>\n<td class=\"simcal-day-4 simcal-weekday-6 simcal-past simcal-day\" data-events-count=\"0\">\n\t<div>\n\t\t<span class=\"simcal-day-label simcal-day-number\">4<\/span>\n\t\t<span class=\"simcal-no-events\"><\/span>\n\t\t<span class=\"simcal-events-dots\" style=\"display: none;\"><\/span>\n\t<\/div>\n<\/td>\n<td class=\"simcal-day-5 simcal-weekday-0 simcal-past simcal-day\" data-events-count=\"0\">\n\t<div>\n\t\t<span class=\"simcal-day-label simcal-day-number\">5<\/span>\n\t\t<span class=\"simcal-no-events\"><\/span>\n\t\t<span class=\"simcal-events-dots\" style=\"display: none;\"><\/span>\n\t<\/div>\n<\/td>\n<\/tr><tr class=\"simcal-week simcal-week-14\">\n<td class=\"simcal-day-6 simcal-weekday-1 simcal-past simcal-day simcal-day-has-events simcal-day-has-2-events simcal-events-calendar-2587\" data-events-count=\"2\">\n\t<div>\n\t\t<span class=\"simcal-day-label simcal-day-number\" style=\"background-color: #fdca2b; color: #000000\">6<\/span>\n\t\t<ul class=\"simcal-events\">\t<li class=\"simcal-event simcal-events-calendar-2587 simcal-tooltip\" itemscope itemtype=\"http:\/\/schema.org\/Event\">\n\t\t<span class=\"simcal-event-title\" style=\"color:#448fb7\">Cultural Cocktail<br\/> 15:00- 18:00<\/span>\n\t\t<div class=\"simcal-event-details simcal-tooltip-content\" style=\"display: none;\"><p><strong><span class=\"simcal-event-title\" itemprop=\"name\">Cultural Cocktail<\/span><\/strong><\/p>\n<p><span class=\"simcal-event-start simcal-event-start-date\" data-event-start=\"1775480400\" data-event-format=\"j F Y\" itemprop=\"startDate\" content=\"2026-04-06T15:00:00+02:00\">6 avril 2026<\/span>&nbsp;&nbsp;<span class=\"simcal-event-start simcal-event-start-time\" data-event-start=\"1775480400\" data-event-format=\"H:i\" itemprop=\"startDate\" content=\"2026-04-06T15:00:00+02:00\">15:00<\/span> - <span class=\"simcal-event-end simcal-event-end-time\" data-event-end=\"1775491200\" data-event-format=\"H:i\" itemprop=\"endDate\" content=\"2026-04-06T18:00:00+02:00\">18:00<\/span><br \/>\n <span class=\"simcal-event-address simcal-event-start-location\" itemprop=\"location\" itemscope itemtype=\"http:\/\/schema.org\/Place\"><meta itemprop=\"name\" content=\"Cultural Cocktail\" \/><meta itemprop=\"address\" content=\"Cultural Cocktail\" \/><\/span><\/p>\n<div><div class=\"simcal-event-description\" itemprop=\"description\"><p><span dir=\"auto\"><br \/>Get together in a friendly and open environment to connect, share experiences and enjoy cultural exchange !<br \/>\u00a0<br \/>Whether you\u2019re an English-speaking newbie in 1325, a seasoned expat navigating life in this town, a mixed couple debating which language is best for arguing, or a person who likes meeting new people, this meet up is for you!\u00a0<br \/>\u00a0<br \/>Please bring something delicious to be shared with the group. Hot and cold beverages will be available from the bar - but home-made specialities are very welcome, as well.<br \/>\u00a0<br \/><span>\ud83d\udccd<\/span> Where: La Chaumi\u00e8re, Rue de Corroy 2, 1325Chaumont-Gistoux<br \/>\u00a0<br \/>RSVP by April 3rd by phone (Dominique): 0473 11 09 05<br \/>\u00a0<br \/>Let\u2019s raise a glass to the beautiful chaos of expat and multicultural life!<\/span><\/p>\n<\/div><\/div>\n<p> <a href=\"https:\/\/www.google.com\/calendar\/event?eid=Y2twbTRkaGg2b29qNGI5ajZvczYyYjlrNmxqNjJiYjE2NWk2MmJiNGM5aGpnb3I0Y2dyM2NlMWc2MCBmMzE3ZDkzYjQwMTcwMTlhMmIzOGY1NmJkYjA1NGVkZWNkMWZiZmQxMWM4N2U2MzhmOWFmNWRlNzgyMjY4NjM1QGc&#038;ctz=Europe\/Brussels\" target=\"_blank\" >See more details<\/a><\/p><\/div>\n\t<\/li>\n\t<li class=\"simcal-event simcal-event-recurring simcal-events-calendar-2587 simcal-tooltip\" itemscope itemtype=\"http:\/\/schema.org\/Event\">\n\t\t<span class=\"simcal-event-title\" style=\"color:#448fb7\">Yoga avec Marie-Astrid<br\/> 17:30- 20:30<\/span>\n\t\t<div class=\"simcal-event-details simcal-tooltip-content\" style=\"display: none;\"><p><strong><span class=\"simcal-event-title\" itemprop=\"name\">Yoga avec Marie-Astrid<\/span><\/strong><\/p>\n<p><span class=\"simcal-event-start simcal-event-start-date\" data-event-start=\"1775489400\" data-event-format=\"j F Y\" itemprop=\"startDate\" content=\"2026-04-06T17:30:00+02:00\">6 avril 2026<\/span>&nbsp;&nbsp;<span class=\"simcal-event-start simcal-event-start-time\" data-event-start=\"1775489400\" data-event-format=\"H:i\" itemprop=\"startDate\" content=\"2026-04-06T17:30:00+02:00\">17:30<\/span> - <span class=\"simcal-event-end simcal-event-end-time\" data-event-end=\"1775500200\" data-event-format=\"H:i\" itemprop=\"endDate\" content=\"2026-04-06T20:30:00+02:00\">20:30<\/span><br \/>\n <span class=\"simcal-event-address simcal-event-start-location\" itemprop=\"location\" itemscope itemtype=\"http:\/\/schema.org\/Place\"><meta itemprop=\"name\" content=\"Yoga avec Marie-Astrid\" \/><meta itemprop=\"address\" content=\"Yoga avec Marie-Astrid\" \/><\/span><\/p>\n<div><div class=\"simcal-event-description\" itemprop=\"description\"><p><span><span><span>Je vous propose des s\u00e9ances d&#039;Hatha Yoga. J&#039;aime animer les s\u00e9ances avec l\u00e9g\u00e8ret\u00e9, cr\u00e9ativit\u00e9 et int\u00e9riorit\u00e9. J&#039;invite votre corps \u00e0 voyager vers l&#039;unit\u00e9 et le sacr\u00e9. <\/p>\n<p>Ma formation  d&#039;infirmi\u00e8re m&#039;a offert un regard plus attentif \u00e0 votre corps et ses limites. Je suis form\u00e9e et donne des soins en r\u00e9flexologie plantaire ce qui compl\u00e8te mes connaissances de ce fabuleux et ing\u00e9nieux corps que nous habitons.  <br \/>Enfin, j&#039;ai choisi de me former au Hatha Yoga pour compl\u00e9ter mon approche et relier corps, esprit et \u00e2me. <\/p>\n<p>Au plaisir de vous rencontrer <span>\ud83c\udf1f<\/span><br \/><span><\/span><br \/><span>Marie-Astrid<\/span><\/span><\/span><\/span><br \/><span><span><span><span>\u00a0<\/span><\/span><\/span><\/span><br \/><span><span><span><span><b>Deux cours: de 17h30 \u00e0 18h45 ou de 19h \u00e0 20h15.<\/b><\/span><\/span><\/span><\/span><br \/><span><span><span><b>\u00a0<\/b><br \/><b>Pour infos, tarif et r\u00e9servations: Marie-Astrid 0476 56 36 66<\/b><br \/>\u00a0<br \/><span>\ud83c\udf1f<\/span>Notre corps est notre temple, prenons en soin !<span>\ud83c\udf1f<\/span><\/span><\/span><\/span><\/p>\n<\/div><\/div>\n<p> <a href=\"https:\/\/www.google.com\/calendar\/event?eid=NDl0YXFhaG91djQ3bjQyM2xia3Q0M3NjdmNfMjAyNjA0MDZUMTUzMDAwWiBmMzE3ZDkzYjQwMTcwMTlhMmIzOGY1NmJkYjA1NGVkZWNkMWZiZmQxMWM4N2U2MzhmOWFmNWRlNzgyMjY4NjM1QGc&#038;ctz=Europe\/Brussels\" target=\"_blank\" >See more details<\/a><\/p><\/div>\n\t<\/li>\n<\/ul>\n\n\t\t<span class=\"simcal-events-dots\" style=\"display: none;\"><b style=\"color: #000;\"> &bull; <\/b><b style=\"color: #000;\"> &bull; <\/b><\/span>\n\t<\/div>\n<\/td>\n<td class=\"simcal-day-7 simcal-weekday-2 simcal-past simcal-day simcal-day-has-events simcal-day-has-4-events simcal-events-calendar-2587\" data-events-count=\"4\">\n\t<div>\n\t\t<span class=\"simcal-day-label simcal-day-number\" style=\"background-color: #fdca2b; color: #000000\">7<\/span>\n\t\t<ul class=\"simcal-events\">\t<li class=\"simcal-event simcal-event-recurring simcal-events-calendar-2587 simcal-tooltip\" itemscope itemtype=\"http:\/\/schema.org\/Event\">\n\t\t<span class=\"simcal-event-title\" style=\"color:#448fb7\">Bridge<br\/> 14:00- 16:30<\/span>\n\t\t<div class=\"simcal-event-details simcal-tooltip-content\" style=\"display: none;\"><p><strong><span class=\"simcal-event-title\" itemprop=\"name\">Bridge<\/span><\/strong><\/p>\n<p><span class=\"simcal-event-start simcal-event-start-date\" data-event-start=\"1775563200\" data-event-format=\"j F Y\" itemprop=\"startDate\" content=\"2026-04-07T14:00:00+02:00\">7 avril 2026<\/span>&nbsp;&nbsp;<span class=\"simcal-event-start simcal-event-start-time\" data-event-start=\"1775563200\" data-event-format=\"H:i\" itemprop=\"startDate\" content=\"2026-04-07T14:00:00+02:00\">14:00<\/span> - <span class=\"simcal-event-end simcal-event-end-time\" data-event-end=\"1775572200\" data-event-format=\"H:i\" itemprop=\"endDate\" content=\"2026-04-07T16:30:00+02:00\">16:30<\/span><br \/>\n <span class=\"simcal-event-address simcal-event-start-location\" itemprop=\"location\" itemscope itemtype=\"http:\/\/schema.org\/Place\"><meta itemprop=\"name\" content=\"Bridge\" \/><meta itemprop=\"address\" content=\"Bridge\" \/><\/span><\/p>\n<div><div class=\"simcal-event-description\" itemprop=\"description\"><p><span><b>Qu\u2019il est agr\u00e9able de jouer aux cartes !<\/b> Cela fait travailler nos m\u00e9ninges et nous rapproche tous \ud83d\ude0a<\/p>\n<p><\/span><span>Un mini-tournoi de bridge ouvert \u00e0 tous: d\u00e9butants ou exp\u00e9riment\u00e9s, deux tables diff\u00e9rentes seront cr\u00e9es. Pierre sera l\u00e0 pour accompagner les d\u00e9butants.<\/span><br \/><span>\u00a0<\/span><br \/><span><b>Prix libre<\/b> pour couvrir les charges de La Chaumi\u00e8re. Merci de pr\u00e9voir du cash.<\/span><br \/><span>\u00a0<\/span><span><br \/><\/span><span><b>Inscription souhait\u00e9e:<\/b> <a href=\"mailto:pierre.semal@uclouvain.be\" target=\"_blank\">pierre.semal@uclouvain.be<\/a><\/span><\/p>\n<\/div><\/div>\n<p> <a href=\"https:\/\/www.google.com\/calendar\/event?eid=NTNzaTNxb2g4bXYxaGdpYTk3OGViMGtxNmNfMjAyNjA0MDdUMTIwMDAwWiBmMzE3ZDkzYjQwMTcwMTlhMmIzOGY1NmJkYjA1NGVkZWNkMWZiZmQxMWM4N2U2MzhmOWFmNWRlNzgyMjY4NjM1QGc&#038;ctz=Europe\/Brussels\" target=\"_blank\" >See more details<\/a><\/p><\/div>\n\t<\/li>\n\t<li class=\"simcal-event simcal-events-calendar-2587 simcal-tooltip\" itemscope itemtype=\"http:\/\/schema.org\/Event\">\n\t\t<span class=\"simcal-event-title\" style=\"color:#448fb7\">Inauguration Boulodrome<br\/> 14:00- 17:00<\/span>\n\t\t<div class=\"simcal-event-details simcal-tooltip-content\" style=\"display: none;\"><p><strong><span class=\"simcal-event-title\" itemprop=\"name\">Inauguration Boulodrome<\/span><\/strong><\/p>\n<p><span class=\"simcal-event-start simcal-event-start-date\" data-event-start=\"1775563200\" data-event-format=\"j F Y\" itemprop=\"startDate\" content=\"2026-04-07T14:00:00+02:00\">7 avril 2026<\/span>&nbsp;&nbsp;<span class=\"simcal-event-start simcal-event-start-time\" data-event-start=\"1775563200\" data-event-format=\"H:i\" itemprop=\"startDate\" content=\"2026-04-07T14:00:00+02:00\">14:00<\/span> - <span class=\"simcal-event-end simcal-event-end-time\" data-event-end=\"1775574000\" data-event-format=\"H:i\" itemprop=\"endDate\" content=\"2026-04-07T17:00:00+02:00\">17:00<\/span><br \/>\n <span class=\"simcal-event-address simcal-event-start-location\" itemprop=\"location\" itemscope itemtype=\"http:\/\/schema.org\/Place\"><meta itemprop=\"name\" content=\"Inauguration Boulodrome\" \/><meta itemprop=\"address\" content=\"Inauguration Boulodrome\" \/><\/span><\/p>\n<div><\/div>\n<p> <a href=\"https:\/\/www.google.com\/calendar\/event?eid=NzFpMzhvajU2ZGkzaWI5ZzY5Z200YjlrNm9yM2ViYjI2b3JtMmI5azc0cDNnb2huY29yM2FvOW02MCBmMzE3ZDkzYjQwMTcwMTlhMmIzOGY1NmJkYjA1NGVkZWNkMWZiZmQxMWM4N2U2MzhmOWFmNWRlNzgyMjY4NjM1QGc&#038;ctz=Europe\/Brussels\" target=\"_blank\" >See more details<\/a><\/p><\/div>\n\t<\/li>\n\t<li class=\"simcal-event simcal-events-calendar-2587 simcal-tooltip\" itemscope itemtype=\"http:\/\/schema.org\/Event\">\n\t\t<span class=\"simcal-event-title\" style=\"color:#448fb7\">Conf\u00e9rence Pablo Servigne - Tisser des Liens \u00e0 travers les temp\u00eates<br\/> 18:00- 21:00<\/span>\n\t\t<div class=\"simcal-event-details simcal-tooltip-content\" style=\"display: none;\"><p><strong><span class=\"simcal-event-title\" itemprop=\"name\">Conf\u00e9rence Pablo Servigne - Tisser des Liens \u00e0 travers les temp\u00eates<\/span><\/strong><\/p>\n<p><span class=\"simcal-event-start simcal-event-start-date\" data-event-start=\"1775577600\" data-event-format=\"j F Y\" itemprop=\"startDate\" content=\"2026-04-07T18:00:00+02:00\">7 avril 2026<\/span>&nbsp;&nbsp;<span class=\"simcal-event-start simcal-event-start-time\" data-event-start=\"1775577600\" data-event-format=\"H:i\" itemprop=\"startDate\" content=\"2026-04-07T18:00:00+02:00\">18:00<\/span> - <span class=\"simcal-event-end simcal-event-end-time\" data-event-end=\"1775588400\" data-event-format=\"H:i\" itemprop=\"endDate\" content=\"2026-04-07T21:00:00+02:00\">21:00<\/span><br \/>\n <span class=\"simcal-event-address simcal-event-start-location\" itemprop=\"location\" itemscope itemtype=\"http:\/\/schema.org\/Place\"><meta itemprop=\"name\" content=\"Conf\u00e9rence Pablo Servigne - Tisser des Liens \u00e0 travers les temp\u00eates\" \/><meta itemprop=\"address\" content=\"Conf\u00e9rence Pablo Servigne - Tisser des Liens \u00e0 travers les temp\u00eates\" \/><\/span><\/p>\n<div><div class=\"simcal-event-description\" itemprop=\"description\"><p>A LLN, Socrate 11<\/p>\n<\/div><\/div>\n<p> <a href=\"https:\/\/www.google.com\/calendar\/event?eid=N2c0dWdsdnVocjFidTkzNjZqb3U3dmxhZG4gZjMxN2Q5M2I0MDE3MDE5YTJiMzhmNTZiZGIwNTRlZGVjZDFmYmZkMTFjODdlNjM4ZjlhZjVkZTc4MjI2ODYzNUBn&#038;ctz=Europe\/Brussels\" target=\"_blank\" >See more details<\/a><\/p><\/div>\n\t<\/li>\n\t<li class=\"simcal-event simcal-event-recurring simcal-events-calendar-2587 simcal-tooltip\" itemscope itemtype=\"http:\/\/schema.org\/Event\">\n\t\t<span class=\"simcal-event-title\" style=\"color:#448fb7\">Yogath\u00e9rapie du dos<br\/> 18:15- 19:30<\/span>\n\t\t<div class=\"simcal-event-details simcal-tooltip-content\" style=\"display: none;\"><p><strong><span class=\"simcal-event-title\" itemprop=\"name\">Yogath\u00e9rapie du dos<\/span><\/strong><\/p>\n<p><span class=\"simcal-event-start simcal-event-start-date\" data-event-start=\"1775578500\" data-event-format=\"j F Y\" itemprop=\"startDate\" content=\"2026-04-07T18:15:00+02:00\">7 avril 2026<\/span>&nbsp;&nbsp;<span class=\"simcal-event-start simcal-event-start-time\" data-event-start=\"1775578500\" data-event-format=\"H:i\" itemprop=\"startDate\" content=\"2026-04-07T18:15:00+02:00\">18:15<\/span> - <span class=\"simcal-event-end simcal-event-end-time\" data-event-end=\"1775583000\" data-event-format=\"H:i\" itemprop=\"endDate\" content=\"2026-04-07T19:30:00+02:00\">19:30<\/span><br \/>\n <span class=\"simcal-event-address simcal-event-start-location\" itemprop=\"location\" itemscope itemtype=\"http:\/\/schema.org\/Place\"><meta itemprop=\"name\" content=\"Yogath\u00e9rapie du dos\" \/><meta itemprop=\"address\" content=\"Yogath\u00e9rapie du dos\" \/><\/span><\/p>\n<div><div class=\"simcal-event-description\" itemprop=\"description\"><p>Vous avez mal au dos ? Vous avez une pathologie de la colonne vert\u00e9brale ?<\/p>\n<p>Nos vies s\u00e9dentaires, devant les \u00e9crans, nos rythmes de vie effr\u00e9n\u00e9s g\u00e9n\u00e8rent des maladies li\u00e9es au stress, de mauvaises habitudes posturales qui sont les causes courantes des douleurs du dos.\u00a0<span>Anne<\/span>\u00a0vous propose une pratique alliant postures et souffle adapt\u00e9e sp\u00e9cifiquement aux pathologies comme la sciatique, l\u2019hernie discale, l\u2019hyperlordose, l\u2019hypersyphose.<\/p>\n<p><span><span><span>Contact et inscription au 0485 47 51 45 ou par mail <a href=\"mailto:anne@akashanyoga.be\" target=\"_blank\">anne@akashanyoga.be<\/a><\/span><\/span><\/span>\u00a0<\/p>\n<p><span><span><span>Pour en savoir plus visitez mon site <a href=\"http:\/\/www.akashanyoga.be\" target=\"_blank\">www.akashanyoga.be<\/a><\/span><\/span><\/span><\/p>\n<\/div><\/div>\n<p> <a href=\"https:\/\/www.google.com\/calendar\/event?eid=NWFvZTNjN3FycWU2YW1lYWgzOXVxMmFldHZfMjAyNjA0MDdUMTYxNTAwWiBmMzE3ZDkzYjQwMTcwMTlhMmIzOGY1NmJkYjA1NGVkZWNkMWZiZmQxMWM4N2U2MzhmOWFmNWRlNzgyMjY4NjM1QGc&#038;ctz=Europe\/Brussels\" target=\"_blank\" >See more details<\/a><\/p><\/div>\n\t<\/li>\n<\/ul>\n\n\t\t<span class=\"simcal-events-dots\" style=\"display: none;\"><b style=\"color: #000;\"> &bull; <\/b><b style=\"color: #000;\"> &bull; <\/b><b style=\"color: #000;\"> &bull; <\/b><b style=\"color: #000;\"> &bull; <\/b><\/span>\n\t<\/div>\n<\/td>\n<td class=\"simcal-day-8 simcal-weekday-3 simcal-past simcal-day simcal-day-has-events simcal-day-has-1-events simcal-events-calendar-2587\" data-events-count=\"1\">\n\t<div>\n\t\t<span class=\"simcal-day-label simcal-day-number\" style=\"background-color: #fdca2b; color: #000000\">8<\/span>\n\t\t<ul class=\"simcal-events\">\t<li class=\"simcal-event simcal-event-recurring simcal-events-calendar-2587 simcal-tooltip\" itemscope itemtype=\"http:\/\/schema.org\/Event\">\n\t\t<span class=\"simcal-event-title\" style=\"color:#448fb7\">Yin Yoga avec Anne<br\/> 09:30- 10:45<\/span>\n\t\t<div class=\"simcal-event-details simcal-tooltip-content\" style=\"display: none;\"><p><strong><span class=\"simcal-event-title\" itemprop=\"name\">Yin Yoga avec Anne<\/span><\/strong><\/p>\n<p><span class=\"simcal-event-start simcal-event-start-date\" data-event-start=\"1775633400\" data-event-format=\"j F Y\" itemprop=\"startDate\" content=\"2026-04-08T09:30:00+02:00\">8 avril 2026<\/span>&nbsp;&nbsp;<span class=\"simcal-event-start simcal-event-start-time\" data-event-start=\"1775633400\" data-event-format=\"H:i\" itemprop=\"startDate\" content=\"2026-04-08T09:30:00+02:00\">09:30<\/span> - <span class=\"simcal-event-end simcal-event-end-time\" data-event-end=\"1775637900\" data-event-format=\"H:i\" itemprop=\"endDate\" content=\"2026-04-08T10:45:00+02:00\">10:45<\/span><br \/>\n <span class=\"simcal-event-address simcal-event-start-location\" itemprop=\"location\" itemscope itemtype=\"http:\/\/schema.org\/Place\"><meta itemprop=\"name\" content=\"Yin Yoga avec Anne\" \/><meta itemprop=\"address\" content=\"Yin Yoga avec Anne\" \/><\/span><\/p>\n<div><div class=\"simcal-event-description\" itemprop=\"description\"><p><span>Anne vous invite \u00e0 d\u00e9couvrir le Yin Yoga et vous guide \u00e0 chaque s\u00e9ance avec expertise et bienveillance. Le Yin Yoga apaise en profondeur par des poses prolong\u00e9es, lib\u00e9rant les tensions, le stress par une relaxation totale. Au plaisir de partager cette exp\u00e9rience avec vous.<\/span><\/p>\n<p><span>Quand: Le mercredi matin de 9h30 \u00e0 10h45 sur inscription. N\u2019h\u00e9sitez pas \u00e0 me contacter pour toutes demandes d\u2019informations au 0485 47 51 45 ou par mail <a href=\"mailto:anne@akashanyoga.be\" target=\"_blank\">anne@akashanyoga.be<\/a><\/span><\/p>\n<p><span>Pour en savoir plus visitez mon site <a href=\"https:\/\/www.google.com\/url?q=http:\/\/www.akashanyoga.be&amp;sa=D&amp;source=calendar&amp;usd=2&amp;usg=AOvVaw2W-WrwapDJcohjL2Rfdp7c\" target=\"_blank\">www.akashanyoga.be<\/a><\/span><\/p>\n<\/div><\/div>\n<p> <a href=\"https:\/\/www.google.com\/calendar\/event?eid=NDRlcDF0cjM5Y3UyY3VncDQ1bmRlZW1nY3NfMjAyNjA0MDhUMDczMDAwWiBmMzE3ZDkzYjQwMTcwMTlhMmIzOGY1NmJkYjA1NGVkZWNkMWZiZmQxMWM4N2U2MzhmOWFmNWRlNzgyMjY4NjM1QGc&#038;ctz=Europe\/Brussels\" target=\"_blank\" >See more details<\/a><\/p><\/div>\n\t<\/li>\n<\/ul>\n\n\t\t<span class=\"simcal-events-dots\" style=\"display: none;\"><b style=\"color: #000;\"> &bull; <\/b><\/span>\n\t<\/div>\n<\/td>\n<td class=\"simcal-day-9 simcal-weekday-4 simcal-past simcal-day simcal-day-has-events simcal-day-has-3-events simcal-events-calendar-25 simcal-events-calendar-2587\" data-events-count=\"3\">\n\t<div>\n\t\t<span class=\"simcal-day-label simcal-day-number\" style=\"background-color: #fdca2b; color: #000000\">9<\/span>\n\t\t<ul class=\"simcal-events\">\t<li class=\"simcal-event simcal-event-recurring simcal-events-calendar-25 simcal-tooltip\" itemscope itemtype=\"http:\/\/schema.org\/Event\">\n\t\t<span class=\"simcal-event-title\" style=\"color:#e0b066\">Math et sciences<br\/> 17:30- 18:30<\/span>\n\t\t<div class=\"simcal-event-details simcal-tooltip-content\" style=\"display: none;\"><p><strong><span class=\"simcal-event-title\" itemprop=\"name\">Math et sciences<\/span><\/strong><\/p>\n<p><span class=\"simcal-event-start simcal-event-start-date\" data-event-start=\"1775748600\" data-event-format=\"j F Y\" itemprop=\"startDate\" content=\"2026-04-09T17:30:00+02:00\">9 avril 2026<\/span>&nbsp;&nbsp;<span class=\"simcal-event-start simcal-event-start-time\" data-event-start=\"1775748600\" data-event-format=\"H:i\" itemprop=\"startDate\" content=\"2026-04-09T17:30:00+02:00\">17:30<\/span> - <span class=\"simcal-event-end simcal-event-end-time\" data-event-end=\"1775752200\" data-event-format=\"H:i\" itemprop=\"endDate\" content=\"2026-04-09T18:30:00+02:00\">18:30<\/span><br \/>\n <span class=\"simcal-event-address simcal-event-start-location\" itemprop=\"location\" itemscope itemtype=\"http:\/\/schema.org\/Place\"><meta itemprop=\"name\" content=\"Math et sciences\" \/><meta itemprop=\"address\" content=\"Math et sciences\" \/><\/span><\/p>\n<div><div class=\"simcal-event-description\" itemprop=\"description\"><span><br>Tu es en secondaire et as des soucis en math, chimie ou physique ? Ou un d\u00e9bordement de curiosit\u00e9 ?<br><br>Viens poser toutes tes questions ! <br><br>Tous les jeudis \u00e0 La Chaumi\u00e8re, Geoffroy ou Daniel seront pr\u00e9sents dans la &quot;P&#039;tite&quot; (pi\u00e8ce au 1er \u00e9tage de La Chaumi\u00e8re) pour r\u00e9pondre \u00e0 vos questions et vous aider.<br><\/span><br>Pour une meilleure organisation, prenez rendez-vous par SMS: Geoffroy 0477 98 07 50 ou Daniel 0486 69 24 25<br><span><br>N&#039;h\u00e9sitez pas \u00e0 relayer ! <\/span><\/div><\/div><\/div>\n\t<\/li>\n\t<li class=\"simcal-event simcal-event-recurring simcal-events-calendar-25 simcal-tooltip\" itemscope itemtype=\"http:\/\/schema.org\/Event\">\n\t\t<span class=\"simcal-event-title\" style=\"color:#e0b066\">Whist<br\/> 18:00- 19:00<\/span>\n\t\t<div class=\"simcal-event-details simcal-tooltip-content\" style=\"display: none;\"><p><strong><span class=\"simcal-event-title\" itemprop=\"name\">Whist<\/span><\/strong><\/p>\n<p><span class=\"simcal-event-start simcal-event-start-date\" data-event-start=\"1775750400\" data-event-format=\"j F Y\" itemprop=\"startDate\" content=\"2026-04-09T18:00:00+02:00\">9 avril 2026<\/span>&nbsp;&nbsp;<span class=\"simcal-event-start simcal-event-start-time\" data-event-start=\"1775750400\" data-event-format=\"H:i\" itemprop=\"startDate\" content=\"2026-04-09T18:00:00+02:00\">18:00<\/span> - <span class=\"simcal-event-end simcal-event-end-time\" data-event-end=\"1775754000\" data-event-format=\"H:i\" itemprop=\"endDate\" content=\"2026-04-09T19:00:00+02:00\">19:00<\/span><br \/>\n <span class=\"simcal-event-address simcal-event-start-location\" itemprop=\"location\" itemscope itemtype=\"http:\/\/schema.org\/Place\"><meta itemprop=\"name\" content=\"Whist\" \/><meta itemprop=\"address\" content=\"Whist\" \/><\/span><\/p>\n<div><div class=\"simcal-event-description\" itemprop=\"description\"><span><span>Joueurs exp\u00e9riment\u00e9s ou novices, rejoignez la table d&#039;amateurs de Whist chaque jeudi d\u00e8s 18h !<\/span><\/span><\/div><\/div><\/div>\n\t<\/li>\n\t<li class=\"simcal-event simcal-event-recurring simcal-events-calendar-2587 simcal-tooltip\" itemscope itemtype=\"http:\/\/schema.org\/Event\">\n\t\t<span class=\"simcal-event-title\" style=\"color:#448fb7\">Chorale<br\/> 18:45- 20:00<\/span>\n\t\t<div class=\"simcal-event-details simcal-tooltip-content\" style=\"display: none;\"><p><strong><span class=\"simcal-event-title\" itemprop=\"name\">Chorale<\/span><\/strong><\/p>\n<p><span class=\"simcal-event-start simcal-event-start-date\" data-event-start=\"1775753100\" data-event-format=\"j F Y\" itemprop=\"startDate\" content=\"2026-04-09T18:45:00+02:00\">9 avril 2026<\/span>&nbsp;&nbsp;<span class=\"simcal-event-start simcal-event-start-time\" data-event-start=\"1775753100\" data-event-format=\"H:i\" itemprop=\"startDate\" content=\"2026-04-09T18:45:00+02:00\">18:45<\/span> - <span class=\"simcal-event-end simcal-event-end-time\" data-event-end=\"1775757600\" data-event-format=\"H:i\" itemprop=\"endDate\" content=\"2026-04-09T20:00:00+02:00\">20:00<\/span><br \/>\n <span class=\"simcal-event-address simcal-event-start-location\" itemprop=\"location\" itemscope itemtype=\"http:\/\/schema.org\/Place\"><meta itemprop=\"name\" content=\"Chorale\" \/><meta itemprop=\"address\" content=\"Chorale\" \/><\/span><\/p>\n<div><div class=\"simcal-event-description\" itemprop=\"description\"><p>Aux voix de nos contr\u00e9es Chaumontoises qui ont l\u2019envie de se r\u00e9unir pour vibrer ensemble en chansons sur un r\u00e9pertoire \u00ab militant et engag\u00e9\u00bb de musique du monde\u00a0<span>\ud83c\udfb6<\/span>\u00a0<span>\ud83c\udf0d<\/span><br \/>Les 2\u00e8 et 4\u00e8 jeudis du mois de 18h45 \u00e0 20h dans la salle \u00ab C\u00f4t\u00e9 Rue\u00bb au 1er\u00e9tage.<\/p>\n<p>Avec la volont\u00e9 d\u2019une certaine implication par ses membres notamment pour proposer des chants pour la chorale suivante (et viser ainsi l\u2019auto-gestion).<\/p>\n<p>Pas d\u2019inscription: entr\u00e9e libre et une participation d\u20191 euro par chorale pour l&#039;occupation de l&#039;espace (\u00e0 apporter le jour m\u00eame en esp\u00e8ces).<\/p>\n<p>Envie de nous rejoindre?<\/p>\n<p>Au plaisir de se retrouver pour chanter ensemble,<\/p>\n<p>Laura et Chlo\u00e9<\/p>\n<\/div><\/div>\n<p> <a href=\"https:\/\/www.google.com\/calendar\/event?eid=MGkwMmNqNTFpa2FkZ3JtODk2Y2o3cTluZnJfMjAyNjA0MDlUMTY0NTAwWiBmMzE3ZDkzYjQwMTcwMTlhMmIzOGY1NmJkYjA1NGVkZWNkMWZiZmQxMWM4N2U2MzhmOWFmNWRlNzgyMjY4NjM1QGc&#038;ctz=Europe\/Brussels\" target=\"_blank\" >See more details<\/a><\/p><\/div>\n\t<\/li>\n<\/ul>\n\n\t\t<span class=\"simcal-events-dots\" style=\"display: none;\"><b style=\"color: #000;\"> &bull; <\/b><b style=\"color: #000;\"> &bull; <\/b><b style=\"color: #000;\"> &bull; <\/b><\/span>\n\t<\/div>\n<\/td>\n<td class=\"simcal-day-10 simcal-weekday-5 simcal-past simcal-day simcal-day-has-events simcal-day-has-1-events simcal-events-calendar-25\" data-events-count=\"1\">\n\t<div>\n\t\t<span class=\"simcal-day-label simcal-day-number\" style=\"background-color: #fdca2b; color: #000000\">10<\/span>\n\t\t<ul class=\"simcal-events\">\t<li class=\"simcal-event simcal-events-calendar-25 simcal-tooltip\" itemscope itemtype=\"http:\/\/schema.org\/Event\">\n\t\t<span class=\"simcal-event-title\" style=\"color:#e0b066\">CONCERT - ACD&#039;ici<br\/> 20:00- 22:00<\/span>\n\t\t<div class=\"simcal-event-details simcal-tooltip-content\" style=\"display: none;\"><p><strong><span class=\"simcal-event-title\" itemprop=\"name\">CONCERT - ACD&#039;ici<\/span><\/strong><\/p>\n<p><span class=\"simcal-event-start simcal-event-start-date\" data-event-start=\"1775844000\" data-event-format=\"j F Y\" itemprop=\"startDate\" content=\"2026-04-10T20:00:00+02:00\">10 avril 2026<\/span>&nbsp;&nbsp;<span class=\"simcal-event-start simcal-event-start-time\" data-event-start=\"1775844000\" data-event-format=\"H:i\" itemprop=\"startDate\" content=\"2026-04-10T20:00:00+02:00\">20:00<\/span> - <span class=\"simcal-event-end simcal-event-end-time\" data-event-end=\"1775851200\" data-event-format=\"H:i\" itemprop=\"endDate\" content=\"2026-04-10T22:00:00+02:00\">22:00<\/span><br \/>\n <span class=\"simcal-event-address simcal-event-start-location\" itemprop=\"location\" itemscope itemtype=\"http:\/\/schema.org\/Place\"><meta itemprop=\"name\" content=\"CONCERT - ACD&#039;ici\" \/><meta itemprop=\"address\" content=\"CONCERT - ACD&#039;ici\" \/><\/span><\/p>\n<div><div class=\"simcal-event-description\" itemprop=\"description\"><p>L'A Cappella Collective D'ici (ACD'ici)\u00a0est\u00a0un groupe de chant a cappella compos\u00e9 de 5 femmes. Leur r\u00e9pertoire est constitu\u00e9 de polyphonies venues des quatre coins du monde, en de nombreuses langues diff\u00e9rentes. Un concert aux couleurs vari\u00e9es ... Pr\u00e9parez-vous pour le voyage !<\/p><br>Au chapeau, merci de pr\u00e9voir du cash.<br>Bar ouvert d\u00e8s 18h<br>\u00a0<br><a href=\"https:\/\/acdici.bio.link\/\" target=\"_blank\">Pour les \u00e9couter: https:\/\/acdici.bio.link\/<\/a><\/div><\/div><\/div>\n\t<\/li>\n<\/ul>\n\n\t\t<span class=\"simcal-events-dots\" style=\"display: none;\"><b style=\"color: #000;\"> &bull; <\/b><\/span>\n\t<\/div>\n<\/td>\n<td class=\"simcal-day-11 simcal-weekday-6 simcal-past simcal-day simcal-day-has-events simcal-day-has-1-events simcal-events-calendar-25\" data-events-count=\"1\">\n\t<div>\n\t\t<span class=\"simcal-day-label simcal-day-number\" style=\"background-color: #fdca2b; color: #000000\">11<\/span>\n\t\t<ul class=\"simcal-events\">\t<li class=\"simcal-event simcal-events-calendar-25 simcal-tooltip\" itemscope itemtype=\"http:\/\/schema.org\/Event\">\n\t\t<span class=\"simcal-event-title\" style=\"color:#e0b066\">Parcours d&#039;Artistes<br\/> 00:00- 23:59<\/span>\n\t\t<div class=\"simcal-event-details simcal-tooltip-content\" style=\"display: none;\"><p><strong><span class=\"simcal-event-title\" itemprop=\"name\">Parcours d&#039;Artistes<\/span><\/strong><\/p>\n<p><span class=\"simcal-event-start simcal-event-start-date\" data-event-start=\"1775858459\" data-event-format=\"j F Y\" itemprop=\"startDate\" content=\"2026-04-11T00:00:59+02:00\">11 avril 2026<\/span> - <span class=\"simcal-event-start simcal-event-end-date\" data-event-start=\"1776031141\" data-event-format=\"j F Y\" itemprop=\"endDate\" content=\"2026-04-12T23:59:01+02:00\">12 avril 2026<\/span>&nbsp;&nbsp;<br \/>\n <span class=\"simcal-event-address simcal-event-start-location\" itemprop=\"location\" itemscope itemtype=\"http:\/\/schema.org\/Place\"><meta itemprop=\"name\" content=\"Parcours d&#039;Artistes\" \/><meta itemprop=\"address\" content=\"Parcours d&#039;Artistes\" \/><\/span><\/p>\n<div><\/div><\/div>\n\t<\/li>\n<\/ul>\n\n\t\t<span class=\"simcal-events-dots\" style=\"display: none;\"><b style=\"color: #000;\"> &bull; <\/b><\/span>\n\t<\/div>\n<\/td>\n<td class=\"simcal-day-12 simcal-weekday-0 simcal-past simcal-day simcal-day-has-events simcal-day-has-1-events simcal-events-calendar-25\" data-events-count=\"1\">\n\t<div>\n\t\t<span class=\"simcal-day-label simcal-day-number\" style=\"background-color: #fdca2b; color: #000000\">12<\/span>\n\t\t<ul class=\"simcal-events\">\t<li class=\"simcal-event simcal-events-calendar-25 simcal-tooltip\" itemscope itemtype=\"http:\/\/schema.org\/Event\">\n\t\t<span class=\"simcal-event-title\" style=\"color:#e0b066\">Parcours d&#039;Artistes<br\/> 00:00- 23:59<\/span>\n\t\t<div class=\"simcal-event-details simcal-tooltip-content\" style=\"display: none;\"><p><strong><span class=\"simcal-event-title\" itemprop=\"name\">Parcours d&#039;Artistes<\/span><\/strong><\/p>\n<p><span class=\"simcal-event-start simcal-event-start-date\" data-event-start=\"1775858459\" data-event-format=\"j F Y\" itemprop=\"startDate\" content=\"2026-04-11T00:00:59+02:00\">11 avril 2026<\/span> - <span class=\"simcal-event-start simcal-event-end-date\" data-event-start=\"1776031141\" data-event-format=\"j F Y\" itemprop=\"endDate\" content=\"2026-04-12T23:59:01+02:00\">12 avril 2026<\/span>&nbsp;&nbsp;<br \/>\n <span class=\"simcal-event-address simcal-event-start-location\" itemprop=\"location\" itemscope itemtype=\"http:\/\/schema.org\/Place\"><meta itemprop=\"name\" content=\"Parcours d&#039;Artistes\" \/><meta itemprop=\"address\" content=\"Parcours d&#039;Artistes\" \/><\/span><\/p>\n<div><\/div><\/div>\n\t<\/li>\n<\/ul>\n\n\t\t<span class=\"simcal-events-dots\" style=\"display: none;\"><b style=\"color: #000;\"> &bull; <\/b><\/span>\n\t<\/div>\n<\/td>\n<\/tr><tr class=\"simcal-week simcal-week-15\">\n<td class=\"simcal-day-13 simcal-weekday-1 simcal-past simcal-day simcal-day-has-events simcal-day-has-2-events simcal-events-calendar-2587\" data-events-count=\"2\">\n\t<div>\n\t\t<span class=\"simcal-day-label simcal-day-number\" style=\"background-color: #fdca2b; color: #000000\">13<\/span>\n\t\t<ul class=\"simcal-events\">\t<li class=\"simcal-event simcal-event-recurring simcal-events-calendar-2587 simcal-tooltip\" itemscope itemtype=\"http:\/\/schema.org\/Event\">\n\t\t<span class=\"simcal-event-title\" style=\"color:#448fb7\">Journ\u00e9e co-working<br\/> 08:45- 17:45<\/span>\n\t\t<div class=\"simcal-event-details simcal-tooltip-content\" style=\"display: none;\"><p><strong><span class=\"simcal-event-title\" itemprop=\"name\">Journ\u00e9e co-working<\/span><\/strong><\/p>\n<p><span class=\"simcal-event-start simcal-event-start-date\" data-event-start=\"1776062700\" data-event-format=\"j F Y\" itemprop=\"startDate\" content=\"2026-04-13T08:45:00+02:00\">13 avril 2026<\/span>&nbsp;&nbsp;<span class=\"simcal-event-start simcal-event-start-time\" data-event-start=\"1776062700\" data-event-format=\"H:i\" itemprop=\"startDate\" content=\"2026-04-13T08:45:00+02:00\">08:45<\/span> - <span class=\"simcal-event-end simcal-event-end-time\" data-event-end=\"1776095100\" data-event-format=\"H:i\" itemprop=\"endDate\" content=\"2026-04-13T17:45:00+02:00\">17:45<\/span><br \/>\n <span class=\"simcal-event-address simcal-event-start-location\" itemprop=\"location\" itemscope itemtype=\"http:\/\/schema.org\/Place\"><meta itemprop=\"name\" content=\"Journ\u00e9e co-working\" \/><meta itemprop=\"address\" content=\"Journ\u00e9e co-working\" \/><\/span><\/p>\n<div><div class=\"simcal-event-description\" itemprop=\"description\"><p>Bienvenu.e.s les lundis \u00e0 La Chaumi\u00e8re pour co-worker ! <\/p>\n<p>- Acc\u00e8s internet et bar (boissons chaudes, softs)<br \/>- Ouvert tous les lundis de 8h45 \u00e0 18h - Dans le Foyer chauff\u00e9, avec possibilit\u00e9 de monter aux \u00e9tages pour des appels ou r\u00e9unions (chauff\u00e9 que sur demande)<br \/>- 5\u20ac\/jour ou 3\u20ac\/demi-jour avec une boisson &lt;2\u20ac inclue<br \/>- Pour le moment, ouvert \u00e0 la communaut\u00e9 et bouche \u00e0 oreilles (b\u00e9n\u00e9voles, personnes qui connaissent La Chaumi\u00e8re) <br \/>- Inscription via pouce lev\u00e9 sur le message envoy\u00e9 le vdd dans un groupe whatsapp<\/p>\n<p>Plus d&#039;infos:<br \/><a href=\"https:\/\/www.google.com\/url?q=https:\/\/docs.google.com\/document\/d\/1yiGqLh9imhYYEF-htvz4J_7xR4XKzq6JmkDqPxDPunA\/edit?usp%3Dsharing&amp;sa=D&amp;source=calendar&amp;usd=2&amp;usg=AOvVaw2f-l8EMkNZE5-7PDWS-HUL\" target=\"_blank\">https:\/\/docs.google.com\/document\/d\/1yiGqLh9imhYYEF-htvz4J_7xR4XKzq6JmkDqPxDPunA\/edit?usp=sharing<\/a><\/p>\n<\/div><\/div>\n<p> <a href=\"https:\/\/www.google.com\/calendar\/event?eid=NXY5ZWdidGJjNW5uYWg1bnZrdmQ0ODk0bXJfMjAyNjA0MTNUMDY0NTAwWiBmMzE3ZDkzYjQwMTcwMTlhMmIzOGY1NmJkYjA1NGVkZWNkMWZiZmQxMWM4N2U2MzhmOWFmNWRlNzgyMjY4NjM1QGc&#038;ctz=Europe\/Brussels\" target=\"_blank\" >See more details<\/a><\/p><\/div>\n\t<\/li>\n\t<li class=\"simcal-event simcal-event-recurring simcal-events-calendar-2587 simcal-tooltip\" itemscope itemtype=\"http:\/\/schema.org\/Event\">\n\t\t<span class=\"simcal-event-title\" style=\"color:#448fb7\">Yoga avec Marie-Astrid<br\/> 17:30- 20:30<\/span>\n\t\t<div class=\"simcal-event-details simcal-tooltip-content\" style=\"display: none;\"><p><strong><span class=\"simcal-event-title\" itemprop=\"name\">Yoga avec Marie-Astrid<\/span><\/strong><\/p>\n<p><span class=\"simcal-event-start simcal-event-start-date\" data-event-start=\"1776094200\" data-event-format=\"j F Y\" itemprop=\"startDate\" content=\"2026-04-13T17:30:00+02:00\">13 avril 2026<\/span>&nbsp;&nbsp;<span class=\"simcal-event-start simcal-event-start-time\" data-event-start=\"1776094200\" data-event-format=\"H:i\" itemprop=\"startDate\" content=\"2026-04-13T17:30:00+02:00\">17:30<\/span> - <span class=\"simcal-event-end simcal-event-end-time\" data-event-end=\"1776105000\" data-event-format=\"H:i\" itemprop=\"endDate\" content=\"2026-04-13T20:30:00+02:00\">20:30<\/span><br \/>\n <span class=\"simcal-event-address simcal-event-start-location\" itemprop=\"location\" itemscope itemtype=\"http:\/\/schema.org\/Place\"><meta itemprop=\"name\" content=\"Yoga avec Marie-Astrid\" \/><meta itemprop=\"address\" content=\"Yoga avec Marie-Astrid\" \/><\/span><\/p>\n<div><div class=\"simcal-event-description\" itemprop=\"description\"><p><span><span><span>Je vous propose des s\u00e9ances d&#039;Hatha Yoga. J&#039;aime animer les s\u00e9ances avec l\u00e9g\u00e8ret\u00e9, cr\u00e9ativit\u00e9 et int\u00e9riorit\u00e9. J&#039;invite votre corps \u00e0 voyager vers l&#039;unit\u00e9 et le sacr\u00e9. <\/p>\n<p>Ma formation  d&#039;infirmi\u00e8re m&#039;a offert un regard plus attentif \u00e0 votre corps et ses limites. Je suis form\u00e9e et donne des soins en r\u00e9flexologie plantaire ce qui compl\u00e8te mes connaissances de ce fabuleux et ing\u00e9nieux corps que nous habitons.  <br \/>Enfin, j&#039;ai choisi de me former au Hatha Yoga pour compl\u00e9ter mon approche et relier corps, esprit et \u00e2me. <\/p>\n<p>Au plaisir de vous rencontrer <span>\ud83c\udf1f<\/span><br \/><span><\/span><br \/><span>Marie-Astrid<\/span><\/span><\/span><\/span><br \/><span><span><span><span>\u00a0<\/span><\/span><\/span><\/span><br \/><span><span><span><span><b>Deux cours: de 17h30 \u00e0 18h45 ou de 19h \u00e0 20h15.<\/b><\/span><\/span><\/span><\/span><br \/><span><span><span><b>\u00a0<\/b><br \/><b>Pour infos, tarif et r\u00e9servations: Marie-Astrid 0476 56 36 66<\/b><br \/>\u00a0<br \/><span>\ud83c\udf1f<\/span>Notre corps est notre temple, prenons en soin !<span>\ud83c\udf1f<\/span><\/span><\/span><\/span><\/p>\n<\/div><\/div>\n<p> <a href=\"https:\/\/www.google.com\/calendar\/event?eid=NDl0YXFhaG91djQ3bjQyM2xia3Q0M3NjdmNfMjAyNjA0MTNUMTUzMDAwWiBmMzE3ZDkzYjQwMTcwMTlhMmIzOGY1NmJkYjA1NGVkZWNkMWZiZmQxMWM4N2U2MzhmOWFmNWRlNzgyMjY4NjM1QGc&#038;ctz=Europe\/Brussels\" target=\"_blank\" >See more details<\/a><\/p><\/div>\n\t<\/li>\n<\/ul>\n\n\t\t<span class=\"simcal-events-dots\" style=\"display: none;\"><b style=\"color: #000;\"> &bull; <\/b><b style=\"color: #000;\"> &bull; <\/b><\/span>\n\t<\/div>\n<\/td>\n<td class=\"simcal-day-14 simcal-weekday-2 simcal-past simcal-day\" data-events-count=\"0\">\n\t<div>\n\t\t<span class=\"simcal-day-label simcal-day-number\">14<\/span>\n\t\t<span class=\"simcal-no-events\"><\/span>\n\t\t<span class=\"simcal-events-dots\" style=\"display: none;\"><\/span>\n\t<\/div>\n<\/td>\n<td class=\"simcal-day-15 simcal-weekday-3 simcal-past simcal-day simcal-day-has-events simcal-day-has-3-events simcal-events-calendar-2587 simcal-events-calendar-25\" data-events-count=\"3\">\n\t<div>\n\t\t<span class=\"simcal-day-label simcal-day-number\" style=\"background-color: #fdca2b; color: #000000\">15<\/span>\n\t\t<ul class=\"simcal-events\">\t<li class=\"simcal-event simcal-event-recurring simcal-events-calendar-2587 simcal-tooltip\" itemscope itemtype=\"http:\/\/schema.org\/Event\">\n\t\t<span class=\"simcal-event-title\" style=\"color:#448fb7\">Yin Yoga avec Anne<br\/> 09:30- 10:45<\/span>\n\t\t<div class=\"simcal-event-details simcal-tooltip-content\" style=\"display: none;\"><p><strong><span class=\"simcal-event-title\" itemprop=\"name\">Yin Yoga avec Anne<\/span><\/strong><\/p>\n<p><span class=\"simcal-event-start simcal-event-start-date\" data-event-start=\"1776238200\" data-event-format=\"j F Y\" itemprop=\"startDate\" content=\"2026-04-15T09:30:00+02:00\">15 avril 2026<\/span>&nbsp;&nbsp;<span class=\"simcal-event-start simcal-event-start-time\" data-event-start=\"1776238200\" data-event-format=\"H:i\" itemprop=\"startDate\" content=\"2026-04-15T09:30:00+02:00\">09:30<\/span> - <span class=\"simcal-event-end simcal-event-end-time\" data-event-end=\"1776242700\" data-event-format=\"H:i\" itemprop=\"endDate\" content=\"2026-04-15T10:45:00+02:00\">10:45<\/span><br \/>\n <span class=\"simcal-event-address simcal-event-start-location\" itemprop=\"location\" itemscope itemtype=\"http:\/\/schema.org\/Place\"><meta itemprop=\"name\" content=\"Yin Yoga avec Anne\" \/><meta itemprop=\"address\" content=\"Yin Yoga avec Anne\" \/><\/span><\/p>\n<div><div class=\"simcal-event-description\" itemprop=\"description\"><p><span>Anne vous invite \u00e0 d\u00e9couvrir le Yin Yoga et vous guide \u00e0 chaque s\u00e9ance avec expertise et bienveillance. Le Yin Yoga apaise en profondeur par des poses prolong\u00e9es, lib\u00e9rant les tensions, le stress par une relaxation totale. Au plaisir de partager cette exp\u00e9rience avec vous.<\/span><\/p>\n<p><span>Quand: Le mercredi matin de 9h30 \u00e0 10h45 sur inscription. N\u2019h\u00e9sitez pas \u00e0 me contacter pour toutes demandes d\u2019informations au 0485 47 51 45 ou par mail <a href=\"mailto:anne@akashanyoga.be\" target=\"_blank\">anne@akashanyoga.be<\/a><\/span><\/p>\n<p><span>Pour en savoir plus visitez mon site <a href=\"https:\/\/www.google.com\/url?q=http:\/\/www.akashanyoga.be&amp;sa=D&amp;source=calendar&amp;usd=2&amp;usg=AOvVaw2W-WrwapDJcohjL2Rfdp7c\" target=\"_blank\">www.akashanyoga.be<\/a><\/span><\/p>\n<\/div><\/div>\n<p> <a href=\"https:\/\/www.google.com\/calendar\/event?eid=NDRlcDF0cjM5Y3UyY3VncDQ1bmRlZW1nY3NfMjAyNjA0MTVUMDczMDAwWiBmMzE3ZDkzYjQwMTcwMTlhMmIzOGY1NmJkYjA1NGVkZWNkMWZiZmQxMWM4N2U2MzhmOWFmNWRlNzgyMjY4NjM1QGc&#038;ctz=Europe\/Brussels\" target=\"_blank\" >See more details<\/a><\/p><\/div>\n\t<\/li>\n\t<li class=\"simcal-event simcal-event-recurring simcal-events-calendar-25 simcal-tooltip\" itemscope itemtype=\"http:\/\/schema.org\/Event\">\n\t\t<span class=\"simcal-event-title\" style=\"color:#e0b066\">Caf\u00e9 Poussette<br\/> 10:00- 12:00<\/span>\n\t\t<div class=\"simcal-event-details simcal-tooltip-content\" style=\"display: none;\"><p><strong><span class=\"simcal-event-title\" itemprop=\"name\">Caf\u00e9 Poussette<\/span><\/strong><\/p>\n<p><span class=\"simcal-event-start simcal-event-start-date\" data-event-start=\"1776240000\" data-event-format=\"j F Y\" itemprop=\"startDate\" content=\"2026-04-15T10:00:00+02:00\">15 avril 2026<\/span>&nbsp;&nbsp;<span class=\"simcal-event-start simcal-event-start-time\" data-event-start=\"1776240000\" data-event-format=\"H:i\" itemprop=\"startDate\" content=\"2026-04-15T10:00:00+02:00\">10:00<\/span> - <span class=\"simcal-event-end simcal-event-end-time\" data-event-end=\"1776247200\" data-event-format=\"H:i\" itemprop=\"endDate\" content=\"2026-04-15T12:00:00+02:00\">12:00<\/span><br \/>\n <span class=\"simcal-event-address simcal-event-start-location\" itemprop=\"location\" itemscope itemtype=\"http:\/\/schema.org\/Place\"><meta itemprop=\"name\" content=\"Caf\u00e9 Poussette\" \/><meta itemprop=\"address\" content=\"Caf\u00e9 Poussette\" \/><\/span><\/p>\n<div><div class=\"simcal-event-description\" itemprop=\"description\"><span><span><br>Bienvenue aux parents et tout petits !<br><br>Au programme : Moment de partage et d'\u00e9changes pour changer d'air, se poser ailleurs, dans un lieu adapt\u00e9 aux tout petits (tapis de jeux, table \u00e0 langer...), avec boissons \u00e0 la carte de La Chaumi\u00e8re.<br><br>Si vous avez l'occasion d'annoncer votre venue, tout en sachant qu'on vit parfois au jour-le-jour les premiers mois...0484 12 70 31<br><br>Au plaisir de vous rencontrer ou de vous retrouver!<br><br>Priscilla Milis (La Chaumi\u00e8re) et Virginie Linder (ONE)<br><\/span><br><a href=\"https:\/\/fb.me\/e\/87NsMWyEr\" target=\"_blank\">Lien vers l'\u00e9v\u00e9nement<\/a><\/span><\/div><\/div><\/div>\n\t<\/li>\n\t<li class=\"simcal-event simcal-event-recurring simcal-events-calendar-2587 simcal-tooltip\" itemscope itemtype=\"http:\/\/schema.org\/Event\">\n\t\t<span class=\"simcal-event-title\" style=\"color:#448fb7\">La Harpe en R\u00e9sonnance<br\/> 19:30- 21:00<\/span>\n\t\t<div class=\"simcal-event-details simcal-tooltip-content\" style=\"display: none;\"><p><strong><span class=\"simcal-event-title\" itemprop=\"name\">La Harpe en R\u00e9sonnance<\/span><\/strong><\/p>\n<p><span class=\"simcal-event-start simcal-event-start-date\" data-event-start=\"1776274200\" data-event-format=\"j F Y\" itemprop=\"startDate\" content=\"2026-04-15T19:30:00+02:00\">15 avril 2026<\/span>&nbsp;&nbsp;<span class=\"simcal-event-start simcal-event-start-time\" data-event-start=\"1776274200\" data-event-format=\"H:i\" itemprop=\"startDate\" content=\"2026-04-15T19:30:00+02:00\">19:30<\/span> - <span class=\"simcal-event-end simcal-event-end-time\" data-event-end=\"1776279600\" data-event-format=\"H:i\" itemprop=\"endDate\" content=\"2026-04-15T21:00:00+02:00\">21:00<\/span><br \/>\n <span class=\"simcal-event-address simcal-event-start-location\" itemprop=\"location\" itemscope itemtype=\"http:\/\/schema.org\/Place\"><meta itemprop=\"name\" content=\"La Harpe en R\u00e9sonnance\" \/><meta itemprop=\"address\" content=\"La Harpe en R\u00e9sonnance\" \/><\/span><\/p>\n<div><div class=\"simcal-event-description\" itemprop=\"description\"><p><span>Durant cette s\u00e9ance Genevi\u00e8ve vous invite \u00e0venir vous asseoir, votre dos pos\u00e9 contre sa harpe afin de recevoir un \u2018soin\u2019individuel dans votre propre ton de r\u00e9sonance. <\/span><span>Lapratique de la musique the\u0301rapeutique, oriente\u0301e vers la re\u0301sonance, cherche a\u0300refle\u0301ter ce qui se passe pour la personne, a\u0300 se mettre dans une vibrationsemblable, a\u0300 suivre ce que l\u2019on trouve et a\u0300 l\u2019explorer. Lorsqu\u2019on refle\u0300te lame\u0302me e\u0301nergie rencontre\u0301e, elle se met en re\u0301sonance et cette e\u0301nergieaugmente.<\/span>\u2028<span>On peut ainsi aider le corps a\u0300 retrouver sone\u0301quilibre. C\u2019est vraiment la musique, notamment la re\u0301sonance qui produitl\u2019effet the\u0301rapeutique. C\u2019est la personne qui e\u0301coute la musique qui re\u0301alisea\u0300 travers elle son propre \u2018soin\u2019 par les sons et les vibrations de la harpe etselon ses propres besoins. Apre\u0300s avoir identifie\u0301 le ton de re\u0301sonance en\u00e9coutant la voix parl\u00e9e de la personne, nous avons le point de de\u0301part pourcommencer a\u0300 jouer. Ici l&#039;objectif est de lui offrir sa couleur au maximum, luioffrir un bain sonore dans lequel elle puisse e\u0302tre nourrie et en puiserquelque chose. <\/span><\/p>\n<p><span>Pour cette s\u00e9ance d\u00e9couverte de la harpe enr\u00e9sonance, vous \u00eates invit\u00e9s \u00e0 venir dans une tenue confortable, avec un tapisde yoga pour vous allonger et une couverture pour vous permettre de vousd\u00e9tendre et profitez pleinement de ce moment unique.<\/span><\/p>\n<p><span>Inscription obligatoire par sms. Max 9personnes.<\/span><\/p>\n<p><span>Tarif de base 12\u20ac et de soutien 15\u20ac<\/span><\/p>\n<p><span>Pour infos et r\u00e9servation contactez Genevi\u00e8veau 0478\/69.44.09 ou <\/span><\/p>\n<p><span>par mail \u00e0 <\/span><a href=\"mailto:genovaharpessence@proximus.be\" target=\"_blank\"><span>genovaharpessence@proximus.be<\/span><\/a><\/p>\n<p><span>Pour en savoir plus par rapport \u00e0 la d\u00e9marchede Genevi\u00e8ve, n&#039;h\u00e9sitez pas \u00e0 aller faire un tour sur\u00a0<\/span><a href=\"https:\/\/www.google.com\/url?q=https:\/\/l.facebook.com\/l.php?u%3Dhttp%253A%252F%252Fwww.genovaterra.be%252F%253Ffbclid%253DIwZXh0bgNhZW0CMTAAYnJpZBEwRWczNWtPOUh4NFZUdzNYTQEe9lGBcQ6mxxPhqEIx5KHmwZs6sSjqfs8ibWzu8mO-IEAhQFzENcTs5FtXHP0_aem_iNvtRtOYh6KxDzI8uz5C9w%26h%3DAT17qm3CeZvmjCN-J3TpZXoJzWaGjacgiJpOwf3RcIEHArZmncpM6OxceW-X5riPYTWGtnPeOSdv1OybGwpRo-Fxo3nLNj_skXUsufbA5HFC9GoauCwQt3U8g6dvAIHHtK6t5RpCVCkoDzhZNWAiJqSKjXUVFsD1wSplHg%26__tn__%3Dq%26c%255B0%255D%3DAT0eN_D8BSBY5v21gCJQE5fYWM5aTvab4qUsrOECIwDwR3LIAWkfICNVSS4V-9G_kgbfXwmu_ZZ1_HCKHOLAcP95VgfARePxrfpmUxUxuxfkGR7O82hGNtzpm_JziU_4_ZC0STSdKy90QrbR7fkWClRjDE7uazUMA64&amp;sa=D&amp;source=calendar&amp;usd=2&amp;usg=AOvVaw2aZms7AtXMSRsh6VoPytCr\" target=\"_blank\"><b><span>www.genovaterra.be.<\/span><\/b><\/a><span>\u00a0<\/span><\/p>\n<\/div><\/div>\n<p> <a href=\"https:\/\/www.google.com\/calendar\/event?eid=MGRsMWRxbDFoN2gxbG1pazk5a2Y3YWhya2JfMjAyNjA0MTVUMTczMDAwWiBmMzE3ZDkzYjQwMTcwMTlhMmIzOGY1NmJkYjA1NGVkZWNkMWZiZmQxMWM4N2U2MzhmOWFmNWRlNzgyMjY4NjM1QGc&#038;ctz=Europe\/Brussels\" target=\"_blank\" >See more details<\/a><\/p><\/div>\n\t<\/li>\n<\/ul>\n\n\t\t<span class=\"simcal-events-dots\" style=\"display: none;\"><b style=\"color: #000;\"> &bull; <\/b><b style=\"color: #000;\"> &bull; <\/b><b style=\"color: #000;\"> &bull; <\/b><\/span>\n\t<\/div>\n<\/td>\n<td class=\"simcal-day-16 simcal-weekday-4 simcal-past simcal-day simcal-day-has-events simcal-day-has-3-events simcal-events-calendar-25\" data-events-count=\"3\">\n\t<div>\n\t\t<span class=\"simcal-day-label simcal-day-number\" style=\"background-color: #fdca2b; color: #000000\">16<\/span>\n\t\t<ul class=\"simcal-events\">\t<li class=\"simcal-event simcal-event-recurring simcal-events-calendar-25 simcal-tooltip\" itemscope itemtype=\"http:\/\/schema.org\/Event\">\n\t\t<span class=\"simcal-event-title\" style=\"color:#e0b066\">Math et sciences<br\/> 17:30- 18:30<\/span>\n\t\t<div class=\"simcal-event-details simcal-tooltip-content\" style=\"display: none;\"><p><strong><span class=\"simcal-event-title\" itemprop=\"name\">Math et sciences<\/span><\/strong><\/p>\n<p><span class=\"simcal-event-start simcal-event-start-date\" data-event-start=\"1776353400\" data-event-format=\"j F Y\" itemprop=\"startDate\" content=\"2026-04-16T17:30:00+02:00\">16 avril 2026<\/span>&nbsp;&nbsp;<span class=\"simcal-event-start simcal-event-start-time\" data-event-start=\"1776353400\" data-event-format=\"H:i\" itemprop=\"startDate\" content=\"2026-04-16T17:30:00+02:00\">17:30<\/span> - <span class=\"simcal-event-end simcal-event-end-time\" data-event-end=\"1776357000\" data-event-format=\"H:i\" itemprop=\"endDate\" content=\"2026-04-16T18:30:00+02:00\">18:30<\/span><br \/>\n <span class=\"simcal-event-address simcal-event-start-location\" itemprop=\"location\" itemscope itemtype=\"http:\/\/schema.org\/Place\"><meta itemprop=\"name\" content=\"Math et sciences\" \/><meta itemprop=\"address\" content=\"Math et sciences\" \/><\/span><\/p>\n<div><div class=\"simcal-event-description\" itemprop=\"description\"><span><br>Tu es en secondaire et as des soucis en math, chimie ou physique ? Ou un d\u00e9bordement de curiosit\u00e9 ?<br><br>Viens poser toutes tes questions ! <br><br>Tous les jeudis \u00e0 La Chaumi\u00e8re, Geoffroy ou Daniel seront pr\u00e9sents dans la &quot;P&#039;tite&quot; (pi\u00e8ce au 1er \u00e9tage de La Chaumi\u00e8re) pour r\u00e9pondre \u00e0 vos questions et vous aider.<br><\/span><br>Pour une meilleure organisation, prenez rendez-vous par SMS: Geoffroy 0477 98 07 50 ou Daniel 0486 69 24 25<br><span><br>N&#039;h\u00e9sitez pas \u00e0 relayer ! <\/span><\/div><\/div><\/div>\n\t<\/li>\n\t<li class=\"simcal-event simcal-event-recurring simcal-events-calendar-25 simcal-tooltip\" itemscope itemtype=\"http:\/\/schema.org\/Event\">\n\t\t<span class=\"simcal-event-title\" style=\"color:#e0b066\">Whist<br\/> 18:00- 19:00<\/span>\n\t\t<div class=\"simcal-event-details simcal-tooltip-content\" style=\"display: none;\"><p><strong><span class=\"simcal-event-title\" itemprop=\"name\">Whist<\/span><\/strong><\/p>\n<p><span class=\"simcal-event-start simcal-event-start-date\" data-event-start=\"1776355200\" data-event-format=\"j F Y\" itemprop=\"startDate\" content=\"2026-04-16T18:00:00+02:00\">16 avril 2026<\/span>&nbsp;&nbsp;<span class=\"simcal-event-start simcal-event-start-time\" data-event-start=\"1776355200\" data-event-format=\"H:i\" itemprop=\"startDate\" content=\"2026-04-16T18:00:00+02:00\">18:00<\/span> - <span class=\"simcal-event-end simcal-event-end-time\" data-event-end=\"1776358800\" data-event-format=\"H:i\" itemprop=\"endDate\" content=\"2026-04-16T19:00:00+02:00\">19:00<\/span><br \/>\n <span class=\"simcal-event-address simcal-event-start-location\" itemprop=\"location\" itemscope itemtype=\"http:\/\/schema.org\/Place\"><meta itemprop=\"name\" content=\"Whist\" \/><meta itemprop=\"address\" content=\"Whist\" \/><\/span><\/p>\n<div><div class=\"simcal-event-description\" itemprop=\"description\"><span><span>Joueurs exp\u00e9riment\u00e9s ou novices, rejoignez la table d&#039;amateurs de Whist chaque jeudi d\u00e8s 18h !<\/span><\/span><\/div><\/div><\/div>\n\t<\/li>\n\t<li class=\"simcal-event simcal-event-recurring simcal-events-calendar-25 simcal-tooltip\" itemscope itemtype=\"http:\/\/schema.org\/Event\">\n\t\t<span class=\"simcal-event-title\" style=\"color:#e0b066\">Jeux-di<br\/> 19:00- 21:00<\/span>\n\t\t<div class=\"simcal-event-details simcal-tooltip-content\" style=\"display: none;\"><p><strong><span class=\"simcal-event-title\" itemprop=\"name\">Jeux-di<\/span><\/strong><\/p>\n<p><span class=\"simcal-event-start simcal-event-start-date\" data-event-start=\"1776358800\" data-event-format=\"j F Y\" itemprop=\"startDate\" content=\"2026-04-16T19:00:00+02:00\">16 avril 2026<\/span>&nbsp;&nbsp;<span class=\"simcal-event-start simcal-event-start-time\" data-event-start=\"1776358800\" data-event-format=\"H:i\" itemprop=\"startDate\" content=\"2026-04-16T19:00:00+02:00\">19:00<\/span> - <span class=\"simcal-event-end simcal-event-end-time\" data-event-end=\"1776366000\" data-event-format=\"H:i\" itemprop=\"endDate\" content=\"2026-04-16T21:00:00+02:00\">21:00<\/span><br \/>\n <span class=\"simcal-event-address simcal-event-start-location\" itemprop=\"location\" itemscope itemtype=\"http:\/\/schema.org\/Place\"><meta itemprop=\"name\" content=\"Jeux-di\" \/><meta itemprop=\"address\" content=\"Jeux-di\" \/><\/span><\/p>\n<div><div class=\"simcal-event-description\" itemprop=\"description\"><span><span>Venez nous rejoindre pour jouer \u00e0 des jeux d&#039;ambiance propos\u00e9s tels que Top 10, Dodelido, Dubble, Stay Cool, Set,...<\/span><\/span><br><span><span>\u00a0A choisir avec les personnes pr\u00e9sentes !\u00a0\u00a0\u00a0<\/span><\/span><br><span><span>\u00a0<\/span><\/span><br><span><span>On vous attend nombreux,\u00a0<\/span><\/span><br><span><span>\u00a0<\/span><\/span><br><span><span>Catherine et d&#039;autres joueurs<\/span><\/span><\/div><\/div><\/div>\n\t<\/li>\n<\/ul>\n\n\t\t<span class=\"simcal-events-dots\" style=\"display: none;\"><b style=\"color: #000;\"> &bull; <\/b><b style=\"color: #000;\"> &bull; <\/b><b style=\"color: #000;\"> &bull; <\/b><\/span>\n\t<\/div>\n<\/td>\n<td class=\"simcal-day-17 simcal-weekday-5 simcal-past simcal-day simcal-day-has-events simcal-day-has-1-events simcal-events-calendar-25\" data-events-count=\"1\">\n\t<div>\n\t\t<span class=\"simcal-day-label simcal-day-number\" style=\"background-color: #fdca2b; color: #000000\">17<\/span>\n\t\t<ul class=\"simcal-events\">\t<li class=\"simcal-event simcal-events-calendar-25 simcal-tooltip\" itemscope itemtype=\"http:\/\/schema.org\/Event\">\n\t\t<span class=\"simcal-event-title\" style=\"color:#e0b066\">CONCERT - Harp\u00e9Viento<br\/> 20:00- 22:00<\/span>\n\t\t<div class=\"simcal-event-details simcal-tooltip-content\" style=\"display: none;\"><p><strong><span class=\"simcal-event-title\" itemprop=\"name\">CONCERT - Harp\u00e9Viento<\/span><\/strong><\/p>\n<p><span class=\"simcal-event-start simcal-event-start-date\" data-event-start=\"1776448800\" data-event-format=\"j F Y\" itemprop=\"startDate\" content=\"2026-04-17T20:00:00+02:00\">17 avril 2026<\/span>&nbsp;&nbsp;<span class=\"simcal-event-start simcal-event-start-time\" data-event-start=\"1776448800\" data-event-format=\"H:i\" itemprop=\"startDate\" content=\"2026-04-17T20:00:00+02:00\">20:00<\/span> - <span class=\"simcal-event-end simcal-event-end-time\" data-event-end=\"1776456000\" data-event-format=\"H:i\" itemprop=\"endDate\" content=\"2026-04-17T22:00:00+02:00\">22:00<\/span><br \/>\n <span class=\"simcal-event-address simcal-event-start-location\" itemprop=\"location\" itemscope itemtype=\"http:\/\/schema.org\/Place\"><meta itemprop=\"name\" content=\"CONCERT - Harp\u00e9Viento\" \/><meta itemprop=\"address\" content=\"CONCERT - Harp\u00e9Viento\" \/><\/span><\/p>\n<div><div class=\"simcal-event-description\" itemprop=\"description\"><p><span>Un voyage musical \u00e0 travers l\u2019Europe\u00a0: de l\u2019est \u00e0 l\u2019ouest, du Nord au Sud, du 15e au 21e si\u00e8cle.<\/span><\/p><p><span>Harpes et clarinette, flutes, tambours et percussions, accord\u00e9on, guitare et voix s\u2019y unissent pour une heure de douceur, de partage et de joie au c\u0153ur des chants, des musiques traditionnelles et des musiques anciennes. Sans oublier quelques perles de la chanson fran\u00e7aise.<\/span><\/p><p><span>Harp\u00e9Viento, c\u2019est le souffle des flutes, de la clarinette et de la voix qui s\u2019entrecroise et s\u2019unit avec les vibrations de la harpe, pour traverser le temps et explorer l\u2019univers musical et sonore qui nait de leur rencontre. <\/span><\/p><p><span>C\u2019est une balade dans le charme des musiques traditionnelles et des m\u00e9lodies anciennes, d\u2019ici et d\u2019ailleurs. <\/span><\/p><p><span>C\u2019est se relier aux peuples et aux compositeurs inspirants, dans une \u00e9pop\u00e9e allant du XV<sup>e<\/sup> au XXI<sup>e<\/sup> si\u00e8cle.<br><br><\/span><\/p><p><span><span><\/span><\/span><\/p><p><span>Concert au chapeau, merci de pr\u00e9voir du cash<\/span><\/p><p><span>Bar ouvert d\u00e8s 18h<\/span><\/p><p><\/p><\/div><\/div><\/div>\n\t<\/li>\n<\/ul>\n\n\t\t<span class=\"simcal-events-dots\" style=\"display: none;\"><b style=\"color: #000;\"> &bull; <\/b><\/span>\n\t<\/div>\n<\/td>\n<td class=\"simcal-day-18 simcal-weekday-6 simcal-past simcal-day simcal-day-has-events simcal-day-has-2-events simcal-events-calendar-25 simcal-events-calendar-2587\" data-events-count=\"2\">\n\t<div>\n\t\t<span class=\"simcal-day-label simcal-day-number\" style=\"background-color: #fdca2b; color: #000000\">18<\/span>\n\t\t<ul class=\"simcal-events\">\t<li class=\"simcal-event simcal-events-calendar-25 simcal-tooltip\" itemscope itemtype=\"http:\/\/schema.org\/Event\">\n\t\t<span class=\"simcal-event-title\" style=\"color:#e0b066\">Atelier v\u00e9lo<br\/> 10:00- 12:00<\/span>\n\t\t<div class=\"simcal-event-details simcal-tooltip-content\" style=\"display: none;\"><p><strong><span class=\"simcal-event-title\" itemprop=\"name\">Atelier v\u00e9lo<\/span><\/strong><\/p>\n<p><span class=\"simcal-event-start simcal-event-start-date\" data-event-start=\"1776499200\" data-event-format=\"j F Y\" itemprop=\"startDate\" content=\"2026-04-18T10:00:00+02:00\">18 avril 2026<\/span>&nbsp;&nbsp;<span class=\"simcal-event-start simcal-event-start-time\" data-event-start=\"1776499200\" data-event-format=\"H:i\" itemprop=\"startDate\" content=\"2026-04-18T10:00:00+02:00\">10:00<\/span> - <span class=\"simcal-event-end simcal-event-end-time\" data-event-end=\"1776506400\" data-event-format=\"H:i\" itemprop=\"endDate\" content=\"2026-04-18T12:00:00+02:00\">12:00<\/span><br \/>\n <span class=\"simcal-event-address simcal-event-start-location\" itemprop=\"location\" itemscope itemtype=\"http:\/\/schema.org\/Place\"><meta itemprop=\"name\" content=\"Atelier v\u00e9lo\" \/><meta itemprop=\"address\" content=\"Atelier v\u00e9lo\" \/><\/span><\/p>\n<div><div class=\"simcal-event-description\" itemprop=\"description\">Samedi 18 avril, on entretient et r\u00e9pare nos v\u00e9los ensemble !\n\n3 b\u00e9n\u00e9voles de la Chaumi\u00e8re ont suivi ne formation m\u00e9canique avec Pro-Velo et mettront leurs connaissances en pratique. \n\nIls seront l\u00e0 pour vous aiguiller au besoin \ud83d\udc4c\nOn a des outils sur place, prenez vos \u00e9ventuelles pi\u00e8ces de remplacement si n\u00e9cessaires (ex: chambres \u00e0 air)\n\u00a0\nDonation libre au profit de La Chaumi\u00e8re<\/div><\/div><\/div>\n\t<\/li>\n\t<li class=\"simcal-event simcal-events-calendar-2587 simcal-tooltip\" itemscope itemtype=\"http:\/\/schema.org\/Event\">\n\t\t<span class=\"simcal-event-title\" style=\"color:#448fb7\">Atelier d&#039;\u00e9criture<br\/> 17:00- 19:00<\/span>\n\t\t<div class=\"simcal-event-details simcal-tooltip-content\" style=\"display: none;\"><p><strong><span class=\"simcal-event-title\" itemprop=\"name\">Atelier d&#039;\u00e9criture<\/span><\/strong><\/p>\n<p><span class=\"simcal-event-start simcal-event-start-date\" data-event-start=\"1776524400\" data-event-format=\"j F Y\" itemprop=\"startDate\" content=\"2026-04-18T17:00:00+02:00\">18 avril 2026<\/span>&nbsp;&nbsp;<span class=\"simcal-event-start simcal-event-start-time\" data-event-start=\"1776524400\" data-event-format=\"H:i\" itemprop=\"startDate\" content=\"2026-04-18T17:00:00+02:00\">17:00<\/span> - <span class=\"simcal-event-end simcal-event-end-time\" data-event-end=\"1776531600\" data-event-format=\"H:i\" itemprop=\"endDate\" content=\"2026-04-18T19:00:00+02:00\">19:00<\/span><br \/>\n <span class=\"simcal-event-address simcal-event-start-location\" itemprop=\"location\" itemscope itemtype=\"http:\/\/schema.org\/Place\"><meta itemprop=\"name\" content=\"Atelier d&#039;\u00e9criture\" \/><meta itemprop=\"address\" content=\"Atelier d&#039;\u00e9criture\" \/><\/span><\/p>\n<div><div class=\"simcal-event-description\" itemprop=\"description\"><p>Un atelier ludique et cr\u00e9atif pour prendre confiance en votre \u00e9criture et oser vous lancer.\u00a0<br \/>\nIci, pas de m\u00e9thodes toutes faites: la cl\u00e9 est de commencer, exp\u00e9rimenter et faire confiance \u00e0 son intuition.\u00a0<\/p>\n<p>A travers des exercices oraux et \u00e9crits, chacun.e d\u00e9couvre qu'il est capable d'\u00e9crire, que ce soit pour soi, pour partager ou simplement pour le plaisir.<br \/>\n\u00a0<br \/>\nObjectif: repartir une plume \u00e0 la main ou derri\u00e8re son clavier, avec l'envie d'\u00e9crire encore.\u00a0<br \/>\n\u00a0<br \/>\nL'atelier sera suivi d'un moment de d\u00e9dicaces au cours duquel Gr\u00e9goire vous pr\u00e9sentera deux ouvrages.\u00a0<br \/>\n\u00a0<br \/>\nOuvert pour tout \u00e2ge ! Inscription souhait\u00e9e: info@lachaumiere1325.be<\/p>\n<p>Prenez de quoi \u00e9crire \u270d\ufe0f (Papier, cahier, stylo favori)<br \/>\nPrix libre pour couvrir les charges de la Chaumi\u00e8re<\/p>\n<\/div><\/div>\n<p> <a href=\"https:\/\/www.google.com\/calendar\/event?eid=NzByM2ljcjQ2a29qNmJiNDZwaW1jYjlrYzRxbTRiYjI3NHBqZ2JiMzZzcjMyb2I0Y2NxajJjYjM2YyBmMzE3ZDkzYjQwMTcwMTlhMmIzOGY1NmJkYjA1NGVkZWNkMWZiZmQxMWM4N2U2MzhmOWFmNWRlNzgyMjY4NjM1QGc&#038;ctz=Europe\/Brussels\" target=\"_blank\" >See more details<\/a><\/p><\/div>\n\t<\/li>\n<\/ul>\n\n\t\t<span class=\"simcal-events-dots\" style=\"display: none;\"><b style=\"color: #000;\"> &bull; <\/b><b style=\"color: #000;\"> &bull; <\/b><\/span>\n\t<\/div>\n<\/td>\n<td class=\"simcal-day-19 simcal-weekday-0 simcal-past simcal-day\" data-events-count=\"0\">\n\t<div>\n\t\t<span class=\"simcal-day-label simcal-day-number\">19<\/span>\n\t\t<span class=\"simcal-no-events\"><\/span>\n\t\t<span class=\"simcal-events-dots\" style=\"display: none;\"><\/span>\n\t<\/div>\n<\/td>\n<\/tr><tr class=\"simcal-week simcal-week-16\">\n<td class=\"simcal-day-20 simcal-weekday-1 simcal-past simcal-day simcal-day-has-events simcal-day-has-3-events simcal-events-calendar-2587\" data-events-count=\"3\">\n\t<div>\n\t\t<span class=\"simcal-day-label simcal-day-number\" style=\"background-color: #fdca2b; color: #000000\">20<\/span>\n\t\t<ul class=\"simcal-events\">\t<li class=\"simcal-event simcal-event-recurring simcal-events-calendar-2587 simcal-tooltip\" itemscope itemtype=\"http:\/\/schema.org\/Event\">\n\t\t<span class=\"simcal-event-title\" style=\"color:#448fb7\">Journ\u00e9e co-working<br\/> 08:45- 17:45<\/span>\n\t\t<div class=\"simcal-event-details simcal-tooltip-content\" style=\"display: none;\"><p><strong><span class=\"simcal-event-title\" itemprop=\"name\">Journ\u00e9e co-working<\/span><\/strong><\/p>\n<p><span class=\"simcal-event-start simcal-event-start-date\" data-event-start=\"1776667500\" data-event-format=\"j F Y\" itemprop=\"startDate\" content=\"2026-04-20T08:45:00+02:00\">20 avril 2026<\/span>&nbsp;&nbsp;<span class=\"simcal-event-start simcal-event-start-time\" data-event-start=\"1776667500\" data-event-format=\"H:i\" itemprop=\"startDate\" content=\"2026-04-20T08:45:00+02:00\">08:45<\/span> - <span class=\"simcal-event-end simcal-event-end-time\" data-event-end=\"1776699900\" data-event-format=\"H:i\" itemprop=\"endDate\" content=\"2026-04-20T17:45:00+02:00\">17:45<\/span><br \/>\n <span class=\"simcal-event-address simcal-event-start-location\" itemprop=\"location\" itemscope itemtype=\"http:\/\/schema.org\/Place\"><meta itemprop=\"name\" content=\"Journ\u00e9e co-working\" \/><meta itemprop=\"address\" content=\"Journ\u00e9e co-working\" \/><\/span><\/p>\n<div><div class=\"simcal-event-description\" itemprop=\"description\"><p>Bienvenu.e.s les lundis \u00e0 La Chaumi\u00e8re pour co-worker ! <\/p>\n<p>- Acc\u00e8s internet et bar (boissons chaudes, softs)<br \/>- Ouvert tous les lundis de 8h45 \u00e0 18h - Dans le Foyer chauff\u00e9, avec possibilit\u00e9 de monter aux \u00e9tages pour des appels ou r\u00e9unions (chauff\u00e9 que sur demande)<br \/>- 5\u20ac\/jour ou 3\u20ac\/demi-jour avec une boisson &lt;2\u20ac inclue<br \/>- Pour le moment, ouvert \u00e0 la communaut\u00e9 et bouche \u00e0 oreilles (b\u00e9n\u00e9voles, personnes qui connaissent La Chaumi\u00e8re) <br \/>- Inscription via pouce lev\u00e9 sur le message envoy\u00e9 le vdd dans un groupe whatsapp<\/p>\n<p>Plus d&#039;infos:<br \/><a href=\"https:\/\/www.google.com\/url?q=https:\/\/docs.google.com\/document\/d\/1yiGqLh9imhYYEF-htvz4J_7xR4XKzq6JmkDqPxDPunA\/edit?usp%3Dsharing&amp;sa=D&amp;source=calendar&amp;usd=2&amp;usg=AOvVaw2f-l8EMkNZE5-7PDWS-HUL\" target=\"_blank\">https:\/\/docs.google.com\/document\/d\/1yiGqLh9imhYYEF-htvz4J_7xR4XKzq6JmkDqPxDPunA\/edit?usp=sharing<\/a><\/p>\n<\/div><\/div>\n<p> <a href=\"https:\/\/www.google.com\/calendar\/event?eid=NXY5ZWdidGJjNW5uYWg1bnZrdmQ0ODk0bXJfMjAyNjA0MjBUMDY0NTAwWiBmMzE3ZDkzYjQwMTcwMTlhMmIzOGY1NmJkYjA1NGVkZWNkMWZiZmQxMWM4N2U2MzhmOWFmNWRlNzgyMjY4NjM1QGc&#038;ctz=Europe\/Brussels\" target=\"_blank\" >See more details<\/a><\/p><\/div>\n\t<\/li>\n\t<li class=\"simcal-event simcal-event-recurring simcal-events-calendar-2587 simcal-tooltip\" itemscope itemtype=\"http:\/\/schema.org\/Event\">\n\t\t<span class=\"simcal-event-title\" style=\"color:#448fb7\">Yoga avec Marie-Astrid<br\/> 17:30- 20:30<\/span>\n\t\t<div class=\"simcal-event-details simcal-tooltip-content\" style=\"display: none;\"><p><strong><span class=\"simcal-event-title\" itemprop=\"name\">Yoga avec Marie-Astrid<\/span><\/strong><\/p>\n<p><span class=\"simcal-event-start simcal-event-start-date\" data-event-start=\"1776699000\" data-event-format=\"j F Y\" itemprop=\"startDate\" content=\"2026-04-20T17:30:00+02:00\">20 avril 2026<\/span>&nbsp;&nbsp;<span class=\"simcal-event-start simcal-event-start-time\" data-event-start=\"1776699000\" data-event-format=\"H:i\" itemprop=\"startDate\" content=\"2026-04-20T17:30:00+02:00\">17:30<\/span> - <span class=\"simcal-event-end simcal-event-end-time\" data-event-end=\"1776709800\" data-event-format=\"H:i\" itemprop=\"endDate\" content=\"2026-04-20T20:30:00+02:00\">20:30<\/span><br \/>\n <span class=\"simcal-event-address simcal-event-start-location\" itemprop=\"location\" itemscope itemtype=\"http:\/\/schema.org\/Place\"><meta itemprop=\"name\" content=\"Yoga avec Marie-Astrid\" \/><meta itemprop=\"address\" content=\"Yoga avec Marie-Astrid\" \/><\/span><\/p>\n<div><div class=\"simcal-event-description\" itemprop=\"description\"><p><span><span><span>Je vous propose des s\u00e9ances d&#039;Hatha Yoga. J&#039;aime animer les s\u00e9ances avec l\u00e9g\u00e8ret\u00e9, cr\u00e9ativit\u00e9 et int\u00e9riorit\u00e9. J&#039;invite votre corps \u00e0 voyager vers l&#039;unit\u00e9 et le sacr\u00e9. <\/p>\n<p>Ma formation  d&#039;infirmi\u00e8re m&#039;a offert un regard plus attentif \u00e0 votre corps et ses limites. Je suis form\u00e9e et donne des soins en r\u00e9flexologie plantaire ce qui compl\u00e8te mes connaissances de ce fabuleux et ing\u00e9nieux corps que nous habitons.  <br \/>Enfin, j&#039;ai choisi de me former au Hatha Yoga pour compl\u00e9ter mon approche et relier corps, esprit et \u00e2me. <\/p>\n<p>Au plaisir de vous rencontrer <span>\ud83c\udf1f<\/span><br \/><span><\/span><br \/><span>Marie-Astrid<\/span><\/span><\/span><\/span><br \/><span><span><span><span>\u00a0<\/span><\/span><\/span><\/span><br \/><span><span><span><span><b>Deux cours: de 17h30 \u00e0 18h45 ou de 19h \u00e0 20h15.<\/b><\/span><\/span><\/span><\/span><br \/><span><span><span><b>\u00a0<\/b><br \/><b>Pour infos, tarif et r\u00e9servations: Marie-Astrid 0476 56 36 66<\/b><br \/>\u00a0<br \/><span>\ud83c\udf1f<\/span>Notre corps est notre temple, prenons en soin !<span>\ud83c\udf1f<\/span><\/span><\/span><\/span><\/p>\n<\/div><\/div>\n<p> <a href=\"https:\/\/www.google.com\/calendar\/event?eid=NDl0YXFhaG91djQ3bjQyM2xia3Q0M3NjdmNfMjAyNjA0MjBUMTUzMDAwWiBmMzE3ZDkzYjQwMTcwMTlhMmIzOGY1NmJkYjA1NGVkZWNkMWZiZmQxMWM4N2U2MzhmOWFmNWRlNzgyMjY4NjM1QGc&#038;ctz=Europe\/Brussels\" target=\"_blank\" >See more details<\/a><\/p><\/div>\n\t<\/li>\n\t<li class=\"simcal-event simcal-events-calendar-2587 simcal-tooltip\" itemscope itemtype=\"http:\/\/schema.org\/Event\">\n\t\t<span class=\"simcal-event-title\" style=\"color:#448fb7\">\u2728 Soir\u00e9e Mantras \u2728<br\/> 20:45- 21:45<\/span>\n\t\t<div class=\"simcal-event-details simcal-tooltip-content\" style=\"display: none;\"><p><strong><span class=\"simcal-event-title\" itemprop=\"name\">\u2728 Soir\u00e9e Mantras \u2728<\/span><\/strong><\/p>\n<p><span class=\"simcal-event-start simcal-event-start-date\" data-event-start=\"1776710700\" data-event-format=\"j F Y\" itemprop=\"startDate\" content=\"2026-04-20T20:45:00+02:00\">20 avril 2026<\/span>&nbsp;&nbsp;<span class=\"simcal-event-start simcal-event-start-time\" data-event-start=\"1776710700\" data-event-format=\"H:i\" itemprop=\"startDate\" content=\"2026-04-20T20:45:00+02:00\">20:45<\/span> - <span class=\"simcal-event-end simcal-event-end-time\" data-event-end=\"1776714300\" data-event-format=\"H:i\" itemprop=\"endDate\" content=\"2026-04-20T21:45:00+02:00\">21:45<\/span><br \/>\n <span class=\"simcal-event-address simcal-event-start-location\" itemprop=\"location\" itemscope itemtype=\"http:\/\/schema.org\/Place\"><meta itemprop=\"name\" content=\"\u2728 Soir\u00e9e Mantras \u2728\" \/><meta itemprop=\"address\" content=\"\u2728 Soir\u00e9e Mantras \u2728\" \/><\/span><\/p>\n<div><div class=\"simcal-event-description\" itemprop=\"description\"><p>Une soir\u00e9e de mantras ouverte \u00e0 toutes et tous, sans pr\u00e9requis musical.<br \/>\nUn moment de chant m\u00e9ditatif, de pr\u00e9sence et de partage dans une ambiance bienveillante.<br \/>\nLes mantras sont r\u00e9p\u00e9t\u00e9s simplement, soutenus par des instruments doux.<br \/>\nL\u2019intention est le ressenti, la d\u00e9tente et la connexion int\u00e9rieure.<\/p>\n<p>\ud83d\udccd \u00c0 la Chaumi\u00e8re \u2013 2 rue Corroy, 1325 Chaumont-Gistoux<br \/>\n\ud83c\udf3f Accueil d\u00e8s 20h30<br \/>\n\ud83c\udfb6 1 heure de chants de mantras, dans une ambiance douce, simple et m\u00e9ditative<br \/>\n\ud83e\uddd8\u200d\u2640\ufe0f Aucune exp\u00e9rience musicale n\u00e9cessaire<br \/>\n\ud83d\udc9b Prix libre<\/p>\n<p>\u270d\ufe0f Inscription par mail pitsaer.philippine@gmail.com ou par SMS au +32 474 28 05 63<\/p>\n<p>Un moment de pr\u00e9sence, de chant et de partage\u2026<br \/>\nAu plaisir de vous y retrouver \u2728<\/p>\n<p>Philyou<\/p>\n<\/div><\/div>\n<p> <a href=\"https:\/\/www.google.com\/calendar\/event?eid=M3Y0djVuNWtsYzhuZTF0bm0wZnRvZ25pbTkgZjMxN2Q5M2I0MDE3MDE5YTJiMzhmNTZiZGIwNTRlZGVjZDFmYmZkMTFjODdlNjM4ZjlhZjVkZTc4MjI2ODYzNUBn&#038;ctz=Europe\/Brussels\" target=\"_blank\" >See more details<\/a><\/p><\/div>\n\t<\/li>\n<\/ul>\n\n\t\t<span class=\"simcal-events-dots\" style=\"display: none;\"><b style=\"color: #000;\"> &bull; <\/b><b style=\"color: #000;\"> &bull; <\/b><b style=\"color: #000;\"> &bull; <\/b><\/span>\n\t<\/div>\n<\/td>\n<td class=\"simcal-day-21 simcal-weekday-2 simcal-past simcal-day simcal-day-has-events simcal-day-has-1-events simcal-events-calendar-2587\" data-events-count=\"1\">\n\t<div>\n\t\t<span class=\"simcal-day-label simcal-day-number\" style=\"background-color: #fdca2b; color: #000000\">21<\/span>\n\t\t<ul class=\"simcal-events\">\t<li class=\"simcal-event simcal-event-recurring simcal-events-calendar-2587 simcal-tooltip\" itemscope itemtype=\"http:\/\/schema.org\/Event\">\n\t\t<span class=\"simcal-event-title\" style=\"color:#448fb7\">Bridge<br\/> 14:00- 16:30<\/span>\n\t\t<div class=\"simcal-event-details simcal-tooltip-content\" style=\"display: none;\"><p><strong><span class=\"simcal-event-title\" itemprop=\"name\">Bridge<\/span><\/strong><\/p>\n<p><span class=\"simcal-event-start simcal-event-start-date\" data-event-start=\"1776772800\" data-event-format=\"j F Y\" itemprop=\"startDate\" content=\"2026-04-21T14:00:00+02:00\">21 avril 2026<\/span>&nbsp;&nbsp;<span class=\"simcal-event-start simcal-event-start-time\" data-event-start=\"1776772800\" data-event-format=\"H:i\" itemprop=\"startDate\" content=\"2026-04-21T14:00:00+02:00\">14:00<\/span> - <span class=\"simcal-event-end simcal-event-end-time\" data-event-end=\"1776781800\" data-event-format=\"H:i\" itemprop=\"endDate\" content=\"2026-04-21T16:30:00+02:00\">16:30<\/span><br \/>\n <span class=\"simcal-event-address simcal-event-start-location\" itemprop=\"location\" itemscope itemtype=\"http:\/\/schema.org\/Place\"><meta itemprop=\"name\" content=\"Bridge\" \/><meta itemprop=\"address\" content=\"Bridge\" \/><\/span><\/p>\n<div><div class=\"simcal-event-description\" itemprop=\"description\"><p><span><b>Qu\u2019il est agr\u00e9able de jouer aux cartes !<\/b> Cela fait travailler nos m\u00e9ninges et nous rapproche tous \ud83d\ude0a<\/p>\n<p><\/span><span>Un mini-tournoi de bridge ouvert \u00e0 tous: d\u00e9butants ou exp\u00e9riment\u00e9s, deux tables diff\u00e9rentes seront cr\u00e9es. Pierre sera l\u00e0 pour accompagner les d\u00e9butants.<\/span><br \/><span>\u00a0<\/span><br \/><span><b>Prix libre<\/b> pour couvrir les charges de La Chaumi\u00e8re. Merci de pr\u00e9voir du cash.<\/span><br \/><span>\u00a0<\/span><span><br \/><\/span><span><b>Inscription souhait\u00e9e:<\/b> <a href=\"mailto:pierre.semal@uclouvain.be\" target=\"_blank\">pierre.semal@uclouvain.be<\/a><\/span><\/p>\n<\/div><\/div>\n<p> <a href=\"https:\/\/www.google.com\/calendar\/event?eid=NTNzaTNxb2g4bXYxaGdpYTk3OGViMGtxNmNfMjAyNjA0MjFUMTIwMDAwWiBmMzE3ZDkzYjQwMTcwMTlhMmIzOGY1NmJkYjA1NGVkZWNkMWZiZmQxMWM4N2U2MzhmOWFmNWRlNzgyMjY4NjM1QGc&#038;ctz=Europe\/Brussels\" target=\"_blank\" >See more details<\/a><\/p><\/div>\n\t<\/li>\n<\/ul>\n\n\t\t<span class=\"simcal-events-dots\" style=\"display: none;\"><b style=\"color: #000;\"> &bull; <\/b><\/span>\n\t<\/div>\n<\/td>\n<td class=\"simcal-day-22 simcal-weekday-3 simcal-past simcal-day simcal-day-has-events simcal-day-has-2-events simcal-events-calendar-2587\" data-events-count=\"2\">\n\t<div>\n\t\t<span class=\"simcal-day-label simcal-day-number\" style=\"background-color: #fdca2b; color: #000000\">22<\/span>\n\t\t<ul class=\"simcal-events\">\t<li class=\"simcal-event simcal-event-recurring simcal-events-calendar-2587 simcal-tooltip\" itemscope itemtype=\"http:\/\/schema.org\/Event\">\n\t\t<span class=\"simcal-event-title\" style=\"color:#448fb7\">Yin Yoga avec Anne<br\/> 09:30- 10:45<\/span>\n\t\t<div class=\"simcal-event-details simcal-tooltip-content\" style=\"display: none;\"><p><strong><span class=\"simcal-event-title\" itemprop=\"name\">Yin Yoga avec Anne<\/span><\/strong><\/p>\n<p><span class=\"simcal-event-start simcal-event-start-date\" data-event-start=\"1776843000\" data-event-format=\"j F Y\" itemprop=\"startDate\" content=\"2026-04-22T09:30:00+02:00\">22 avril 2026<\/span>&nbsp;&nbsp;<span class=\"simcal-event-start simcal-event-start-time\" data-event-start=\"1776843000\" data-event-format=\"H:i\" itemprop=\"startDate\" content=\"2026-04-22T09:30:00+02:00\">09:30<\/span> - <span class=\"simcal-event-end simcal-event-end-time\" data-event-end=\"1776847500\" data-event-format=\"H:i\" itemprop=\"endDate\" content=\"2026-04-22T10:45:00+02:00\">10:45<\/span><br \/>\n <span class=\"simcal-event-address simcal-event-start-location\" itemprop=\"location\" itemscope itemtype=\"http:\/\/schema.org\/Place\"><meta itemprop=\"name\" content=\"Yin Yoga avec Anne\" \/><meta itemprop=\"address\" content=\"Yin Yoga avec Anne\" \/><\/span><\/p>\n<div><div class=\"simcal-event-description\" itemprop=\"description\"><p><span>Anne vous invite \u00e0 d\u00e9couvrir le Yin Yoga et vous guide \u00e0 chaque s\u00e9ance avec expertise et bienveillance. Le Yin Yoga apaise en profondeur par des poses prolong\u00e9es, lib\u00e9rant les tensions, le stress par une relaxation totale. Au plaisir de partager cette exp\u00e9rience avec vous.<\/span><\/p>\n<p><span>Quand: Le mercredi matin de 9h30 \u00e0 10h45 sur inscription. N\u2019h\u00e9sitez pas \u00e0 me contacter pour toutes demandes d\u2019informations au 0485 47 51 45 ou par mail <a href=\"mailto:anne@akashanyoga.be\" target=\"_blank\">anne@akashanyoga.be<\/a><\/span><\/p>\n<p><span>Pour en savoir plus visitez mon site <a href=\"https:\/\/www.google.com\/url?q=http:\/\/www.akashanyoga.be&amp;sa=D&amp;source=calendar&amp;usd=2&amp;usg=AOvVaw2W-WrwapDJcohjL2Rfdp7c\" target=\"_blank\">www.akashanyoga.be<\/a><\/span><\/p>\n<\/div><\/div>\n<p> <a href=\"https:\/\/www.google.com\/calendar\/event?eid=NDRlcDF0cjM5Y3UyY3VncDQ1bmRlZW1nY3NfMjAyNjA0MjJUMDczMDAwWiBmMzE3ZDkzYjQwMTcwMTlhMmIzOGY1NmJkYjA1NGVkZWNkMWZiZmQxMWM4N2U2MzhmOWFmNWRlNzgyMjY4NjM1QGc&#038;ctz=Europe\/Brussels\" target=\"_blank\" >See more details<\/a><\/p><\/div>\n\t<\/li>\n\t<li class=\"simcal-event simcal-event-recurring simcal-events-calendar-2587 simcal-tooltip\" itemscope itemtype=\"http:\/\/schema.org\/Event\">\n\t\t<span class=\"simcal-event-title\" style=\"color:#448fb7\">P\u00e9tanque<br\/> 17:00- 18:00<\/span>\n\t\t<div class=\"simcal-event-details simcal-tooltip-content\" style=\"display: none;\"><p><strong><span class=\"simcal-event-title\" itemprop=\"name\">P\u00e9tanque<\/span><\/strong><\/p>\n<p><span class=\"simcal-event-start simcal-event-start-date\" data-event-start=\"1776870000\" data-event-format=\"j F Y\" itemprop=\"startDate\" content=\"2026-04-22T17:00:00+02:00\">22 avril 2026<\/span>&nbsp;&nbsp;<span class=\"simcal-event-start simcal-event-start-time\" data-event-start=\"1776870000\" data-event-format=\"H:i\" itemprop=\"startDate\" content=\"2026-04-22T17:00:00+02:00\">17:00<\/span> - <span class=\"simcal-event-end simcal-event-end-time\" data-event-end=\"1776873600\" data-event-format=\"H:i\" itemprop=\"endDate\" content=\"2026-04-22T18:00:00+02:00\">18:00<\/span><br \/>\n <span class=\"simcal-event-address simcal-event-start-location\" itemprop=\"location\" itemscope itemtype=\"http:\/\/schema.org\/Place\"><meta itemprop=\"name\" content=\"P\u00e9tanque\" \/><meta itemprop=\"address\" content=\"P\u00e9tanque\" \/><\/span><\/p>\n<div><div class=\"simcal-event-description\" itemprop=\"description\"><p>Tu tires ou tu pointes ?\u00a0<\/p>\n<p>Un boulodrome et des passionn\u00e9s t'attendent, bienvenue quel que soit ton niveau.\u00a0<\/p>\n<p>Boules et cochonnet sur place.<\/p>\n<p>Participation libre (minimum conseill\u00e9: 2\u20ac\/joueur)<\/p>\n<\/div><\/div>\n<p> <a href=\"https:\/\/www.google.com\/calendar\/event?eid=MXNlZzljMmU0cDEzYmxkcGNmbm5rNWd2MDdfMjAyNjA0MjJUMTUwMDAwWiBmMzE3ZDkzYjQwMTcwMTlhMmIzOGY1NmJkYjA1NGVkZWNkMWZiZmQxMWM4N2U2MzhmOWFmNWRlNzgyMjY4NjM1QGc&#038;ctz=Europe\/Brussels\" target=\"_blank\" >See more details<\/a><\/p><\/div>\n\t<\/li>\n<\/ul>\n\n\t\t<span class=\"simcal-events-dots\" style=\"display: none;\"><b style=\"color: #000;\"> &bull; <\/b><b style=\"color: #000;\"> &bull; <\/b><\/span>\n\t<\/div>\n<\/td>\n<td class=\"simcal-day-23 simcal-weekday-4 simcal-past simcal-day simcal-day-has-events simcal-day-has-4-events simcal-events-calendar-2587 simcal-events-calendar-25\" data-events-count=\"4\">\n\t<div>\n\t\t<span class=\"simcal-day-label simcal-day-number\" style=\"background-color: #fdca2b; color: #000000\">23<\/span>\n\t\t<ul class=\"simcal-events\">\t<li class=\"simcal-event simcal-event-recurring simcal-events-calendar-2587 simcal-tooltip\" itemscope itemtype=\"http:\/\/schema.org\/Event\">\n\t\t<span class=\"simcal-event-title\" style=\"color:#448fb7\">Chau&#039;dron Partag\u00e9<br\/> 11:00- 14:00<\/span>\n\t\t<div class=\"simcal-event-details simcal-tooltip-content\" style=\"display: none;\"><p><strong><span class=\"simcal-event-title\" itemprop=\"name\">Chau&#039;dron Partag\u00e9<\/span><\/strong><\/p>\n<p><span class=\"simcal-event-start simcal-event-start-date\" data-event-start=\"1776934800\" data-event-format=\"j F Y\" itemprop=\"startDate\" content=\"2026-04-23T11:00:00+02:00\">23 avril 2026<\/span>&nbsp;&nbsp;<span class=\"simcal-event-start simcal-event-start-time\" data-event-start=\"1776934800\" data-event-format=\"H:i\" itemprop=\"startDate\" content=\"2026-04-23T11:00:00+02:00\">11:00<\/span> - <span class=\"simcal-event-end simcal-event-end-time\" data-event-end=\"1776945600\" data-event-format=\"H:i\" itemprop=\"endDate\" content=\"2026-04-23T14:00:00+02:00\">14:00<\/span><br \/>\n <span class=\"simcal-event-address simcal-event-start-location\" itemprop=\"location\" itemscope itemtype=\"http:\/\/schema.org\/Place\"><meta itemprop=\"name\" content=\"Chau&#039;dron Partag\u00e9\" \/><meta itemprop=\"address\" content=\"Chau&#039;dron Partag\u00e9\" \/><\/span><\/p>\n<div><div class=\"simcal-event-description\" itemprop=\"description\"><p>Entre nous, pas de salades ! Venez vous m\u00ealer de vos\u00a0oignons, m\u00eame si vous n'avez pas un radis \ud83d\ude09<\/p>\n<p>11h: Venez cuisiner la soupe ensemble, sur base de produits locaux re\u00e7us.\u00a0<br \/>\n12h30: Bon app\u00e9tit !<\/p>\n<p>Prix libre, pas d'inscription n\u00e9cessaire.<\/p>\n<p>Plus d'informations ou premier contact ? Sybille 0485 08 34 38\u00a0<br \/>\n\u00a0<\/p>\n<p>\u00a0<\/p>\n<\/div><\/div>\n<p> <a href=\"https:\/\/www.google.com\/calendar\/event?eid=ZDc0MXIzNXUyaHZuN2g2dmhvcWp1ZTRjbWtfMjAyNjA0MjNUMDkwMDAwWiBmMzE3ZDkzYjQwMTcwMTlhMmIzOGY1NmJkYjA1NGVkZWNkMWZiZmQxMWM4N2U2MzhmOWFmNWRlNzgyMjY4NjM1QGc&#038;ctz=Europe\/Brussels\" target=\"_blank\" >See more details<\/a><\/p><\/div>\n\t<\/li>\n\t<li class=\"simcal-event simcal-event-recurring simcal-events-calendar-25 simcal-tooltip\" itemscope itemtype=\"http:\/\/schema.org\/Event\">\n\t\t<span class=\"simcal-event-title\" style=\"color:#e0b066\">Math et sciences<br\/> 17:30- 18:30<\/span>\n\t\t<div class=\"simcal-event-details simcal-tooltip-content\" style=\"display: none;\"><p><strong><span class=\"simcal-event-title\" itemprop=\"name\">Math et sciences<\/span><\/strong><\/p>\n<p><span class=\"simcal-event-start simcal-event-start-date\" data-event-start=\"1776958200\" data-event-format=\"j F Y\" itemprop=\"startDate\" content=\"2026-04-23T17:30:00+02:00\">23 avril 2026<\/span>&nbsp;&nbsp;<span class=\"simcal-event-start simcal-event-start-time\" data-event-start=\"1776958200\" data-event-format=\"H:i\" itemprop=\"startDate\" content=\"2026-04-23T17:30:00+02:00\">17:30<\/span> - <span class=\"simcal-event-end simcal-event-end-time\" data-event-end=\"1776961800\" data-event-format=\"H:i\" itemprop=\"endDate\" content=\"2026-04-23T18:30:00+02:00\">18:30<\/span><br \/>\n <span class=\"simcal-event-address simcal-event-start-location\" itemprop=\"location\" itemscope itemtype=\"http:\/\/schema.org\/Place\"><meta itemprop=\"name\" content=\"Math et sciences\" \/><meta itemprop=\"address\" content=\"Math et sciences\" \/><\/span><\/p>\n<div><div class=\"simcal-event-description\" itemprop=\"description\"><span><br>Tu es en secondaire et as des soucis en math, chimie ou physique ? Ou un d\u00e9bordement de curiosit\u00e9 ?<br><br>Viens poser toutes tes questions ! <br><br>Tous les jeudis \u00e0 La Chaumi\u00e8re, Geoffroy ou Daniel seront pr\u00e9sents dans la &quot;P&#039;tite&quot; (pi\u00e8ce au 1er \u00e9tage de La Chaumi\u00e8re) pour r\u00e9pondre \u00e0 vos questions et vous aider.<br><\/span><br>Pour une meilleure organisation, prenez rendez-vous par SMS: Geoffroy 0477 98 07 50 ou Daniel 0486 69 24 25<br><span><br>N&#039;h\u00e9sitez pas \u00e0 relayer ! <\/span><\/div><\/div><\/div>\n\t<\/li>\n\t<li class=\"simcal-event simcal-event-recurring simcal-events-calendar-25 simcal-tooltip\" itemscope itemtype=\"http:\/\/schema.org\/Event\">\n\t\t<span class=\"simcal-event-title\" style=\"color:#e0b066\">Whist<br\/> 18:00- 19:00<\/span>\n\t\t<div class=\"simcal-event-details simcal-tooltip-content\" style=\"display: none;\"><p><strong><span class=\"simcal-event-title\" itemprop=\"name\">Whist<\/span><\/strong><\/p>\n<p><span class=\"simcal-event-start simcal-event-start-date\" data-event-start=\"1776960000\" data-event-format=\"j F Y\" itemprop=\"startDate\" content=\"2026-04-23T18:00:00+02:00\">23 avril 2026<\/span>&nbsp;&nbsp;<span class=\"simcal-event-start simcal-event-start-time\" data-event-start=\"1776960000\" data-event-format=\"H:i\" itemprop=\"startDate\" content=\"2026-04-23T18:00:00+02:00\">18:00<\/span> - <span class=\"simcal-event-end simcal-event-end-time\" data-event-end=\"1776963600\" data-event-format=\"H:i\" itemprop=\"endDate\" content=\"2026-04-23T19:00:00+02:00\">19:00<\/span><br \/>\n <span class=\"simcal-event-address simcal-event-start-location\" itemprop=\"location\" itemscope itemtype=\"http:\/\/schema.org\/Place\"><meta itemprop=\"name\" content=\"Whist\" \/><meta itemprop=\"address\" content=\"Whist\" \/><\/span><\/p>\n<div><div class=\"simcal-event-description\" itemprop=\"description\"><span><span>Joueurs exp\u00e9riment\u00e9s ou novices, rejoignez la table d&#039;amateurs de Whist chaque jeudi d\u00e8s 18h !<\/span><\/span><\/div><\/div><\/div>\n\t<\/li>\n\t<li class=\"simcal-event simcal-event-recurring simcal-events-calendar-2587 simcal-tooltip\" itemscope itemtype=\"http:\/\/schema.org\/Event\">\n\t\t<span class=\"simcal-event-title\" style=\"color:#448fb7\">Chorale<br\/> 18:45- 20:00<\/span>\n\t\t<div class=\"simcal-event-details simcal-tooltip-content\" style=\"display: none;\"><p><strong><span class=\"simcal-event-title\" itemprop=\"name\">Chorale<\/span><\/strong><\/p>\n<p><span class=\"simcal-event-start simcal-event-start-date\" data-event-start=\"1776962700\" data-event-format=\"j F Y\" itemprop=\"startDate\" content=\"2026-04-23T18:45:00+02:00\">23 avril 2026<\/span>&nbsp;&nbsp;<span class=\"simcal-event-start simcal-event-start-time\" data-event-start=\"1776962700\" data-event-format=\"H:i\" itemprop=\"startDate\" content=\"2026-04-23T18:45:00+02:00\">18:45<\/span> - <span class=\"simcal-event-end simcal-event-end-time\" data-event-end=\"1776967200\" data-event-format=\"H:i\" itemprop=\"endDate\" content=\"2026-04-23T20:00:00+02:00\">20:00<\/span><br \/>\n <span class=\"simcal-event-address simcal-event-start-location\" itemprop=\"location\" itemscope itemtype=\"http:\/\/schema.org\/Place\"><meta itemprop=\"name\" content=\"Chorale\" \/><meta itemprop=\"address\" content=\"Chorale\" \/><\/span><\/p>\n<div><div class=\"simcal-event-description\" itemprop=\"description\"><p>Aux voix de nos contr\u00e9es Chaumontoises qui ont l\u2019envie de se r\u00e9unir pour vibrer ensemble en chansons sur un r\u00e9pertoire \u00ab militant et engag\u00e9\u00bb de musique du monde\u00a0<span>\ud83c\udfb6<\/span>\u00a0<span>\ud83c\udf0d<\/span><br \/>Les 2\u00e8 et 4\u00e8 jeudis du mois de 18h45 \u00e0 20h dans la salle \u00ab C\u00f4t\u00e9 Rue\u00bb au 1er\u00e9tage.<\/p>\n<p>Avec la volont\u00e9 d\u2019une certaine implication par ses membres notamment pour proposer des chants pour la chorale suivante (et viser ainsi l\u2019auto-gestion).<\/p>\n<p>Pas d\u2019inscription: entr\u00e9e libre et une participation d\u20191 euro par chorale pour l&#039;occupation de l&#039;espace (\u00e0 apporter le jour m\u00eame en esp\u00e8ces).<\/p>\n<p>Envie de nous rejoindre?<\/p>\n<p>Au plaisir de se retrouver pour chanter ensemble,<\/p>\n<p>Laura et Chlo\u00e9<\/p>\n<\/div><\/div>\n<p> <a href=\"https:\/\/www.google.com\/calendar\/event?eid=MjNuZmM4NXVpc3MzcjM5NGk4cHUwYjhkZWlfMjAyNjA0MjNUMTY0NTAwWiBmMzE3ZDkzYjQwMTcwMTlhMmIzOGY1NmJkYjA1NGVkZWNkMWZiZmQxMWM4N2U2MzhmOWFmNWRlNzgyMjY4NjM1QGc&#038;ctz=Europe\/Brussels\" target=\"_blank\" >See more details<\/a><\/p><\/div>\n\t<\/li>\n<\/ul>\n\n\t\t<span class=\"simcal-events-dots\" style=\"display: none;\"><b style=\"color: #000;\"> &bull; <\/b><b style=\"color: #000;\"> &bull; <\/b><b style=\"color: #000;\"> &bull; <\/b><b style=\"color: #000;\"> &bull; <\/b><\/span>\n\t<\/div>\n<\/td>\n<td class=\"simcal-day-24 simcal-weekday-5 simcal-past simcal-day simcal-day-has-events simcal-day-has-2-events simcal-events-calendar-2587 simcal-events-calendar-25\" data-events-count=\"2\">\n\t<div>\n\t\t<span class=\"simcal-day-label simcal-day-number\" style=\"background-color: #fdca2b; color: #000000\">24<\/span>\n\t\t<ul class=\"simcal-events\">\t<li class=\"simcal-event simcal-event-recurring simcal-events-calendar-2587 simcal-tooltip\" itemscope itemtype=\"http:\/\/schema.org\/Event\">\n\t\t<span class=\"simcal-event-title\" style=\"color:#448fb7\">P\u00e9tanque<br\/> 17:00- 18:00<\/span>\n\t\t<div class=\"simcal-event-details simcal-tooltip-content\" style=\"display: none;\"><p><strong><span class=\"simcal-event-title\" itemprop=\"name\">P\u00e9tanque<\/span><\/strong><\/p>\n<p><span class=\"simcal-event-start simcal-event-start-date\" data-event-start=\"1777042800\" data-event-format=\"j F Y\" itemprop=\"startDate\" content=\"2026-04-24T17:00:00+02:00\">24 avril 2026<\/span>&nbsp;&nbsp;<span class=\"simcal-event-start simcal-event-start-time\" data-event-start=\"1777042800\" data-event-format=\"H:i\" itemprop=\"startDate\" content=\"2026-04-24T17:00:00+02:00\">17:00<\/span> - <span class=\"simcal-event-end simcal-event-end-time\" data-event-end=\"1777046400\" data-event-format=\"H:i\" itemprop=\"endDate\" content=\"2026-04-24T18:00:00+02:00\">18:00<\/span><br \/>\n <span class=\"simcal-event-address simcal-event-start-location\" itemprop=\"location\" itemscope itemtype=\"http:\/\/schema.org\/Place\"><meta itemprop=\"name\" content=\"P\u00e9tanque\" \/><meta itemprop=\"address\" content=\"P\u00e9tanque\" \/><\/span><\/p>\n<div><div class=\"simcal-event-description\" itemprop=\"description\"><p>Tu tires ou tu pointes ?\u00a0<\/p>\n<p>Un boulodrome et des passionn\u00e9s t&#039;attendent, bienvenue quel que soit ton niveau.\u00a0<\/p>\n<p>Boules et cochonnet sur place.<\/p>\n<p>Participation libre (minimum conseill\u00e9: 2\u20ac\/joueur)<\/p>\n<\/div><\/div>\n<p> <a href=\"https:\/\/www.google.com\/calendar\/event?eid=MjgzMTg2aWw1dmJubDlpMm43amc0MHZ1YTJfMjAyNjA0MjRUMTUwMDAwWiBmMzE3ZDkzYjQwMTcwMTlhMmIzOGY1NmJkYjA1NGVkZWNkMWZiZmQxMWM4N2U2MzhmOWFmNWRlNzgyMjY4NjM1QGc&#038;ctz=Europe\/Brussels\" target=\"_blank\" >See more details<\/a><\/p><\/div>\n\t<\/li>\n\t<li class=\"simcal-event simcal-event-recurring simcal-events-calendar-25 simcal-tooltip\" itemscope itemtype=\"http:\/\/schema.org\/Event\">\n\t\t<span class=\"simcal-event-title\" style=\"color:#e0b066\">Jeu-D\u00e9couvre : Les aventuriers du Rail<br\/> 19:30- 21:30<\/span>\n\t\t<div class=\"simcal-event-details simcal-tooltip-content\" style=\"display: none;\"><p><strong><span class=\"simcal-event-title\" itemprop=\"name\">Jeu-D\u00e9couvre : Les aventuriers du Rail<\/span><\/strong><\/p>\n<p><span class=\"simcal-event-start simcal-event-start-date\" data-event-start=\"1777051800\" data-event-format=\"j F Y\" itemprop=\"startDate\" content=\"2026-04-24T19:30:00+02:00\">24 avril 2026<\/span>&nbsp;&nbsp;<span class=\"simcal-event-start simcal-event-start-time\" data-event-start=\"1777051800\" data-event-format=\"H:i\" itemprop=\"startDate\" content=\"2026-04-24T19:30:00+02:00\">19:30<\/span> - <span class=\"simcal-event-end simcal-event-end-time\" data-event-end=\"1777059000\" data-event-format=\"H:i\" itemprop=\"endDate\" content=\"2026-04-24T21:30:00+02:00\">21:30<\/span><br \/>\n <span class=\"simcal-event-address simcal-event-start-location\" itemprop=\"location\" itemscope itemtype=\"http:\/\/schema.org\/Place\"><meta itemprop=\"name\" content=\"Jeu-D\u00e9couvre : Les aventuriers du Rail\" \/><meta itemprop=\"address\" content=\"Jeu-D\u00e9couvre : Les aventuriers du Rail\" \/><\/span><\/p>\n<div><div class=\"simcal-event-description\" itemprop=\"description\"><span><span>Un vendredi par mois venez (re)d\u00e9couvrir un jeu avec Gilles.\u00a0<\/span><\/span><br>\u00a0<br>Les Aventuriers du Rail vous invite \u00e0 bord d\u2019une aventure ferroviaire dans laquelle vous collectionnez des wagons pour prendre le contr\u00f4le de chemins de fer reliant diff\u00e9rentes villes. <br><b><br>Inscription souhait\u00e9e:\u00a0\u00a0<a href=\"mailto:gillespetein@gmail.com\" target=\"_blank\">gillespetein@gmail.com<\/a><\/b><\/div><\/div><\/div>\n\t<\/li>\n<\/ul>\n\n\t\t<span class=\"simcal-events-dots\" style=\"display: none;\"><b style=\"color: #000;\"> &bull; <\/b><b style=\"color: #000;\"> &bull; <\/b><\/span>\n\t<\/div>\n<\/td>\n<td class=\"simcal-day-25 simcal-weekday-6 simcal-past simcal-day\" data-events-count=\"0\">\n\t<div>\n\t\t<span class=\"simcal-day-label simcal-day-number\">25<\/span>\n\t\t<span class=\"simcal-no-events\"><\/span>\n\t\t<span class=\"simcal-events-dots\" style=\"display: none;\"><\/span>\n\t<\/div>\n<\/td>\n<td class=\"simcal-day-26 simcal-weekday-0 simcal-past simcal-day simcal-day-has-events simcal-day-has-1-events simcal-events-calendar-2587\" data-events-count=\"1\">\n\t<div>\n\t\t<span class=\"simcal-day-label simcal-day-number\" style=\"background-color: #fdca2b; color: #000000\">26<\/span>\n\t\t<ul class=\"simcal-events\">\t<li class=\"simcal-event simcal-events-calendar-2587 simcal-tooltip\" itemscope itemtype=\"http:\/\/schema.org\/Event\">\n\t\t<span class=\"simcal-event-title\" style=\"color:#448fb7\">Promenade - Plantes sauvages comestibles<br\/> 09:00- 12:00<\/span>\n\t\t<div class=\"simcal-event-details simcal-tooltip-content\" style=\"display: none;\"><p><strong><span class=\"simcal-event-title\" itemprop=\"name\">Promenade - Plantes sauvages comestibles<\/span><\/strong><\/p>\n<p><span class=\"simcal-event-start simcal-event-start-date\" data-event-start=\"1777186800\" data-event-format=\"j F Y\" itemprop=\"startDate\" content=\"2026-04-26T09:00:00+02:00\">26 avril 2026<\/span>&nbsp;&nbsp;<span class=\"simcal-event-start simcal-event-start-time\" data-event-start=\"1777186800\" data-event-format=\"H:i\" itemprop=\"startDate\" content=\"2026-04-26T09:00:00+02:00\">09:00<\/span> - <span class=\"simcal-event-end simcal-event-end-time\" data-event-end=\"1777197600\" data-event-format=\"H:i\" itemprop=\"endDate\" content=\"2026-04-26T12:00:00+02:00\">12:00<\/span><br \/>\n <span class=\"simcal-event-address simcal-event-start-location\" itemprop=\"location\" itemscope itemtype=\"http:\/\/schema.org\/Place\"><meta itemprop=\"name\" content=\"Promenade - Plantes sauvages comestibles\" \/><meta itemprop=\"address\" content=\"Promenade - Plantes sauvages comestibles\" \/><\/span><\/p>\n<div><div class=\"simcal-event-description\" itemprop=\"description\"><p><span>La nature regorge de p\u00e9pites !<br \/>Souvent, par m\u00e9connaissance ou par peur nous n'osons pas faire le pas, le pas de les introduire dans notre alimentation. Pourtant, elles regorgent de nutriments et d'oligo-\u00e9l\u00e9ments, souvent en plus grande quantit\u00e9 que les l\u00e9gumes et les fruits de nos \u00e9tals.<br \/>Le dimanche matin, nous irons \u00e0 la cueillette de plantes et nous partagerons ensuite une collation champ\u00eatre.<\/p>\n<p>Rdv \u00e0 la Chaumi\u00e8re \u00e0 9h.<br \/>Prix: plancher 10\u20ac, soutien: 15\u20ac<br \/>\u00a0<b>Inscription n\u00e9cessaire<\/b> par mail avant le 23 avril: <a href=\"mailto:celine.fesler@gmail.com\" target=\"_blank\">celine.fesler@gmail.com<\/a>\u00a0<\/span><\/p>\n<\/div><\/div>\n<p> <a href=\"https:\/\/www.google.com\/calendar\/event?eid=N2UzMnA5anFha25zdGkxNXA4OHE2Zmhmb3QgZjMxN2Q5M2I0MDE3MDE5YTJiMzhmNTZiZGIwNTRlZGVjZDFmYmZkMTFjODdlNjM4ZjlhZjVkZTc4MjI2ODYzNUBn&#038;ctz=Europe\/Brussels\" target=\"_blank\" >See more details<\/a><\/p><\/div>\n\t<\/li>\n<\/ul>\n\n\t\t<span class=\"simcal-events-dots\" style=\"display: none;\"><b style=\"color: #000;\"> &bull; <\/b><\/span>\n\t<\/div>\n<\/td>\n<\/tr><tr class=\"simcal-week simcal-week-17\">\n<td class=\"simcal-day-27 simcal-weekday-1 simcal-past simcal-day\" data-events-count=\"0\">\n\t<div>\n\t\t<span class=\"simcal-day-label simcal-day-number\">27<\/span>\n\t\t<span class=\"simcal-no-events\"><\/span>\n\t\t<span class=\"simcal-events-dots\" style=\"display: none;\"><\/span>\n\t<\/div>\n<\/td>\n<td class=\"simcal-day-28 simcal-weekday-2 simcal-past simcal-day simcal-day-has-events simcal-day-has-1-events simcal-events-calendar-2587\" data-events-count=\"1\">\n\t<div>\n\t\t<span class=\"simcal-day-label simcal-day-number\" style=\"background-color: #fdca2b; color: #000000\">28<\/span>\n\t\t<ul class=\"simcal-events\">\t<li class=\"simcal-event simcal-event-recurring simcal-events-calendar-2587 simcal-tooltip\" itemscope itemtype=\"http:\/\/schema.org\/Event\">\n\t\t<span class=\"simcal-event-title\" style=\"color:#448fb7\">Bridge<br\/> 14:00- 16:30<\/span>\n\t\t<div class=\"simcal-event-details simcal-tooltip-content\" style=\"display: none;\"><p><strong><span class=\"simcal-event-title\" itemprop=\"name\">Bridge<\/span><\/strong><\/p>\n<p><span class=\"simcal-event-start simcal-event-start-date\" data-event-start=\"1777377600\" data-event-format=\"j F Y\" itemprop=\"startDate\" content=\"2026-04-28T14:00:00+02:00\">28 avril 2026<\/span>&nbsp;&nbsp;<span class=\"simcal-event-start simcal-event-start-time\" data-event-start=\"1777377600\" data-event-format=\"H:i\" itemprop=\"startDate\" content=\"2026-04-28T14:00:00+02:00\">14:00<\/span> - <span class=\"simcal-event-end simcal-event-end-time\" data-event-end=\"1777386600\" data-event-format=\"H:i\" itemprop=\"endDate\" content=\"2026-04-28T16:30:00+02:00\">16:30<\/span><br \/>\n <span class=\"simcal-event-address simcal-event-start-location\" itemprop=\"location\" itemscope itemtype=\"http:\/\/schema.org\/Place\"><meta itemprop=\"name\" content=\"Bridge\" \/><meta itemprop=\"address\" content=\"Bridge\" \/><\/span><\/p>\n<div><div class=\"simcal-event-description\" itemprop=\"description\"><p><span><b>Qu\u2019il est agr\u00e9able de jouer aux cartes !<\/b> Cela fait travailler nos m\u00e9ninges et nous rapproche tous \ud83d\ude0a<\/p>\n<p><\/span><span>Un mini-tournoi de bridge ouvert \u00e0 tous: d\u00e9butants ou exp\u00e9riment\u00e9s, deux tables diff\u00e9rentes seront cr\u00e9es. Pierre sera l\u00e0 pour accompagner les d\u00e9butants.<\/span><br \/><span>\u00a0<\/span><br \/><span><b>Prix libre<\/b> pour couvrir les charges de La Chaumi\u00e8re. Merci de pr\u00e9voir du cash.<\/span><br \/><span>\u00a0<\/span><span><br \/><\/span><span><b>Inscription souhait\u00e9e:<\/b> <a href=\"mailto:pierre.semal@uclouvain.be\" target=\"_blank\">pierre.semal@uclouvain.be<\/a><\/span><\/p>\n<\/div><\/div>\n<p> <a href=\"https:\/\/www.google.com\/calendar\/event?eid=NTNzaTNxb2g4bXYxaGdpYTk3OGViMGtxNmNfMjAyNjA0MjhUMTIwMDAwWiBmMzE3ZDkzYjQwMTcwMTlhMmIzOGY1NmJkYjA1NGVkZWNkMWZiZmQxMWM4N2U2MzhmOWFmNWRlNzgyMjY4NjM1QGc&#038;ctz=Europe\/Brussels\" target=\"_blank\" >See more details<\/a><\/p><\/div>\n\t<\/li>\n<\/ul>\n\n\t\t<span class=\"simcal-events-dots\" style=\"display: none;\"><b style=\"color: #000;\"> &bull; <\/b><\/span>\n\t<\/div>\n<\/td>\n<td class=\"simcal-day-29 simcal-weekday-3 simcal-past simcal-day simcal-day-has-events simcal-day-has-3-events simcal-events-calendar-2587 simcal-events-calendar-25\" data-events-count=\"3\">\n\t<div>\n\t\t<span class=\"simcal-day-label simcal-day-number\" style=\"background-color: #fdca2b; color: #000000\">29<\/span>\n\t\t<ul class=\"simcal-events\">\t<li class=\"simcal-event simcal-event-recurring simcal-events-calendar-2587 simcal-tooltip\" itemscope itemtype=\"http:\/\/schema.org\/Event\">\n\t\t<span class=\"simcal-event-title\" style=\"color:#448fb7\">Yin Yoga avec Anne<br\/> 09:30- 10:45<\/span>\n\t\t<div class=\"simcal-event-details simcal-tooltip-content\" style=\"display: none;\"><p><strong><span class=\"simcal-event-title\" itemprop=\"name\">Yin Yoga avec Anne<\/span><\/strong><\/p>\n<p><span class=\"simcal-event-start simcal-event-start-date\" data-event-start=\"1777447800\" data-event-format=\"j F Y\" itemprop=\"startDate\" content=\"2026-04-29T09:30:00+02:00\">29 avril 2026<\/span>&nbsp;&nbsp;<span class=\"simcal-event-start simcal-event-start-time\" data-event-start=\"1777447800\" data-event-format=\"H:i\" itemprop=\"startDate\" content=\"2026-04-29T09:30:00+02:00\">09:30<\/span> - <span class=\"simcal-event-end simcal-event-end-time\" data-event-end=\"1777452300\" data-event-format=\"H:i\" itemprop=\"endDate\" content=\"2026-04-29T10:45:00+02:00\">10:45<\/span><br \/>\n <span class=\"simcal-event-address simcal-event-start-location\" itemprop=\"location\" itemscope itemtype=\"http:\/\/schema.org\/Place\"><meta itemprop=\"name\" content=\"Yin Yoga avec Anne\" \/><meta itemprop=\"address\" content=\"Yin Yoga avec Anne\" \/><\/span><\/p>\n<div><div class=\"simcal-event-description\" itemprop=\"description\"><p><span>Anne vous invite \u00e0 d\u00e9couvrir le Yin Yoga et vous guide \u00e0 chaque s\u00e9ance avec expertise et bienveillance. Le Yin Yoga apaise en profondeur par des poses prolong\u00e9es, lib\u00e9rant les tensions, le stress par une relaxation totale. Au plaisir de partager cette exp\u00e9rience avec vous.<\/span><\/p>\n<p><span>Quand: Le mercredi matin de 9h30 \u00e0 10h45 sur inscription. N\u2019h\u00e9sitez pas \u00e0 me contacter pour toutes demandes d\u2019informations au 0485 47 51 45 ou par mail <a href=\"mailto:anne@akashanyoga.be\" target=\"_blank\">anne@akashanyoga.be<\/a><\/span><\/p>\n<p><span>Pour en savoir plus visitez mon site <a href=\"https:\/\/www.google.com\/url?q=http:\/\/www.akashanyoga.be&amp;sa=D&amp;source=calendar&amp;usd=2&amp;usg=AOvVaw2W-WrwapDJcohjL2Rfdp7c\" target=\"_blank\">www.akashanyoga.be<\/a><\/span><\/p>\n<\/div><\/div>\n<p> <a href=\"https:\/\/www.google.com\/calendar\/event?eid=NDRlcDF0cjM5Y3UyY3VncDQ1bmRlZW1nY3NfMjAyNjA0MjlUMDczMDAwWiBmMzE3ZDkzYjQwMTcwMTlhMmIzOGY1NmJkYjA1NGVkZWNkMWZiZmQxMWM4N2U2MzhmOWFmNWRlNzgyMjY4NjM1QGc&#038;ctz=Europe\/Brussels\" target=\"_blank\" >See more details<\/a><\/p><\/div>\n\t<\/li>\n\t<li class=\"simcal-event simcal-events-calendar-25 simcal-tooltip\" itemscope itemtype=\"http:\/\/schema.org\/Event\">\n\t\t<span class=\"simcal-event-title\" style=\"color:#e0b066\">Fermeture du caf\u00e9 ce mercredi 29<br\/> 15:00- 17:30<\/span>\n\t\t<div class=\"simcal-event-details simcal-tooltip-content\" style=\"display: none;\"><p><strong><span class=\"simcal-event-title\" itemprop=\"name\">Fermeture du caf\u00e9 ce mercredi 29<\/span><\/strong><\/p>\n<p><span class=\"simcal-event-start simcal-event-start-date\" data-event-start=\"1777467600\" data-event-format=\"j F Y\" itemprop=\"startDate\" content=\"2026-04-29T15:00:00+02:00\">29 avril 2026<\/span>&nbsp;&nbsp;<span class=\"simcal-event-start simcal-event-start-time\" data-event-start=\"1777467600\" data-event-format=\"H:i\" itemprop=\"startDate\" content=\"2026-04-29T15:00:00+02:00\">15:00<\/span> - <span class=\"simcal-event-end simcal-event-end-time\" data-event-end=\"1777476600\" data-event-format=\"H:i\" itemprop=\"endDate\" content=\"2026-04-29T17:30:00+02:00\">17:30<\/span><br \/>\n <span class=\"simcal-event-address simcal-event-start-location\" itemprop=\"location\" itemscope itemtype=\"http:\/\/schema.org\/Place\"><meta itemprop=\"name\" content=\"Fermeture du caf\u00e9 ce mercredi 29\" \/><meta itemprop=\"address\" content=\"Fermeture du caf\u00e9 ce mercredi 29\" \/><\/span><\/p>\n<div><\/div><\/div>\n\t<\/li>\n\t<li class=\"simcal-event simcal-event-recurring simcal-events-calendar-2587 simcal-tooltip\" itemscope itemtype=\"http:\/\/schema.org\/Event\">\n\t\t<span class=\"simcal-event-title\" style=\"color:#448fb7\">P\u00e9tanque<br\/> 17:00- 19:00<\/span>\n\t\t<div class=\"simcal-event-details simcal-tooltip-content\" style=\"display: none;\"><p><strong><span class=\"simcal-event-title\" itemprop=\"name\">P\u00e9tanque<\/span><\/strong><\/p>\n<p><span class=\"simcal-event-start simcal-event-start-date\" data-event-start=\"1777474800\" data-event-format=\"j F Y\" itemprop=\"startDate\" content=\"2026-04-29T17:00:00+02:00\">29 avril 2026<\/span>&nbsp;&nbsp;<span class=\"simcal-event-start simcal-event-start-time\" data-event-start=\"1777474800\" data-event-format=\"H:i\" itemprop=\"startDate\" content=\"2026-04-29T17:00:00+02:00\">17:00<\/span> - <span class=\"simcal-event-end simcal-event-end-time\" data-event-end=\"1777482000\" data-event-format=\"H:i\" itemprop=\"endDate\" content=\"2026-04-29T19:00:00+02:00\">19:00<\/span><br \/>\n <span class=\"simcal-event-address simcal-event-start-location\" itemprop=\"location\" itemscope itemtype=\"http:\/\/schema.org\/Place\"><meta itemprop=\"name\" content=\"P\u00e9tanque\" \/><meta itemprop=\"address\" content=\"P\u00e9tanque\" \/><\/span><\/p>\n<div><div class=\"simcal-event-description\" itemprop=\"description\"><p>Tu tires ou tu pointes ?\u00a0<\/p>\n<p>Un boulodrome et des passionn\u00e9s t'attendent, bienvenue quel que soit ton niveau.\u00a0<\/p>\n<p>Boules et cochonnet sur place.<\/p>\n<p>Participation libre (minimum conseill\u00e9: 2\u20ac\/joueur)<\/p>\n<\/div><\/div>\n<p> <a href=\"https:\/\/www.google.com\/calendar\/event?eid=MXNlZzljMmU0cDEzYmxkcGNmbm5rNWd2MDdfMjAyNjA0MjlUMTUwMDAwWiBmMzE3ZDkzYjQwMTcwMTlhMmIzOGY1NmJkYjA1NGVkZWNkMWZiZmQxMWM4N2U2MzhmOWFmNWRlNzgyMjY4NjM1QGc&#038;ctz=Europe\/Brussels\" target=\"_blank\" >See more details<\/a><\/p><\/div>\n\t<\/li>\n<\/ul>\n\n\t\t<span class=\"simcal-events-dots\" style=\"display: none;\"><b style=\"color: #000;\"> &bull; <\/b><b style=\"color: #000;\"> &bull; <\/b><b style=\"color: #000;\"> &bull; <\/b><\/span>\n\t<\/div>\n<\/td>\n<td class=\"simcal-day-30 simcal-weekday-4 simcal-today simcal-present simcal-day simcal-today-has-events simcal-day-has-events simcal-day-has-2-events simcal-events-calendar-25\" data-events-count=\"2\">\n\t<div style=\"border: 1px solid #7d6721;\">\n\t\t<span class=\"simcal-day-label simcal-day-number\" style=\"background-color: #7d6721; color: #ffffff\">30<\/span>\n\t\t<ul class=\"simcal-events\">\t<li class=\"simcal-event simcal-event-recurring simcal-events-calendar-25 simcal-tooltip\" itemscope itemtype=\"http:\/\/schema.org\/Event\">\n\t\t<span class=\"simcal-event-title\" style=\"color:#e0b066\">Math et sciences<br\/> 17:30- 18:30<\/span>\n\t\t<div class=\"simcal-event-details simcal-tooltip-content\" style=\"display: none;\"><p><strong><span class=\"simcal-event-title\" itemprop=\"name\">Math et sciences<\/span><\/strong><\/p>\n<p><span class=\"simcal-event-start simcal-event-start-date\" data-event-start=\"1777563000\" data-event-format=\"j F Y\" itemprop=\"startDate\" content=\"2026-04-30T17:30:00+02:00\">30 avril 2026<\/span>&nbsp;&nbsp;<span class=\"simcal-event-start simcal-event-start-time\" data-event-start=\"1777563000\" data-event-format=\"H:i\" itemprop=\"startDate\" content=\"2026-04-30T17:30:00+02:00\">17:30<\/span> - <span class=\"simcal-event-end simcal-event-end-time\" data-event-end=\"1777566600\" data-event-format=\"H:i\" itemprop=\"endDate\" content=\"2026-04-30T18:30:00+02:00\">18:30<\/span><br \/>\n <span class=\"simcal-event-address simcal-event-start-location\" itemprop=\"location\" itemscope itemtype=\"http:\/\/schema.org\/Place\"><meta itemprop=\"name\" content=\"Math et sciences\" \/><meta itemprop=\"address\" content=\"Math et sciences\" \/><\/span><\/p>\n<div><div class=\"simcal-event-description\" itemprop=\"description\"><span><br>Tu es en secondaire et as des soucis en math, chimie ou physique ? Ou un d\u00e9bordement de curiosit\u00e9 ?<br><br>Viens poser toutes tes questions ! <br><br>Tous les jeudis \u00e0 La Chaumi\u00e8re, Geoffroy ou Daniel seront pr\u00e9sents dans la &quot;P&#039;tite&quot; (pi\u00e8ce au 1er \u00e9tage de La Chaumi\u00e8re) pour r\u00e9pondre \u00e0 vos questions et vous aider.<br><\/span><br>Pour une meilleure organisation, prenez rendez-vous par SMS: Geoffroy 0477 98 07 50 ou Daniel 0486 69 24 25<br><span><br>N&#039;h\u00e9sitez pas \u00e0 relayer ! <\/span><\/div><\/div><\/div>\n\t<\/li>\n\t<li class=\"simcal-event simcal-event-recurring simcal-events-calendar-25 simcal-tooltip\" itemscope itemtype=\"http:\/\/schema.org\/Event\">\n\t\t<span class=\"simcal-event-title\" style=\"color:#e0b066\">Whist<br\/> 18:00- 19:00<\/span>\n\t\t<div class=\"simcal-event-details simcal-tooltip-content\" style=\"display: none;\"><p><strong><span class=\"simcal-event-title\" itemprop=\"name\">Whist<\/span><\/strong><\/p>\n<p><span class=\"simcal-event-start simcal-event-start-date\" data-event-start=\"1777564800\" data-event-format=\"j F Y\" itemprop=\"startDate\" content=\"2026-04-30T18:00:00+02:00\">30 avril 2026<\/span>&nbsp;&nbsp;<span class=\"simcal-event-start simcal-event-start-time\" data-event-start=\"1777564800\" data-event-format=\"H:i\" itemprop=\"startDate\" content=\"2026-04-30T18:00:00+02:00\">18:00<\/span> - <span class=\"simcal-event-end simcal-event-end-time\" data-event-end=\"1777568400\" data-event-format=\"H:i\" itemprop=\"endDate\" content=\"2026-04-30T19:00:00+02:00\">19:00<\/span><br \/>\n <span class=\"simcal-event-address simcal-event-start-location\" itemprop=\"location\" itemscope itemtype=\"http:\/\/schema.org\/Place\"><meta itemprop=\"name\" content=\"Whist\" \/><meta itemprop=\"address\" content=\"Whist\" \/><\/span><\/p>\n<div><div class=\"simcal-event-description\" itemprop=\"description\"><span><span>Joueurs exp\u00e9riment\u00e9s ou novices, rejoignez la table d&#039;amateurs de Whist chaque jeudi d\u00e8s 18h !<\/span><\/span><\/div><\/div><\/div>\n\t<\/li>\n<\/ul>\n\n\t\t<span class=\"simcal-events-dots\" style=\"display: none;\"><b style=\"color: #000;\"> &bull; <\/b><b style=\"color: #000;\"> &bull; <\/b><\/span>\n\t<\/div>\n<\/td>\n<td class=\"simcal-day simcal-day-void \"><\/td>\n<td class=\"simcal-day simcal-day-void \"><\/td>\n<td class=\"simcal-day simcal-day-void simcal-day-void-last\"><\/td>\n\t<\/tr>\n<\/tbody>\n\n            <\/table>\n\n\t\t\t<div class=\"simcal-ajax-loader simcal-spinner-top\" style=\"display: none;\"><i class=\"simcal-icon-spinner simcal-icon-spin\"><\/i><\/div><\/div>[\/vc_column_text][\/vc_column][\/vc_row]<\/p>\n<\/div>","protected":false},"excerpt":{"rendered":"<p>[vc_row][vc_column][vc_column_text]C&rsquo;est ici que tout se passe ! Vous trouverez ci-dessous toutes les activit\u00e9s d\u00e9j\u00e0 planifi\u00e9es \u00e0 notre belle Chaumi\u00e8re! Les diff\u00e9rentes activit\u00e9s sont r\u00e9parties selon 3 cat\u00e9gories: En noir :&#8230;<\/p>\n","protected":false},"author":1,"featured_media":0,"parent":0,"menu_order":0,"comment_status":"closed","ping_status":"closed","template":"","meta":{"_monsterinsights_skip_tracking":false,"_monsterinsights_sitenote_active":false,"_monsterinsights_sitenote_note":"","_monsterinsights_sitenote_category":0,"footnotes":""},"class_list":["post-27","page","type-page","status-publish","hentry"],"aioseo_notices":[],"_links":{"self":[{"href":"https:\/\/concept-tree.com\/chaumiere\/wp-json\/wp\/v2\/pages\/27","targetHints":{"allow":["GET"]}}],"collection":[{"href":"https:\/\/concept-tree.com\/chaumiere\/wp-json\/wp\/v2\/pages"}],"about":[{"href":"https:\/\/concept-tree.com\/chaumiere\/wp-json\/wp\/v2\/types\/page"}],"author":[{"embeddable":true,"href":"https:\/\/concept-tree.com\/chaumiere\/wp-json\/wp\/v2\/users\/1"}],"replies":[{"embeddable":true,"href":"https:\/\/concept-tree.com\/chaumiere\/wp-json\/wp\/v2\/comments?post=27"}],"version-history":[{"count":16,"href":"https:\/\/concept-tree.com\/chaumiere\/wp-json\/wp\/v2\/pages\/27\/revisions"}],"predecessor-version":[{"id":2641,"href":"https:\/\/concept-tree.com\/chaumiere\/wp-json\/wp\/v2\/pages\/27\/revisions\/2641"}],"wp:attachment":[{"href":"https:\/\/concept-tree.com\/chaumiere\/wp-json\/wp\/v2\/media?parent=27"}],"curies":[{"name":"wp","href":"https:\/\/api.w.org\/{rel}","templated":true}]}}